{"id":27060,"date":"2024-04-04T16:32:30","date_gmt":"2024-04-04T14:32:30","guid":{"rendered":"https:\/\/www.foretdesainthubert-tourisme.be\/speziell-fuer-kids\/"},"modified":"2026-02-23T15:52:18","modified_gmt":"2026-02-23T14:52:18","slug":"speziell-fuer-kids","status":"publish","type":"page","link":"https:\/\/www.foretdesainthubert-tourisme.be\/de\/speziell-fuer-kids\/","title":{"rendered":"Speziell f\u00fcr &#8222;Kids&#8220;"},"content":{"rendered":"\t\t<div data-elementor-type=\"wp-page\" data-elementor-id=\"27060\" class=\"elementor elementor-27060 elementor-26489\" data-elementor-post-type=\"page\">\n\t\t\t\t\t\t<section class=\"elementor-section elementor-top-section elementor-element elementor-element-22ed1a32 elementor-section-full_width elementor-section-height-default elementor-section-height-default\" data-id=\"22ed1a32\" data-element_type=\"section\" data-e-type=\"section\" data-settings=\"{&quot;background_background&quot;:&quot;classic&quot;}\">\n\t\t\t\t\t\t\t<div class=\"elementor-background-overlay\"><\/div>\n\t\t\t\t\t\t\t<div class=\"elementor-container elementor-column-gap-default\">\n\t\t\t\t\t<div class=\"elementor-column elementor-col-100 elementor-top-column elementor-element elementor-element-4d453056\" data-id=\"4d453056\" data-element_type=\"column\" data-e-type=\"column\">\n\t\t\t<div class=\"elementor-widget-wrap elementor-element-populated\">\n\t\t\t\t\t\t<div class=\"elementor-element elementor-element-837ac34 elementor-widget elementor-widget-heading\" data-id=\"837ac34\" data-element_type=\"widget\" data-e-type=\"widget\" data-widget_type=\"heading.default\">\n\t\t\t\t\t<h1 class=\"elementor-heading-title elementor-size-default\">Speziell f\u00fcr \"Kids\"<\/h1>\t\t\t\t<\/div>\n\t\t\t\t\t<\/div>\n\t\t<\/div>\n\t\t\t\t\t<\/div>\n\t\t<\/section>\n\t\t\t\t<section class=\"elementor-section elementor-top-section elementor-element elementor-element-a73016e elementor-section-boxed elementor-section-height-default elementor-section-height-default\" data-id=\"a73016e\" data-element_type=\"section\" data-e-type=\"section\">\n\t\t\t\t\t\t<div class=\"elementor-container elementor-column-gap-default\">\n\t\t\t\t\t<div class=\"elementor-column elementor-col-50 elementor-top-column elementor-element elementor-element-a84de2e\" data-id=\"a84de2e\" data-element_type=\"column\" data-e-type=\"column\">\n\t\t\t<div class=\"elementor-widget-wrap elementor-element-populated\">\n\t\t\t\t\t\t<div class=\"elementor-element elementor-element-f96329d elementor-cta--layout-image-left elementor-cta--skin-classic elementor-animated-content elementor-bg-transform elementor-bg-transform-zoom-in elementor-widget elementor-widget-call-to-action\" data-id=\"f96329d\" data-element_type=\"widget\" data-e-type=\"widget\" data-widget_type=\"call-to-action.default\">\n\t\t\t\t\t\t\t<a class=\"elementor-cta\" href=\"https:\/\/www.foretdesainthubert-tourisme.be\/wp-content\/uploads\/2024\/03\/NOVARDENNE_COLORIAGE-v3.pdf\">\n\t\t\t\t\t<div class=\"elementor-cta__bg-wrapper\">\n\t\t\t\t<div class=\"elementor-cta__bg elementor-bg\" style=\"background-image: url(https:\/\/www.foretdesainthubert-tourisme.be\/wp-content\/uploads\/2024\/03\/cerfute.jpg);\" role=\"img\" aria-label=\"cerfute\"><\/div>\n\t\t\t\t<div class=\"elementor-cta__bg-overlay\"><\/div>\n\t\t\t<\/div>\n\t\t\t\t\t\t\t<div class=\"elementor-cta__content\">\n\t\t\t\t\n\t\t\t\t\t\t\t\t\t<h2 class=\"elementor-cta__title elementor-cta__content-item elementor-content-item\">\n\t\t\t\t\t\tle cer'f\u00fbt\u00e9\t\t\t\t\t<\/h2>\n\t\t\t\t\n\t\t\t\t\t\t\t\t\t<div class=\"elementor-cta__description elementor-cta__content-item elementor-content-item\">\n\t\t\t\t\t\t<p>Place du March\u00e9 15, 6870 Saint-Hubert<\/p>\n<p>Besuchen Sie uns im Maison du Tourisme und beantragen Sie Ihren \"Cer'f\u00fbt\u00e9\".<\/p>\n<p>Der Cer'f\u00fbt\u00e9? Das ist ein Rucksack f\u00fcr die J\u00fcngsten, der zahlreiche Ideen f\u00fcr die Erkundung des Waldes von Saint-Hubert mit der ganzen Familie enth\u00e4lt!<\/p>\n<p>(1 Rucksack pro Familie geschenkt)<\/p>\n\t\t\t\t\t<\/div>\n\t\t\t\t\n\t\t\t\t\t\t\t\t\t<div class=\"elementor-cta__button-wrapper elementor-cta__content-item elementor-content-item \">\n\t\t\t\t\t<span class=\"elementor-cta__button elementor-button elementor-size-\">\n\t\t\t\t\t\tAusmalbilder herunterladen\t\t\t\t\t<\/span>\n\t\t\t\t\t<\/div>\n\t\t\t\t\t\t\t<\/div>\n\t\t\t\t\t\t<\/a>\n\t\t\t\t\t\t<\/div>\n\t\t\t\t<div class=\"elementor-element elementor-element-5bd518e elementor-cta--layout-image-above elementor-cta--skin-classic elementor-animated-content elementor-bg-transform elementor-bg-transform-zoom-in elementor-widget elementor-widget-call-to-action\" data-id=\"5bd518e\" data-element_type=\"widget\" data-e-type=\"widget\" data-widget_type=\"call-to-action.default\">\n\t\t\t\t\t\t\t<a class=\"elementor-cta\" href=\"https:\/\/www.foretdesainthubert-tourisme.be\/de\/les-aventures-de-gaspard-le-renard-nur-franzoesische-und-niederlaendische-version\/\">\n\t\t\t\t\t<div class=\"elementor-cta__bg-wrapper\">\n\t\t\t\t<div class=\"elementor-cta__bg elementor-bg\" style=\"background-image: url(https:\/\/www.foretdesainthubert-tourisme.be\/wp-content\/uploads\/2023\/02\/Gaspard_le_renard_Elios_de_Vos-1024x577.jpg);\" role=\"img\" aria-label=\"Gaspard_le_renard_Elios_de_Vos\"><\/div>\n\t\t\t\t<div class=\"elementor-cta__bg-overlay\"><\/div>\n\t\t\t<\/div>\n\t\t\t\t\t\t\t<div class=\"elementor-cta__content\">\n\t\t\t\t\n\t\t\t\t\t\t\t\t\t<h2 class=\"elementor-cta__title elementor-cta__content-item elementor-content-item\">\n\t\t\t\t\t\tles aventures de gaspard le renard\t\t\t\t\t<\/h2>\n\t\t\t\t\n\t\t\t\t\t\t\t\t\t<div class=\"elementor-cta__description elementor-cta__content-item elementor-content-item\">\n\t\t\t\t\t\t<p>Place du March\u00e9 15, 6870 Saint-Hubert<\/p>\n<p>Genie\u00dfen Sie bei einem Spaziergang die Landschaft des Waldes von Saint-Hubert und nehmen Sie an verschiedenen Spielen und R\u00e4tseln teil, dank der kostenlosen Spielhefte \"Les Aventures de Gaspard le Renard\"!<\/p>\n<p>6 Spazierg\u00e4nge mit Entfernungen zwischen 4,4 und 7,5 km.<\/p>\n\t\t\t\t\t<\/div>\n\t\t\t\t\n\t\t\t\t\t\t\t\t\t<div class=\"elementor-cta__button-wrapper elementor-cta__content-item elementor-content-item \">\n\t\t\t\t\t<span class=\"elementor-cta__button elementor-button elementor-size-\">\n\t\t\t\t\t\tmehr lesen\t\t\t\t\t<\/span>\n\t\t\t\t\t<\/div>\n\t\t\t\t\t\t\t<\/div>\n\t\t\t\t\t\t<\/a>\n\t\t\t\t\t\t<\/div>\n\t\t\t\t<div class=\"elementor-element elementor-element-965080d elementor-cta--layout-image-above elementor-cta--skin-classic elementor-animated-content elementor-bg-transform elementor-bg-transform-zoom-in elementor-widget elementor-widget-call-to-action\" data-id=\"965080d\" data-element_type=\"widget\" data-e-type=\"widget\" data-widget_type=\"call-to-action.default\">\n\t\t\t\t\t\t\t<a class=\"elementor-cta\" href=\"https:\/\/www.baindeforet.be\/sur-demande\/\">\n\t\t\t\t\t<div class=\"elementor-cta__bg-wrapper\">\n\t\t\t\t<div class=\"elementor-cta__bg elementor-bg\" style=\"background-image: url(https:\/\/www.foretdesainthubert-tourisme.be\/wp-content\/uploads\/2024\/03\/bain_de_foret_avec_les_enfants\u00a9IJusseret-1024x767.jpg);\" role=\"img\" aria-label=\"bain_de_foret_avec_les_enfants\u00a9IJusseret\"><\/div>\n\t\t\t\t<div class=\"elementor-cta__bg-overlay\"><\/div>\n\t\t\t<\/div>\n\t\t\t\t\t\t\t<div class=\"elementor-cta__content\">\n\t\t\t\t\n\t\t\t\t\t\t\t\t\t<h2 class=\"elementor-cta__title elementor-cta__content-item elementor-content-item\">\n\t\t\t\t\t\tein Waldbad nehmen\t\t\t\t\t<\/h2>\n\t\t\t\t\n\t\t\t\t\t\t\t\t\t<div class=\"elementor-cta__description elementor-cta__content-item elementor-content-item\">\n\t\t\t\t\t\t<p>6970 Tenneville<\/p>\n<p>Da es kein Alter gibt, um die Wohltaten eines Augenblicks im Wald zu genie\u00dfen, bietet Tenneville-les-Bains... de for\u00eat! verschiedene Angebote, um das Waldbaden zu entdecken und zu praktizieren.<\/p>\n<p>Dazu geh\u00f6ren Waldb\u00e4der f\u00fcr Familien, die in der Gemeinde Tenneville gef\u00fchrt werden und das ganze Jahr \u00fcber auf Anfrage organisiert werden.<\/p>\n\t\t\t\t\t<\/div>\n\t\t\t\t\n\t\t\t\t\t\t\t\t\t<div class=\"elementor-cta__button-wrapper elementor-cta__content-item elementor-content-item \">\n\t\t\t\t\t<span class=\"elementor-cta__button elementor-button elementor-size-\">\n\t\t\t\t\t\tmehr lesen\t\t\t\t\t<\/span>\n\t\t\t\t\t<\/div>\n\t\t\t\t\t\t\t<\/div>\n\t\t\t\t\t\t<\/a>\n\t\t\t\t\t\t<\/div>\n\t\t\t\t<div class=\"elementor-element elementor-element-b25e777 elementor-cta--layout-image-above elementor-cta--skin-classic elementor-animated-content elementor-bg-transform elementor-bg-transform-zoom-in elementor-widget elementor-widget-call-to-action\" data-id=\"b25e777\" data-element_type=\"widget\" data-e-type=\"widget\" data-widget_type=\"call-to-action.default\">\n\t\t\t\t\t\t\t<a class=\"elementor-cta\" href=\"https:\/\/www.fourneausaintmichel.be\/\">\n\t\t\t\t\t<div class=\"elementor-cta__bg-wrapper\">\n\t\t\t\t<div class=\"elementor-cta__bg elementor-bg\" style=\"background-image: url(https:\/\/www.foretdesainthubert-tourisme.be\/wp-content\/uploads\/2024\/04\/fourneausaintmichel-provincedeluxembourg-1024x681.jpg);\" role=\"img\" aria-label=\"fourneausaintmichel-provincedeluxembourg\"><\/div>\n\t\t\t\t<div class=\"elementor-cta__bg-overlay\"><\/div>\n\t\t\t<\/div>\n\t\t\t\t\t\t\t<div class=\"elementor-cta__content\">\n\t\t\t\t\n\t\t\t\t\t\t\t\t\t<h2 class=\"elementor-cta__title elementor-cta__content-item elementor-content-item\">\n\t\t\t\t\t\teintauchen in das Wallonien von gestern\t\t\t\t\t<\/h2>\n\t\t\t\t\n\t\t\t\t\t\t\t\t\t<div class=\"elementor-cta__description elementor-cta__content-item elementor-content-item\">\n\t\t\t\t\t\t<p>Fourneau Saint-Michel, 6870 Saint-Hubert<\/p>\n<p>Das Freilichtmuseum ist dem l\u00e4ndlichen Leben in der Wallonie gewidmet und spiegelt die Wohnverh\u00e4ltnisse und Berufe von fr\u00fcher wider. Es versetzt Sie in das Innere der fr\u00fcheren Behausungen verschiedener Regionen (Belgisch-Lothringen, Condroz, Semois-Tal...).<br \/>Um Ihren Besuch noch interessanter zu gestalten, fragen Sie nach dem Entdecker-Kit der Domaine du Fourneau Saint-Michel!<\/p>\n\t\t\t\t\t<\/div>\n\t\t\t\t\n\t\t\t\t\t\t\t\t\t<div class=\"elementor-cta__button-wrapper elementor-cta__content-item elementor-content-item \">\n\t\t\t\t\t<span class=\"elementor-cta__button elementor-button elementor-size-\">\n\t\t\t\t\t\tmehr lesen\t\t\t\t\t<\/span>\n\t\t\t\t\t<\/div>\n\t\t\t\t\t\t\t<\/div>\n\t\t\t\t\t\t<\/a>\n\t\t\t\t\t\t<\/div>\n\t\t\t\t<div class=\"elementor-element elementor-element-f2d1d2a elementor-cta--layout-image-above elementor-cta--skin-classic elementor-animated-content elementor-bg-transform elementor-bg-transform-zoom-in elementor-widget elementor-widget-call-to-action\" data-id=\"f2d1d2a\" data-element_type=\"widget\" data-e-type=\"widget\" data-widget_type=\"call-to-action.default\">\n\t\t\t\t\t\t\t<a class=\"elementor-cta\" href=\"https:\/\/www.eurospacecenter.be\/de\/\">\n\t\t\t\t\t<div class=\"elementor-cta__bg-wrapper\">\n\t\t\t\t<div class=\"elementor-cta__bg elementor-bg\" style=\"background-image: url(https:\/\/www.foretdesainthubert-tourisme.be\/wp-content\/uploads\/2025\/04\/8-Orion-FFS-1-1024x576.png);\" role=\"img\" aria-label=\"8 - Orion - FFS 1\"><\/div>\n\t\t\t\t<div class=\"elementor-cta__bg-overlay\"><\/div>\n\t\t\t<\/div>\n\t\t\t\t\t\t\t<div class=\"elementor-cta__content\">\n\t\t\t\t\n\t\t\t\t\t\t\t\t\t<h2 class=\"elementor-cta__title elementor-cta__content-item elementor-content-item\">\n\t\t\t\t\t\tRaumfahrer werden\t\t\t\t\t<\/h2>\n\t\t\t\t\n\t\t\t\t\t\t\t\t\t<div class=\"elementor-cta__description elementor-cta__content-item elementor-content-item\">\n\t\t\t\t\t\t<p>Rue devant les H\u00eatres 1, 6890 Transinne<\/p>\n<p>Haben Sie das Zeug zum Astronauten?<br \/>Finden Sie es im Euro Space Center heraus. Dieser Themenpark ist dem Weltraum gewidmet. Er ist einzigartig in Europa!<\/p>\n\t\t\t\t\t<\/div>\n\t\t\t\t\n\t\t\t\t\t\t\t\t\t<div class=\"elementor-cta__button-wrapper elementor-cta__content-item elementor-content-item \">\n\t\t\t\t\t<span class=\"elementor-cta__button elementor-button elementor-size-\">\n\t\t\t\t\t\tmehr lesen\t\t\t\t\t<\/span>\n\t\t\t\t\t<\/div>\n\t\t\t\t\t\t\t<\/div>\n\t\t\t\t\t\t<\/a>\n\t\t\t\t\t\t<\/div>\n\t\t\t\t<div class=\"elementor-element elementor-element-2b602aa elementor-cta--layout-image-above elementor-cta--skin-classic elementor-animated-content elementor-bg-transform elementor-bg-transform-zoom-in elementor-widget elementor-widget-call-to-action\" data-id=\"2b602aa\" data-element_type=\"widget\" data-e-type=\"widget\" data-widget_type=\"call-to-action.default\">\n\t\t\t\t\t\t\t<a class=\"elementor-cta\" href=\"https:\/\/totemus.com\/les-chasses\/?province=6%20\" target=\"_blank\">\n\t\t\t\t\t<div class=\"elementor-cta__bg-wrapper\">\n\t\t\t\t<div class=\"elementor-cta__bg elementor-bg\" style=\"background-image: url(https:\/\/www.foretdesainthubert-tourisme.be\/wp-content\/uploads\/2024\/10\/blason-totemus-1.jpg);\" role=\"img\" aria-label=\"blason-totemus\"><\/div>\n\t\t\t\t<div class=\"elementor-cta__bg-overlay\"><\/div>\n\t\t\t<\/div>\n\t\t\t\t\t\t\t<div class=\"elementor-cta__content\">\n\t\t\t\t\n\t\t\t\t\t\t\t\t\t<h2 class=\"elementor-cta__title elementor-cta__content-item elementor-content-item\">\n\t\t\t\t\t\tden Totemus-Schatz finden\t\t\t\t\t<\/h2>\n\t\t\t\t\n\t\t\t\t\t\t\t\t\t<div class=\"elementor-cta__description elementor-cta__content-item elementor-content-item\">\n\t\t\t\t\t\t<p>Im Wald von Saint-Hubert werden Ihnen 3 Jagden angeboten:<br \/>- von Resteigne aus (Rue de la Carri\u00e8re 146, 6927 Resteigne)<br \/>- von Villance aus (Rue Grande Fontaine 115, 6890 Villance)<br \/>- von Mirwart aus (Place communale, 6870 Saint-Hubert)\u00a0 \u00a0 \u00a0 \u00a0 \u00a0 \u00a0 \u00a0 \u00a0 \u00a0 \u00a0 \u00a0 \u00a0 \u00a0 \u00a0- von Libramont aus (Grand'Rue 24, 6800 Libramont)<\/p>\n<p>Der Totemus-Spielparcours nimmt Sie mit auf einen Spaziergang, bei dem Sie auf spielerische und interaktive Weise das Kulturerbe, die Natur und die Geschichte entdecken...<br \/>Mit Ihrem Smartphone ausger\u00fcstet, sind Sie bereit f\u00fcr die Entdeckung!<br \/>Die zu l\u00f6senden R\u00e4tsel f\u00fchren Sie von einem interessanten Punkt zum n\u00e4chsten, um schlie\u00dflich herauszufinden, wo sich das Totem versteckt!<br \/>Die App ist auf Google Play &amp; Apple store erh\u00e4ltlich.<br \/>Resteigne: 3,7 km lange Strecke, die auch mit gel\u00e4ndeg\u00e4ngigen Kinderwagen befahren werden kann.<br \/>Villance: 7 km lange Strecke, f\u00fcr Kinderwagen mit gro\u00dfen R\u00e4dern geeignet.<br \/>Mirwart: 5,7 km, nicht f\u00fcr Kinderwagen geeignet.\u00a0 \u00a0 \u00a0 \u00a0 \u00a0 \u00a0 \u00a0 \u00a0 \u00a0 \u00a0 \u00a0 \u00a0 Libramont: 5,2 km lange Strecke, nicht f\u00fcr Kinderwagen geeignet.<\/p>\n\t\t\t\t\t<\/div>\n\t\t\t\t\n\t\t\t\t\t\t\t\t\t<div class=\"elementor-cta__button-wrapper elementor-cta__content-item elementor-content-item \">\n\t\t\t\t\t<span class=\"elementor-cta__button elementor-button elementor-size-\">\n\t\t\t\t\t\tmehr lesen\t\t\t\t\t<\/span>\n\t\t\t\t\t<\/div>\n\t\t\t\t\t\t\t<\/div>\n\t\t\t\t\t\t<\/a>\n\t\t\t\t\t\t<\/div>\n\t\t\t\t<div class=\"elementor-element elementor-element-13039fc elementor-cta--layout-image-above elementor-cta--skin-classic elementor-animated-content elementor-bg-transform elementor-bg-transform-zoom-in elementor-widget elementor-widget-call-to-action\" data-id=\"13039fc\" data-element_type=\"widget\" data-e-type=\"widget\" data-widget_type=\"call-to-action.default\">\n\t\t\t\t\t\t\t<a class=\"elementor-cta\" href=\"https:\/\/www.libin.be\/loffice-du-tourisme\">\n\t\t\t\t\t<div class=\"elementor-cta__bg-wrapper\">\n\t\t\t\t<div class=\"elementor-cta__bg elementor-bg\" style=\"background-image: url(https:\/\/www.foretdesainthubert-tourisme.be\/wp-content\/uploads\/2024\/08\/parcours-vtt-kaolin\u00a9MTFSH_TEXTO_Pascal_Willems_76-1024x768.jpg);\" role=\"img\" aria-label=\"parcours-vtt-kaolin\u00a9MTFSH_TEXTO_Pascal_Willems_(76)\"><\/div>\n\t\t\t\t<div class=\"elementor-cta__bg-overlay\"><\/div>\n\t\t\t<\/div>\n\t\t\t\t\t\t\t<div class=\"elementor-cta__content\">\n\t\t\t\t\n\t\t\t\t\t\t\t\t\t<h2 class=\"elementor-cta__title elementor-cta__content-item elementor-content-item\">\n\t\t\t\t\t\tAuf Tuchf\u00fchlung mit den Nutons\t\t\t\t\t<\/h2>\n\t\t\t\t\n\t\t\t\t\t\t\t\t\t<div class=\"elementor-cta__description elementor-cta__content-item elementor-content-item\">\n\t\t\t\t\t\t<p>Kaolinpark, Route de Smuid, 6890 Libin<br \/>Auf dem etwas weniger als einen Kilometer langen Spielparcours \u201eLe sentier des nutons\u201c k\u00f6nnen Sie die \u201enutons\u201c, die Zwerge aus den Ardenner Legenden, entdecken...<br \/>Tipp: Denken Sie daran, eine Babytrage mitzunehmen (nicht kinderwagentauglich).<br \/>Gut zu wissen: Auf der anderen Seite der Stra\u00dfe k\u00f6nnen Sie einen 3,4 km langen Spaziergang machen (Markierung: gr\u00fcnes horizontales Rechteck).<\/p>\n\t\t\t\t\t<\/div>\n\t\t\t\t\n\t\t\t\t\t\t\t\t\t<div class=\"elementor-cta__button-wrapper elementor-cta__content-item elementor-content-item \">\n\t\t\t\t\t<span class=\"elementor-cta__button elementor-button elementor-size-\">\n\t\t\t\t\t\tmehr lesen\t\t\t\t\t<\/span>\n\t\t\t\t\t<\/div>\n\t\t\t\t\t\t\t<\/div>\n\t\t\t\t\t\t<\/a>\n\t\t\t\t\t\t<\/div>\n\t\t\t\t<div class=\"elementor-element elementor-element-adf2cb7 elementor-cta--layout-image-above elementor-cta--skin-classic elementor-animated-content elementor-bg-transform elementor-bg-transform-zoom-in elementor-widget elementor-widget-call-to-action\" data-id=\"adf2cb7\" data-element_type=\"widget\" data-e-type=\"widget\" data-widget_type=\"call-to-action.default\">\n\t\t\t\t\t\t\t<a class=\"elementor-cta\" href=\"https:\/\/place.guru\/l\/5ffcb4u-0nwsvem-yzpjubh\">\n\t\t\t\t\t<div class=\"elementor-cta__bg-wrapper\">\n\t\t\t\t<div class=\"elementor-cta__bg elementor-bg\" style=\"background-image: url(https:\/\/www.foretdesainthubert-tourisme.be\/wp-content\/uploads\/2024\/03\/\u00a9-Xavier-Al-Charif-1024x683.jpg);\" role=\"img\" aria-label=\"\u00a9 Xavier Al Charif\"><\/div>\n\t\t\t\t<div class=\"elementor-cta__bg-overlay\"><\/div>\n\t\t\t<\/div>\n\t\t\t\t\t\t\t<div class=\"elementor-cta__content\">\n\t\t\t\t\n\t\t\t\t\t\t\t\t\t<h2 class=\"elementor-cta__title elementor-cta__content-item elementor-content-item\">\n\t\t\t\t\t\tMini Redu\t\t\t\t\t<\/h2>\n\t\t\t\t\n\t\t\t\t\t\t\t\t\t<div class=\"elementor-cta__description elementor-cta__content-item elementor-content-item\">\n\t\t\t\t\t\t<p>Place de l'Esro, 6890 Redu<\/p>\n<p>Es war einmal \"Mini Redu\", eine Schnitzeljagd auf der Suche nach den kleinsten Bewohnern von Redu!<br \/>Auf einer Strecke von ca. 1,5 km lassen Sie sich von Alltagsgeschichten mitrei\u00dfen und tauchen in die Welt des \"B\u00fccherdorfes\" ein.<\/p>\n\t\t\t\t\t<\/div>\n\t\t\t\t\n\t\t\t\t\t\t\t\t\t<div class=\"elementor-cta__button-wrapper elementor-cta__content-item elementor-content-item \">\n\t\t\t\t\t<span class=\"elementor-cta__button elementor-button elementor-size-\">\n\t\t\t\t\t\tmehr lesen\t\t\t\t\t<\/span>\n\t\t\t\t\t<\/div>\n\t\t\t\t\t\t\t<\/div>\n\t\t\t\t\t\t<\/a>\n\t\t\t\t\t\t<\/div>\n\t\t\t\t<div class=\"elementor-element elementor-element-66f7106 elementor-cta--layout-image-above elementor-cta--skin-classic elementor-animated-content elementor-bg-transform elementor-bg-transform-zoom-in elementor-widget elementor-widget-call-to-action\" data-id=\"66f7106\" data-element_type=\"widget\" data-e-type=\"widget\" data-widget_type=\"call-to-action.default\">\n\t\t\t\t\t\t\t<a class=\"elementor-cta\" href=\"https:\/\/www.province.luxembourg.be\/se-cultiver-se-divertir\/domaine-provincial-mirwart\">\n\t\t\t\t\t<div class=\"elementor-cta__bg-wrapper\">\n\t\t\t\t<div class=\"elementor-cta__bg elementor-bg\" style=\"background-image: url(https:\/\/www.foretdesainthubert-tourisme.be\/wp-content\/uploads\/2024\/03\/\u00a9-JL-Brocart-2-1024x683.jpg);\" role=\"img\" aria-label=\"\u00a9 JL Brocart (2)\"><\/div>\n\t\t\t\t<div class=\"elementor-cta__bg-overlay\"><\/div>\n\t\t\t<\/div>\n\t\t\t\t\t\t\t<div class=\"elementor-cta__content\">\n\t\t\t\t\n\t\t\t\t\t\t\t\t\t<h2 class=\"elementor-cta__title elementor-cta__content-item elementor-content-item\">\n\t\t\t\t\t\tVon einem Frosch zum anderen\t\t\t\t\t<\/h2>\n\t\t\t\t\n\t\t\t\t\t\t\t\t\t<div class=\"elementor-cta__description elementor-cta__content-item elementor-content-item\">\n\t\t\t\t\t\t<p>Parkplatz der Fischzucht, Rue du Moulin, 6870 Mirwart.<\/p>\n<p>Diese kurze, 1 km lange Wanderung f\u00fchrt Sie hin und zur\u00fcck, wobei Sie der Markierung \"Frosch\" folgen. Sie f\u00fchrt Sie mitten durch die Teiche und die \u00fcppige Natur der Domaine Provincial de Mirwart.<br \/>Hier k\u00f6nnen Sie die lokale Flora und Fauna (Fr\u00f6sche, Libellen, ...) beobachten und die Ausstellungen der Saisons de la Photo (Fotosaison) sehen, die sich um die Teiche herum befinden und jedes Jahr im Fr\u00fchling neue Bilder zeigen.<\/p>\n<p>Tipp: Denken Sie daran, eine Babytrage mitzunehmen (nicht kinderwagentauglich).<\/p>\n\t\t\t\t\t<\/div>\n\t\t\t\t\n\t\t\t\t\t\t\t\t\t<div class=\"elementor-cta__button-wrapper elementor-cta__content-item elementor-content-item \">\n\t\t\t\t\t<span class=\"elementor-cta__button elementor-button elementor-size-\">\n\t\t\t\t\t\tmehr lesen\t\t\t\t\t<\/span>\n\t\t\t\t\t<\/div>\n\t\t\t\t\t\t\t<\/div>\n\t\t\t\t\t\t<\/a>\n\t\t\t\t\t\t<\/div>\n\t\t\t\t<div class=\"elementor-element elementor-element-b728a6e elementor-cta--layout-image-above elementor-cta--skin-classic elementor-animated-content elementor-bg-transform elementor-bg-transform-zoom-in elementor-widget elementor-widget-call-to-action\" data-id=\"b728a6e\" data-element_type=\"widget\" data-e-type=\"widget\" data-widget_type=\"call-to-action.default\">\n\t\t\t\t\t\t\t<a class=\"elementor-cta\" href=\"https:\/\/www.facebook.com\/AlviscoledolNouveye\">\n\t\t\t\t\t<div class=\"elementor-cta__bg-wrapper\">\n\t\t\t\t<div class=\"elementor-cta__bg elementor-bg\" style=\"background-image: url(https:\/\/www.foretdesainthubert-tourisme.be\/wp-content\/uploads\/2023\/12\/ancienne-ecole-laneuvilleaubois-5.jpg);\" role=\"img\" aria-label=\"ancienne-ecole-laneuvilleaubois-5\"><\/div>\n\t\t\t\t<div class=\"elementor-cta__bg-overlay\"><\/div>\n\t\t\t<\/div>\n\t\t\t\t\t\t\t<div class=\"elementor-cta__content\">\n\t\t\t\t\n\t\t\t\t\t\t\t\t\t<h2 class=\"elementor-cta__title elementor-cta__content-item elementor-content-item\">\n\t\t\t\t\t\tin der Schule wie fr\u00fcher\t\t\t\t\t<\/h2>\n\t\t\t\t\n\t\t\t\t\t\t\t\t\t<div class=\"elementor-cta__description elementor-cta__content-item elementor-content-item\">\n\t\t\t\t\t\t<p>Laneuville-au-Bois 11, 6970 Tenneville<\/p>\n<p>Im Dorf Laneuville-au-Bois k\u00f6nnen Sie das ehemalige Klassenzimmer des Dorfes entdecken. Die Gegenst\u00e4nde und Fotos aus der damaligen Zeit sind jedes Mal der Beginn einer neuen Geschichte!<\/p>\n\t\t\t\t\t<\/div>\n\t\t\t\t\n\t\t\t\t\t\t\t\t\t<div class=\"elementor-cta__button-wrapper elementor-cta__content-item elementor-content-item \">\n\t\t\t\t\t<span class=\"elementor-cta__button elementor-button elementor-size-\">\n\t\t\t\t\t\tmehr lesen\t\t\t\t\t<\/span>\n\t\t\t\t\t<\/div>\n\t\t\t\t\t\t\t<\/div>\n\t\t\t\t\t\t<\/a>\n\t\t\t\t\t\t<\/div>\n\t\t\t\t\t<\/div>\n\t\t<\/div>\n\t\t\t\t<div class=\"elementor-column elementor-col-50 elementor-top-column elementor-element elementor-element-9aa4d86\" data-id=\"9aa4d86\" data-element_type=\"column\" data-e-type=\"column\">\n\t\t\t<div class=\"elementor-widget-wrap elementor-element-populated\">\n\t\t\t\t\t\t<div class=\"elementor-element elementor-element-bcf87e8 elementor-cta--layout-image-above elementor-cta--valign-top elementor-cta--skin-classic elementor-animated-content elementor-bg-transform elementor-bg-transform-zoom-in elementor-widget elementor-widget-call-to-action\" data-id=\"bcf87e8\" data-element_type=\"widget\" data-e-type=\"widget\" data-widget_type=\"call-to-action.default\">\n\t\t\t\t\t\t\t<a class=\"elementor-cta\" href=\"https:\/\/www.libramontchevigny.be\/loisirs\/tourisme\/office-du-tourisme\/balade-pedagogique-celte.pdf\">\n\t\t\t\t\t<div class=\"elementor-cta__bg-wrapper\">\n\t\t\t\t<div class=\"elementor-cta__bg elementor-bg\" style=\"background-image: url(https:\/\/www.foretdesainthubert-tourisme.be\/wp-content\/uploads\/2024\/01\/promenade-celte-libramont-1024x682.jpg);\" role=\"img\" aria-label=\"Promenade p\u00e9dagogique celte dans le parc forestier de Bonance \u00e0 Libramont\"><\/div>\n\t\t\t\t<div class=\"elementor-cta__bg-overlay\"><\/div>\n\t\t\t<\/div>\n\t\t\t\t\t\t\t<div class=\"elementor-cta__content\">\n\t\t\t\t\n\t\t\t\t\t\t\t\t\t<h2 class=\"elementor-cta__title elementor-cta__content-item elementor-content-item\">\n\t\t\t\t\t\tLibramont-Chevigny, die Keltische\t\t\t\t\t<\/h2>\n\t\t\t\t\n\t\t\t\t\t\t\t\t\t<div class=\"elementor-cta__description elementor-cta__content-item elementor-content-item\">\n\t\t\t\t\t\t<p>Waldpark von Bonance, rue de Bonance - 6800 Libramont<\/p>\n<p>In den W\u00e4ldern von Bonance k\u00f6nnen Sie sich mit Eira, dem keltischen Kind, und ihrem Freund Kadoc, dem Eichh\u00f6rnchen, treffen! Der Rundweg besteht aus zwei Schleifen: Eine Schleife ist einen guten Kilometer lang und kann zu einer 3 km langen Strecke verl\u00e4ngert werden (auf Waldwegen).<\/p>\n<p>Tipp: Denken Sie daran, eine Babytrage mitzunehmen (nicht f\u00fcr Kinderwagen geeignet).<\/p>\n\t\t\t\t\t<\/div>\n\t\t\t\t\n\t\t\t\t\t\t\t\t\t<div class=\"elementor-cta__button-wrapper elementor-cta__content-item elementor-content-item \">\n\t\t\t\t\t<span class=\"elementor-cta__button elementor-button elementor-size-\">\n\t\t\t\t\t\tMehr dazu\t\t\t\t\t<\/span>\n\t\t\t\t\t<\/div>\n\t\t\t\t\t\t\t<\/div>\n\t\t\t\t\t\t<\/a>\n\t\t\t\t\t\t<\/div>\n\t\t\t\t<div class=\"elementor-element elementor-element-ad182ee elementor-cta--layout-image-above elementor-cta--skin-classic elementor-animated-content elementor-bg-transform elementor-bg-transform-zoom-in elementor-widget elementor-widget-call-to-action\" data-id=\"ad182ee\" data-element_type=\"widget\" data-e-type=\"widget\" data-widget_type=\"call-to-action.default\">\n\t\t\t\t\t\t\t<a class=\"elementor-cta\" href=\"https:\/\/www.foretdesainthubert-tourisme.be\/wp-content\/uploads\/2024\/03\/Patrimoine_Lomprez_Depliant_WEB2.pdf\">\n\t\t\t\t\t<div class=\"elementor-cta__bg-wrapper\">\n\t\t\t\t<div class=\"elementor-cta__bg elementor-bg\" style=\"background-image: url(https:\/\/www.foretdesainthubert-tourisme.be\/wp-content\/uploads\/2024\/03\/wellin-baladepedagogique.png);\" role=\"img\" aria-label=\"wellin-baladepedagogique\"><\/div>\n\t\t\t\t<div class=\"elementor-cta__bg-overlay\"><\/div>\n\t\t\t<\/div>\n\t\t\t\t\t\t\t<div class=\"elementor-cta__content\">\n\t\t\t\t\n\t\t\t\t\t\t\t\t\t<h2 class=\"elementor-cta__title elementor-cta__content-item elementor-content-item\">\n\t\t\t\t\t\tauf den Spuren von Johannes dem Blinden\t\t\t\t\t<\/h2>\n\t\t\t\t\n\t\t\t\t\t\t\t\t\t<div class=\"elementor-cta__description elementor-cta__content-item elementor-content-item\">\n\t\t\t\t\t\t<p>Place du Ch\u00e2teau, 6924 Lomprez<\/p>\n<p>Begeben Sie sich in Lomprez auf eine etwas weniger als 2 km lange Strecke, um die Zeit zur\u00fcckzudrehen!<br \/>Mithilfe des p\u00e4dagogischen Begleithefts, das Ihren Spaziergang begleitet, k\u00f6nnen Sie auf den Spuren des Grafen von Luxemburg bis ins 14. Jahrhundert zur\u00fcckgehen und die \u00dcberreste der glorreichen Vergangenheit der Orte entdecken.<\/p>\n\t\t\t\t\t<\/div>\n\t\t\t\t\n\t\t\t\t\t\t\t\t\t<div class=\"elementor-cta__button-wrapper elementor-cta__content-item elementor-content-item \">\n\t\t\t\t\t<span class=\"elementor-cta__button elementor-button elementor-size-\">\n\t\t\t\t\t\tP\u00e4dagogisches Begleitheft herunterladen\t\t\t\t\t<\/span>\n\t\t\t\t\t<\/div>\n\t\t\t\t\t\t\t<\/div>\n\t\t\t\t\t\t<\/a>\n\t\t\t\t\t\t<\/div>\n\t\t\t\t<div class=\"elementor-element elementor-element-9984a29 elementor-cta--layout-image-above elementor-cta--valign-top elementor-cta--skin-classic elementor-animated-content elementor-bg-transform elementor-bg-transform-zoom-in elementor-widget elementor-widget-call-to-action\" data-id=\"9984a29\" data-element_type=\"widget\" data-e-type=\"widget\" data-widget_type=\"call-to-action.default\">\n\t\t\t\t\t\t\t<a class=\"elementor-cta\" href=\"https:\/\/www.museedesceltes.be\/de\/a-votre-disposition\/\">\n\t\t\t\t\t<div class=\"elementor-cta__bg-wrapper\">\n\t\t\t\t<div class=\"elementor-cta__bg elementor-bg\" style=\"background-image: url(https:\/\/www.foretdesainthubert-tourisme.be\/wp-content\/uploads\/2024\/03\/Musee-des-celtes\u00a9dbcreation-MTFSH-26-1024x683.jpg);\" role=\"img\" aria-label=\"Visite familiale au Mus\u00e9e des Celtes\"><\/div>\n\t\t\t\t<div class=\"elementor-cta__bg-overlay\"><\/div>\n\t\t\t<\/div>\n\t\t\t\t\t\t\t<div class=\"elementor-cta__content\">\n\t\t\t\t\n\t\t\t\t\t\t\t\t\t<h2 class=\"elementor-cta__title elementor-cta__content-item elementor-content-item\">\n\t\t\t\t\t\tperfekte kleine Kelten\t\t\t\t\t<\/h2>\n\t\t\t\t\n\t\t\t\t\t\t\t\t\t<div class=\"elementor-cta__description elementor-cta__content-item elementor-content-item\">\n\t\t\t\t\t\t<p>Um das Keltenmuseum in Libramont zu entdecken, werden Familien mehrere M\u00f6glichkeiten angeboten: interaktive Entdeckungsmodule, das \"Carnet du parfait petit celte\" f\u00fcr Kinder von 4 bis 11 Jahren, ein Tisch mit Gesellschaftsspielen sowie Legenden zum Lesen und H\u00f6ren.<\/p>\n<p>Als Bonus kann man auf der Website des Museums Spiele und ein Ausmalbild herunterladen!<\/p>\n\t\t\t\t\t<\/div>\n\t\t\t\t\n\t\t\t\t\t\t\t\t\t<div class=\"elementor-cta__button-wrapper elementor-cta__content-item elementor-content-item \">\n\t\t\t\t\t<span class=\"elementor-cta__button elementor-button elementor-size-\">\n\t\t\t\t\t\tMehr dazu\t\t\t\t\t<\/span>\n\t\t\t\t\t<\/div>\n\t\t\t\t\t\t\t<\/div>\n\t\t\t\t\t\t<\/a>\n\t\t\t\t\t\t<\/div>\n\t\t\t\t<div class=\"elementor-element elementor-element-ffe561f elementor-cta--skin-classic elementor-animated-content elementor-bg-transform elementor-bg-transform-zoom-in elementor-widget elementor-widget-call-to-action\" data-id=\"ffe561f\" data-element_type=\"widget\" data-e-type=\"widget\" data-widget_type=\"call-to-action.default\">\n\t\t\t\t\t\t\t<a class=\"elementor-cta\" href=\"https:\/\/www.museedesceltes.be\/de\/\">\n\t\t\t\t\t<div class=\"elementor-cta__bg-wrapper\">\n\t\t\t\t<div class=\"elementor-cta__bg elementor-bg\" style=\"background-image: url(https:\/\/www.foretdesainthubert-tourisme.be\/wp-content\/uploads\/2022\/04\/\u00a9dbcreation-MTFSH-62-1024x683.jpg);\" role=\"img\" aria-label=\"Visite ludique et p\u00e9dagogique au MUDIA \u00e0 Redu\"><\/div>\n\t\t\t\t<div class=\"elementor-cta__bg-overlay\"><\/div>\n\t\t\t<\/div>\n\t\t\t\t\t\t\t<div class=\"elementor-cta__content\">\n\t\t\t\t\n\t\t\t\t\t\t\t\t\t<h2 class=\"elementor-cta__title elementor-cta__content-item elementor-content-item\">\n\t\t\t\t\t\tspielerisch Kunst entdecken\t\t\t\t\t<\/h2>\n\t\t\t\t\n\t\t\t\t\t\t\t\t\t<div class=\"elementor-cta__description elementor-cta__content-item elementor-content-item\">\n\t\t\t\t\t\t<p>Place de l'Esro 61, 6890 Redu<\/p>\n<p>Ein Besuch des Didaktischen Kunstmuseums ist eine in Europa einzigartige Erfahrung, bei der jeder spielerisch in die Kunst eintauchen kann.<\/p>\n<p>Das MUDIA ist ein Museum, in dem man dank der zahlreichen Aktivit\u00e4ten, die in den verschiedenen R\u00e4umen vorgesehen sind, Spa\u00df an der Kunst haben kann. Au\u00dferdem werden Erkundungs- und Spielb\u00fccher angeboten!<\/p>\n\t\t\t\t\t<\/div>\n\t\t\t\t\n\t\t\t\t\t\t\t\t\t<div class=\"elementor-cta__button-wrapper elementor-cta__content-item elementor-content-item \">\n\t\t\t\t\t<span class=\"elementor-cta__button elementor-button elementor-size-\">\n\t\t\t\t\t\tmehr lesen\t\t\t\t\t<\/span>\n\t\t\t\t\t<\/div>\n\t\t\t\t\t\t\t<\/div>\n\t\t\t\t\t\t<\/a>\n\t\t\t\t\t\t<\/div>\n\t\t\t\t<div class=\"elementor-element elementor-element-78155f6 elementor-cta--layout-image-above elementor-cta--skin-classic elementor-animated-content elementor-bg-transform elementor-bg-transform-zoom-in elementor-widget elementor-widget-call-to-action\" data-id=\"78155f6\" data-element_type=\"widget\" data-e-type=\"widget\" data-widget_type=\"call-to-action.default\">\n\t\t\t\t\t\t\t<a class=\"elementor-cta\" href=\"https:\/\/www.foretdesainthubert-tourisme.be\/de\/details\/ALD-01-0009BK&#038;type=11\/\">\n\t\t\t\t\t<div class=\"elementor-cta__bg-wrapper\">\n\t\t\t\t<div class=\"elementor-cta__bg elementor-bg\" style=\"background-image: url(https:\/\/www.foretdesainthubert-tourisme.be\/wp-content\/uploads\/2020\/11\/parc_a_gibier\u00a9dbcreation-MTFSH-30-1024x681.jpg);\" role=\"img\" aria-label=\"Balade dans le parc \u00e0 gibier de Saint-Hubert\"><\/div>\n\t\t\t\t<div class=\"elementor-cta__bg-overlay\"><\/div>\n\t\t\t<\/div>\n\t\t\t\t\t\t\t<div class=\"elementor-cta__content\">\n\t\t\t\t\n\t\t\t\t\t\t\t\t\t<h2 class=\"elementor-cta__title elementor-cta__content-item elementor-content-item\">\n\t\t\t\t\t\tdas Wild aus den Ardennen\t\t\t\t\t<\/h2>\n\t\t\t\t\n\t\t\t\t\t\t\t\t\t<div class=\"elementor-cta__description elementor-cta__content-item elementor-content-item\">\n\t\t\t\t\t\t<p>Rue Saint-Michel 130, 6870 Saint-Hubert<\/p>\n<p>Der Parc \u00e0 Gibier liegt 2 km vom Stadtzentrum von Saint-Hubert entfernt und verbindet Familienspazierg\u00e4nge mit der Entdeckung sowohl des Wildes der Ardennen als auch von Tieren aus der Viehzucht. Eine der Routen f\u00fchrt Sie durch einen Bereich, in dem die Tiere in Halbfreiheit leben.<\/p>\n<p>Tipp: Denken Sie daran, eine Babytrage mitzunehmen (nicht kinderwagentauglich).<\/p>\n\t\t\t\t\t<\/div>\n\t\t\t\t\n\t\t\t\t\t\t\t\t\t<div class=\"elementor-cta__button-wrapper elementor-cta__content-item elementor-content-item \">\n\t\t\t\t\t<span class=\"elementor-cta__button elementor-button elementor-size-\">\n\t\t\t\t\t\tmehr lesen\t\t\t\t\t<\/span>\n\t\t\t\t\t<\/div>\n\t\t\t\t\t\t\t<\/div>\n\t\t\t\t\t\t<\/a>\n\t\t\t\t\t\t<\/div>\n\t\t\t\t<div class=\"elementor-element elementor-element-67cf956 elementor-cta--layout-image-above elementor-cta--skin-classic elementor-animated-content elementor-bg-transform elementor-bg-transform-zoom-in elementor-widget elementor-widget-call-to-action\" data-id=\"67cf956\" data-element_type=\"widget\" data-e-type=\"widget\" data-widget_type=\"call-to-action.default\">\n\t\t\t\t\t\t\t<a class=\"elementor-cta\" href=\"https:\/\/tenneville.com\/sentier-didactique-pbs\/\">\n\t\t\t\t\t<div class=\"elementor-cta__bg-wrapper\">\n\t\t\t\t<div class=\"elementor-cta__bg elementor-bg\" style=\"background-image: url(https:\/\/www.foretdesainthubert-tourisme.be\/wp-content\/uploads\/2024\/03\/bois-de-la-fontaine.jpg);\" role=\"img\" aria-label=\"bois de la fontaine\"><\/div>\n\t\t\t\t<div class=\"elementor-cta__bg-overlay\"><\/div>\n\t\t\t<\/div>\n\t\t\t\t\t\t\t<div class=\"elementor-cta__content\">\n\t\t\t\t\n\t\t\t\t\t\t\t\t\t<h2 class=\"elementor-cta__title elementor-cta__content-item elementor-content-item\">\n\t\t\t\t\t\tder Wald in verschiedenen Facetten\t\t\t\t\t<\/h2>\n\t\t\t\t\n\t\t\t\t\t\t\t\t\t<div class=\"elementor-cta__description elementor-cta__content-item elementor-content-item\">\n\t\t\t\t\t\t<p>Laneuville-au-Bois 1, 6970 Tenneville<\/p>\n<p>Auf diesem etwas weniger als einen Kilometer langen Lehrpfad lernen Sie den Wald in verschiedenen Facetten kennen. Folgen Sie den Ameisen, sie zeigen Ihnen den Weg...<\/p>\n<p>F\u00fcr Kinderwagen zug\u00e4nglich.<\/p>\n\t\t\t\t\t<\/div>\n\t\t\t\t\n\t\t\t\t\t\t\t\t\t<div class=\"elementor-cta__button-wrapper elementor-cta__content-item elementor-content-item \">\n\t\t\t\t\t<span class=\"elementor-cta__button elementor-button elementor-size-\">\n\t\t\t\t\t\tmehr lesen\t\t\t\t\t<\/span>\n\t\t\t\t\t<\/div>\n\t\t\t\t\t\t\t<\/div>\n\t\t\t\t\t\t<\/a>\n\t\t\t\t\t\t<\/div>\n\t\t\t\t<div class=\"elementor-element elementor-element-6b20e33 elementor-cta--layout-image-above elementor-cta--skin-classic elementor-animated-content elementor-bg-transform elementor-bg-transform-zoom-in elementor-widget elementor-widget-call-to-action\" data-id=\"6b20e33\" data-element_type=\"widget\" data-e-type=\"widget\" data-widget_type=\"call-to-action.default\">\n\t\t\t\t\t\t\t<a class=\"elementor-cta\" href=\"https:\/\/www.libin.be\/loffice-du-tourisme\">\n\t\t\t\t\t<div class=\"elementor-cta__bg-wrapper\">\n\t\t\t\t<div class=\"elementor-cta__bg elementor-bg\" style=\"background-image: url(https:\/\/www.foretdesainthubert-tourisme.be\/wp-content\/uploads\/2021\/01\/Petit_Bois_des_Legendes\u00a9dbcreation-MTFSH-1024x683.jpg);\" role=\"img\" aria-label=\"Petit Bois des L\u00e9gendes ardennaises\"><\/div>\n\t\t\t\t<div class=\"elementor-cta__bg-overlay\"><\/div>\n\t\t\t<\/div>\n\t\t\t\t\t\t\t<div class=\"elementor-cta__content\">\n\t\t\t\t\n\t\t\t\t\t\t\t\t\t<h2 class=\"elementor-cta__title elementor-cta__content-item elementor-content-item\">\n\t\t\t\t\t\tder kleine Wald der Legenden\t\t\t\t\t<\/h2>\n\t\t\t\t\n\t\t\t\t\t\t\t\t\t<div class=\"elementor-cta__description elementor-cta__content-item elementor-content-item\">\n\t\t\t\t\t\t<p>Bois Collignon, rue de Hamaide, 6890 Redu<\/p>\n<p>Auf diesem kurzen Spaziergang durch das ehemalige Arboretum von Redu, genie\u00dfen Sie eine sch\u00f6ne Aussicht auf das Dorf Le Livre, das Tal der Lesse sowie das Tal der Almanche. Der Spaziergang wird von Illustrationen legend\u00e4rer Figuren begleitet...<\/p>\n<p>Tipp: Denken Sie daran, eine Babytrage mitzunehmen (nicht kinderwagentauglich).<\/p>\n\t\t\t\t\t<\/div>\n\t\t\t\t\n\t\t\t\t\t\t\t\t\t<div class=\"elementor-cta__button-wrapper elementor-cta__content-item elementor-content-item \">\n\t\t\t\t\t<span class=\"elementor-cta__button elementor-button elementor-size-\">\n\t\t\t\t\t\tmehr lesen\t\t\t\t\t<\/span>\n\t\t\t\t\t<\/div>\n\t\t\t\t\t\t\t<\/div>\n\t\t\t\t\t\t<\/a>\n\t\t\t\t\t\t<\/div>\n\t\t\t\t<div class=\"elementor-element elementor-element-f42070b elementor-cta--layout-image-above elementor-cta--skin-classic elementor-animated-content elementor-bg-transform elementor-bg-transform-zoom-in elementor-widget elementor-widget-call-to-action\" data-id=\"f42070b\" data-element_type=\"widget\" data-e-type=\"widget\" data-widget_type=\"call-to-action.default\">\n\t\t\t\t\t\t\t<a class=\"elementor-cta\" href=\"https:\/\/www.libin.be\/loffice-du-tourisme\">\n\t\t\t\t\t<div class=\"elementor-cta__bg-wrapper\">\n\t\t\t\t<div class=\"elementor-cta__bg elementor-bg\" style=\"background-image: url(https:\/\/www.foretdesainthubert-tourisme.be\/wp-content\/uploads\/2024\/03\/taniaaucoeurdeslegendes.png);\" role=\"img\" aria-label=\"taniaaucoeurdeslegendes\"><\/div>\n\t\t\t\t<div class=\"elementor-cta__bg-overlay\"><\/div>\n\t\t\t<\/div>\n\t\t\t\t\t\t\t<div class=\"elementor-cta__content\">\n\t\t\t\t\n\t\t\t\t\t\t\t\t\t<h2 class=\"elementor-cta__title elementor-cta__content-item elementor-content-item\">\n\t\t\t\t\t\tTania, im Herzen der Legenden\t\t\t\t\t<\/h2>\n\t\t\t\t\n\t\t\t\t\t\t\t\t\t<div class=\"elementor-cta__description elementor-cta__content-item elementor-content-item\">\n\t\t\t\t\t\t<p>Place de l'Esro, 6890 Redu<\/p>\n<p>Tania, das Maskottchen dieser 5 km langen Strecke, ist die Heldin des Comics von Pierre-Emmanuel Paulis.<br \/>Helfen Sie ihr, den Ursprung ihres mysteri\u00f6sen Absturzes in Redu zu ergr\u00fcnden. Die legend\u00e4re kleine Welt der Ardennenw\u00e4lder f\u00fchrt Sie und gibt Ihnen R\u00e4tsel auf, damit Sie ihr helfen k\u00f6nnen, ihr Shuttle zu reparieren...<\/p>\n<p>Tipp: Denken Sie daran, Ihre Babytrage mitzunehmen (nicht f\u00fcr Kinderwagen geeignet).<\/p>\n\t\t\t\t\t<\/div>\n\t\t\t\t\n\t\t\t\t\t\t\t\t\t<div class=\"elementor-cta__button-wrapper elementor-cta__content-item elementor-content-item \">\n\t\t\t\t\t<span class=\"elementor-cta__button elementor-button elementor-size-\">\n\t\t\t\t\t\tmehr lesen\t\t\t\t\t<\/span>\n\t\t\t\t\t<\/div>\n\t\t\t\t\t\t\t<\/div>\n\t\t\t\t\t\t<\/a>\n\t\t\t\t\t\t<\/div>\n\t\t\t\t<div class=\"elementor-element elementor-element-db24e2b elementor-cta--layout-image-above elementor-cta--skin-classic elementor-animated-content elementor-bg-transform elementor-bg-transform-zoom-in elementor-widget elementor-widget-call-to-action\" data-id=\"db24e2b\" data-element_type=\"widget\" data-e-type=\"widget\" data-widget_type=\"call-to-action.default\">\n\t\t\t\t\t\t\t<a class=\"elementor-cta\" href=\"http:\/\/www.lesanesdefrancois.be\/\">\n\t\t\t\t\t<div class=\"elementor-cta__bg-wrapper\">\n\t\t\t\t<div class=\"elementor-cta__bg elementor-bg\" style=\"background-image: url(https:\/\/www.foretdesainthubert-tourisme.be\/wp-content\/uploads\/2024\/03\/Promenade-de-Marsoult-\u00a9-MTFSH-TEXTO-Pascal-Willems-92-1024x768.jpg);\" role=\"img\" aria-label=\"Promenade de Marsoult \u00a9 MTFSH - TEXTO Pascal Willems (92)\"><\/div>\n\t\t\t\t<div class=\"elementor-cta__bg-overlay\"><\/div>\n\t\t\t<\/div>\n\t\t\t\t\t\t\t<div class=\"elementor-cta__content\">\n\t\t\t\t\n\t\t\t\t\t\t\t\t\t<h2 class=\"elementor-cta__title elementor-cta__content-item elementor-content-item\">\n\t\t\t\t\t\tAu rythme des anes (Im Rhythmus der Esel)\t\t\t\t\t<\/h2>\n\t\t\t\t\n\t\t\t\t\t\t\t\t\t<div class=\"elementor-cta__description elementor-cta__content-item elementor-content-item\">\n\t\t\t\t\t\t<p>Fourneau Saint-Michel et Mirwart, 6870 Saint-Hubert<\/p>\n<p>Entdecken Sie die Natur in Begleitung des Naturf\u00fchrers Fran\u00e7ois und seiner Esel.<\/p>\n\t\t\t\t\t<\/div>\n\t\t\t\t\n\t\t\t\t\t\t\t\t\t<div class=\"elementor-cta__button-wrapper elementor-cta__content-item elementor-content-item \">\n\t\t\t\t\t<span class=\"elementor-cta__button elementor-button elementor-size-\">\n\t\t\t\t\t\tmehr lesen\t\t\t\t\t<\/span>\n\t\t\t\t\t<\/div>\n\t\t\t\t\t\t\t<\/div>\n\t\t\t\t\t\t<\/a>\n\t\t\t\t\t\t<\/div>\n\t\t\t\t<div class=\"elementor-element elementor-element-0566486 elementor-cta--layout-image-above elementor-cta--skin-classic elementor-animated-content elementor-bg-transform elementor-bg-transform-zoom-in elementor-widget elementor-widget-call-to-action\" data-id=\"0566486\" data-element_type=\"widget\" data-e-type=\"widget\" data-widget_type=\"call-to-action.default\">\n\t\t\t\t\t\t\t<a class=\"elementor-cta\" href=\"https:\/\/www.foretdesainthubert-tourisme.be\/de\/plaines-de-jeux\/\">\n\t\t\t\t\t<div class=\"elementor-cta__bg-wrapper\">\n\t\t\t\t<div class=\"elementor-cta__bg elementor-bg\" style=\"background-image: url(https:\/\/www.foretdesainthubert-tourisme.be\/wp-content\/uploads\/2025\/09\/whatsapp-image-2025-09-16-at-13-47-09-1024x768.webp);\" role=\"img\" aria-label=\"whatsapp-image-2025-09-16-at-13-47-09\"><\/div>\n\t\t\t\t<div class=\"elementor-cta__bg-overlay\"><\/div>\n\t\t\t<\/div>\n\t\t\t\t\t\t\t<div class=\"elementor-cta__content\">\n\t\t\t\t\n\t\t\t\t\t\t\t\t\t<h2 class=\"elementor-cta__title elementor-cta__content-item elementor-content-item\">\n\t\t\t\t\t\tSpielpl\u00e4tze\t\t\t\t\t<\/h2>\n\t\t\t\t\n\t\t\t\t\t\t\t\t\t<div class=\"elementor-cta__description elementor-cta__content-item elementor-content-item\">\n\t\t\t\t\t\t<p>In den verschiedenen Gemeinden gibt es \u00f6ffentliche Spielpl\u00e4tze. Einige davon befinden sich in der N\u00e4he von Schulen und sind w\u00e4hrend der Schulzeit nicht zug\u00e4nglich.<\/p>\n\t\t\t\t\t<\/div>\n\t\t\t\t\n\t\t\t\t\t\t\t\t\t<div class=\"elementor-cta__button-wrapper elementor-cta__content-item elementor-content-item \">\n\t\t\t\t\t<span class=\"elementor-cta__button elementor-button elementor-size-\">\n\t\t\t\t\t\tWeitere Informationen\t\t\t\t\t<\/span>\n\t\t\t\t\t<\/div>\n\t\t\t\t\t\t\t<\/div>\n\t\t\t\t\t\t<\/a>\n\t\t\t\t\t\t<\/div>\n\t\t\t\t\t<\/div>\n\t\t<\/div>\n\t\t\t\t\t<\/div>\n\t\t<\/section>\n\t\t\t\t<\/div>\n\t\t","protected":false},"excerpt":{"rendered":"<p>Speziell f\u00fcr &#8222;Kids&#8220; le cer&#8217;f\u00fbt\u00e9 Place du March\u00e9 15, 6870 Saint-Hubert Besuchen Sie uns im Maison du Tourisme und beantragen Sie Ihren &#8222;Cer&#8217;f\u00fbt\u00e9&#8220;. Der Cer&#8217;f\u00fbt\u00e9? Das ist ein Rucksack f\u00fcr die J\u00fcngsten, der zahlreiche Ideen f\u00fcr die Erkundung des Waldes von Saint-Hubert mit der ganzen Familie enth\u00e4lt! (1 Rucksack pro Familie geschenkt) Ausmalbilder herunterladen les [&hellip;]<\/p>\n","protected":false},"author":7,"featured_media":0,"parent":0,"menu_order":0,"comment_status":"closed","ping_status":"closed","template":"","meta":{"_seopress_robots_primary_cat":"","_seopress_titles_title":"Aktivit\u00e4ten f\u00fcr Kinder im Wald von Saint-Hubert (Belgien)","_seopress_titles_desc":"Entdeckersets, Spielb\u00fccher, spielerische Spazierg\u00e4nge, Waldbaden, Ausmalbilder zum Herunterladen, Abenteuer von Gaspard le Renard, Totemus, ....","_seopress_robots_index":"","site-sidebar-layout":"no-sidebar","site-content-layout":"page-builder","ast-site-content-layout":"full-width-container","site-content-style":"default","site-sidebar-style":"default","ast-global-header-display":"","ast-banner-title-visibility":"","ast-main-header-display":"","ast-hfb-above-header-display":"","ast-hfb-below-header-display":"","ast-hfb-mobile-header-display":"","site-post-title":"disabled","ast-breadcrumbs-content":"","ast-featured-img":"disabled","footer-sml-layout":"","ast-disable-related-posts":"","theme-transparent-header-meta":"default","adv-header-id-meta":"","stick-header-meta":"","header-above-stick-meta":"","header-main-stick-meta":"","header-below-stick-meta":"","astra-migrate-meta-layouts":"default","ast-page-background-enabled":"default","ast-page-background-meta":{"desktop":{"background-color":"","background-image":"","background-repeat":"repeat","background-position":"center center","background-size":"auto","background-attachment":"scroll","background-type":"","background-media":"","overlay-type":"","overlay-color":"","overlay-opacity":"","overlay-gradient":""},"tablet":{"background-color":"","background-image":"","background-repeat":"repeat","background-position":"center center","background-size":"auto","background-attachment":"scroll","background-type":"","background-media":"","overlay-type":"","overlay-color":"","overlay-opacity":"","overlay-gradient":""},"mobile":{"background-color":"","background-image":"","background-repeat":"repeat","background-position":"center center","background-size":"auto","background-attachment":"scroll","background-type":"","background-media":"","overlay-type":"","overlay-color":"","overlay-opacity":"","overlay-gradient":""}},"ast-content-background-meta":{"desktop":{"background-color":"var(--ast-global-color-5)","background-image":"","background-repeat":"repeat","background-position":"center center","background-size":"auto","background-attachment":"scroll","background-type":"","background-media":"","overlay-type":"","overlay-color":"","overlay-opacity":"","overlay-gradient":""},"tablet":{"background-color":"var(--ast-global-color-5)","background-image":"","background-repeat":"repeat","background-position":"center center","background-size":"auto","background-attachment":"scroll","background-type":"","background-media":"","overlay-type":"","overlay-color":"","overlay-opacity":"","overlay-gradient":""},"mobile":{"background-color":"var(--ast-global-color-5)","background-image":"","background-repeat":"repeat","background-position":"center center","background-size":"auto","background-attachment":"scroll","background-type":"","background-media":"","overlay-type":"","overlay-color":"","overlay-opacity":"","overlay-gradient":""}},"footnotes":""},"categories":[],"class_list":["post-27060","page","type-page","status-publish","hentry"],"_links":{"self":[{"href":"https:\/\/www.foretdesainthubert-tourisme.be\/de\/wp-json\/wp\/v2\/pages\/27060","targetHints":{"allow":["GET"]}}],"collection":[{"href":"https:\/\/www.foretdesainthubert-tourisme.be\/de\/wp-json\/wp\/v2\/pages"}],"about":[{"href":"https:\/\/www.foretdesainthubert-tourisme.be\/de\/wp-json\/wp\/v2\/types\/page"}],"author":[{"embeddable":true,"href":"https:\/\/www.foretdesainthubert-tourisme.be\/de\/wp-json\/wp\/v2\/users\/7"}],"replies":[{"embeddable":true,"href":"https:\/\/www.foretdesainthubert-tourisme.be\/de\/wp-json\/wp\/v2\/comments?post=27060"}],"version-history":[{"count":5,"href":"https:\/\/www.foretdesainthubert-tourisme.be\/de\/wp-json\/wp\/v2\/pages\/27060\/revisions"}],"predecessor-version":[{"id":36538,"href":"https:\/\/www.foretdesainthubert-tourisme.be\/de\/wp-json\/wp\/v2\/pages\/27060\/revisions\/36538"}],"wp:attachment":[{"href":"https:\/\/www.foretdesainthubert-tourisme.be\/de\/wp-json\/wp\/v2\/media?parent=27060"}],"wp:term":[{"taxonomy":"category","embeddable":true,"href":"https:\/\/www.foretdesainthubert-tourisme.be\/de\/wp-json\/wp\/v2\/categories?post=27060"}],"curies":[{"name":"wp","href":"https:\/\/api.w.org\/{rel}","templated":true}]}}