{"id":7634,"date":"2021-03-29T12:59:23","date_gmt":"2021-03-29T10:59:23","guid":{"rendered":"https:\/\/www.foretdesainthubert-tourisme.be\/die-didaktischen-familienwanderungen\/"},"modified":"2026-02-23T15:37:31","modified_gmt":"2026-02-23T14:37:31","slug":"die-didaktischen-familienwanderungen","status":"publish","type":"page","link":"https:\/\/www.foretdesainthubert-tourisme.be\/de\/wandern\/die-didaktischen-familienwanderungen\/","title":{"rendered":"Leichte Wanderungen mit Kindern zu machen"},"content":{"rendered":"\t\t<div data-elementor-type=\"wp-page\" data-elementor-id=\"7634\" class=\"elementor elementor-7634 elementor-2642\" data-elementor-post-type=\"page\">\n\t\t\t\t\t\t<section class=\"elementor-section elementor-top-section elementor-element elementor-element-599118e4 elementor-section-full_width elementor-section-height-default elementor-section-height-default\" data-id=\"599118e4\" data-element_type=\"section\" data-e-type=\"section\" data-settings=\"{&quot;background_background&quot;:&quot;classic&quot;}\">\n\t\t\t\t\t\t\t<div class=\"elementor-background-overlay\"><\/div>\n\t\t\t\t\t\t\t<div class=\"elementor-container elementor-column-gap-default\">\n\t\t\t\t\t<div class=\"elementor-column elementor-col-100 elementor-top-column elementor-element elementor-element-5831a7c7\" data-id=\"5831a7c7\" data-element_type=\"column\" data-e-type=\"column\">\n\t\t\t<div class=\"elementor-widget-wrap elementor-element-populated\">\n\t\t\t\t\t\t\t<\/div>\n\t\t<\/div>\n\t\t\t\t\t<\/div>\n\t\t<\/section>\n\t\t\t\t<section class=\"elementor-section elementor-top-section elementor-element elementor-element-7d716f9 elementor-section-boxed elementor-section-height-default elementor-section-height-default\" data-id=\"7d716f9\" data-element_type=\"section\" data-e-type=\"section\">\n\t\t\t\t\t\t<div class=\"elementor-container elementor-column-gap-default\">\n\t\t\t\t\t<div class=\"elementor-column elementor-col-100 elementor-top-column elementor-element elementor-element-d56b5b7\" data-id=\"d56b5b7\" data-element_type=\"column\" data-e-type=\"column\">\n\t\t\t<div class=\"elementor-widget-wrap elementor-element-populated\">\n\t\t\t\t\t\t<div class=\"elementor-element elementor-element-036e135 elementor-widget elementor-widget-heading\" data-id=\"036e135\" data-element_type=\"widget\" data-e-type=\"widget\" data-widget_type=\"heading.default\">\n\t\t\t\t\t<h1 class=\"elementor-heading-title elementor-size-default\">Familienspazierg\u00e4nge<\/h1>\t\t\t\t<\/div>\n\t\t\t\t\t<\/div>\n\t\t<\/div>\n\t\t\t\t\t<\/div>\n\t\t<\/section>\n\t\t\t\t<section class=\"elementor-section elementor-top-section elementor-element elementor-element-d00b307 elementor-section-boxed elementor-section-height-default elementor-section-height-default\" data-id=\"d00b307\" data-element_type=\"section\" data-e-type=\"section\">\n\t\t\t\t\t\t<div class=\"elementor-container elementor-column-gap-default\">\n\t\t\t\t\t<div class=\"elementor-column elementor-col-100 elementor-top-column elementor-element elementor-element-2fc711a\" data-id=\"2fc711a\" data-element_type=\"column\" data-e-type=\"column\">\n\t\t\t<div class=\"elementor-widget-wrap elementor-element-populated\">\n\t\t\t\t\t\t<div class=\"elementor-element elementor-element-cda8855 elementor-widget elementor-widget-heading\" data-id=\"cda8855\" data-element_type=\"widget\" data-e-type=\"widget\" data-widget_type=\"heading.default\">\n\t\t\t\t\t<h2 class=\"elementor-heading-title elementor-size-default\">Libin<\/h2>\t\t\t\t<\/div>\n\t\t\t\t\t<\/div>\n\t\t<\/div>\n\t\t\t\t\t<\/div>\n\t\t<\/section>\n\t\t\t\t<section class=\"elementor-section elementor-top-section elementor-element elementor-element-2a7f3ca elementor-section-boxed elementor-section-height-default elementor-section-height-default\" data-id=\"2a7f3ca\" data-element_type=\"section\" data-e-type=\"section\">\n\t\t\t\t\t\t<div class=\"elementor-container elementor-column-gap-default\">\n\t\t\t\t\t<div class=\"elementor-column elementor-col-100 elementor-top-column elementor-element elementor-element-ac31de0\" data-id=\"ac31de0\" data-element_type=\"column\" data-e-type=\"column\">\n\t\t\t<div class=\"elementor-widget-wrap elementor-element-populated\">\n\t\t\t\t\t\t<div class=\"elementor-element elementor-element-e4fec40 elementor-widget elementor-widget-text-editor\" data-id=\"e4fec40\" data-element_type=\"widget\" data-e-type=\"widget\" data-widget_type=\"text-editor.default\">\n\t\t\t\t\t\t\t\t\t<p>Mini Redu (+\/- 1,5 km) in Redu (Place de l&#8217;Esro)<\/p>\n<p>Begeben Sie sich auf die Suche nach den kleinsten Bewohnern des B\u00fccherdorfs!<br \/>Die Route besteht aus 10 Bildern, die von Miniaturfiguren im Ma\u00dfstab 1:87 in Szene gesetzt werden, Sketchen aus dem Alltagsleben und Themen wie Weltraum, Wandern, B\u00fccher, Himbeeren, &#8230;<br \/><em>Routenbuch im Office du Tourisme in Redu erh\u00e4ltlich. Online-Karte hier.<\/em><\/p>\n\t\t\t\t\t\t\t\t<\/div>\n\t\t\t\t\t<\/div>\n\t\t<\/div>\n\t\t\t\t\t<\/div>\n\t\t<\/section>\n\t\t\t\t<section class=\"elementor-section elementor-top-section elementor-element elementor-element-dfdd5ab elementor-section-boxed elementor-section-height-default elementor-section-height-default\" data-id=\"dfdd5ab\" data-element_type=\"section\" data-e-type=\"section\">\n\t\t\t\t\t\t<div class=\"elementor-container elementor-column-gap-default\">\n\t\t\t\t\t<div class=\"elementor-column elementor-col-100 elementor-top-column elementor-element elementor-element-f00b3fd\" data-id=\"f00b3fd\" data-element_type=\"column\" data-e-type=\"column\">\n\t\t\t<div class=\"elementor-widget-wrap elementor-element-populated\">\n\t\t\t\t\t\t<div class=\"elementor-element elementor-element-14d4c41 elementor-widget elementor-widget-text-editor\" data-id=\"14d4c41\" data-element_type=\"widget\" data-e-type=\"widget\" data-widget_type=\"text-editor.default\">\n\t\t\t\t\t\t\t\t\t<p>Der kleine Wald der Ardenner Legenden \u00a0(1,5 km) in Redu (Bois Collignon, Rue de Hamaide)<\/p>\n<p><span style=\"font-weight: 400;\"> Entdecken Sie bei diesem kurzen Spaziergang durch das ehemalige Arboretum von Redu eine sch\u00f6ne Aussicht auf das Dorf Book, das Lesse-Tal sowie die Almanche. W\u00e4hrend des Spaziergangs finden Sie hier und da Darstellungen von legend\u00e4ren Figuren.<\/span><\/p>\n\t\t\t\t\t\t\t\t<\/div>\n\t\t\t\t\t<\/div>\n\t\t<\/div>\n\t\t\t\t\t<\/div>\n\t\t<\/section>\n\t\t\t\t<section class=\"elementor-section elementor-top-section elementor-element elementor-element-dd5147f elementor-section-boxed elementor-section-height-default elementor-section-height-default\" data-id=\"dd5147f\" data-element_type=\"section\" data-e-type=\"section\">\n\t\t\t\t\t\t<div class=\"elementor-container elementor-column-gap-default\">\n\t\t\t\t\t<div class=\"elementor-column elementor-col-100 elementor-top-column elementor-element elementor-element-f26f1cd\" data-id=\"f26f1cd\" data-element_type=\"column\" data-e-type=\"column\">\n\t\t\t<div class=\"elementor-widget-wrap elementor-element-populated\">\n\t\t\t\t\t\t<div class=\"elementor-element elementor-element-14ef78b elementor-widget elementor-widget-text-editor\" data-id=\"14ef78b\" data-element_type=\"widget\" data-e-type=\"widget\" data-widget_type=\"text-editor.default\">\n\t\t\t\t\t\t\t\t\t<p>Der Pfad der Zwerge (1,8 km) in Libin (Route de Smuid)<\/p>\n<p><span style=\"font-weight: 400;\"> Folgen Sie den Spuren der &#8222;Nutons&#8220;, dieser Zwerge aus den Legenden der Ardennen, anl\u00e4sslich dieser spielerischen parcours&#8230;<\/span><\/p>\n\t\t\t\t\t\t\t\t<\/div>\n\t\t\t\t\t<\/div>\n\t\t<\/div>\n\t\t\t\t\t<\/div>\n\t\t<\/section>\n\t\t\t\t<section class=\"elementor-section elementor-top-section elementor-element elementor-element-001cfd3 elementor-section-boxed elementor-section-height-default elementor-section-height-default\" data-id=\"001cfd3\" data-element_type=\"section\" data-e-type=\"section\">\n\t\t\t\t\t\t<div class=\"elementor-container elementor-column-gap-default\">\n\t\t\t\t\t<div class=\"elementor-column elementor-col-100 elementor-top-column elementor-element elementor-element-2e3e7d4\" data-id=\"2e3e7d4\" data-element_type=\"column\" data-e-type=\"column\">\n\t\t\t<div class=\"elementor-widget-wrap elementor-element-populated\">\n\t\t\t\t\t\t<div class=\"elementor-element elementor-element-ed8dedf elementor-widget elementor-widget-text-editor\" data-id=\"ed8dedf\" data-element_type=\"widget\" data-e-type=\"widget\" data-widget_type=\"text-editor.default\">\n\t\t\t\t\t\t\t\t\t<p>Tania im Herzen der Legenden (5 km) in Redu (Place de l&#8217;Esro)<\/p>\n<p><span style=\"font-weight: 400;\">Tania, die von Pierre-Emmanuel Paulis geschaffene Comic-Heldin, ist das Maskottchen dieses originellen interaktiven Entdeckungsrundgangs. Helfen Sie ihr, die Ursache f\u00fcr ihren mysteri\u00f6sen Unfall in Redu w\u00e4hrend der verschiedenen Etappen dieser Wanderung zu finden. Die sagenumwobene kleine Welt des Ardennenwaldes wird Sie f\u00fchren und Ihnen R\u00e4tsel aufgeben, damit Sie ihr Pendel wiederfinden. <\/span><i><span style=\"font-weight: 400;\">Brosch\u00fcre und ist (auf Vorbestellung) im Office du Tourisme von Redu erh\u00e4ltlich.<\/span><\/i><\/p>\n\t\t\t\t\t\t\t\t<\/div>\n\t\t\t\t\t<\/div>\n\t\t<\/div>\n\t\t\t\t\t<\/div>\n\t\t<\/section>\n\t\t\t\t<section class=\"elementor-section elementor-top-section elementor-element elementor-element-624a5c5 elementor-section-boxed elementor-section-height-default elementor-section-height-default\" data-id=\"624a5c5\" data-element_type=\"section\" data-e-type=\"section\">\n\t\t\t\t\t\t<div class=\"elementor-container elementor-column-gap-default\">\n\t\t\t\t\t<div class=\"elementor-column elementor-col-100 elementor-top-column elementor-element elementor-element-e3afe7f\" data-id=\"e3afe7f\" data-element_type=\"column\" data-e-type=\"column\">\n\t\t\t<div class=\"elementor-widget-wrap elementor-element-populated\">\n\t\t\t\t\t\t<div class=\"elementor-element elementor-element-cb545a9 elementor-widget elementor-widget-heading\" data-id=\"cb545a9\" data-element_type=\"widget\" data-e-type=\"widget\" data-widget_type=\"heading.default\">\n\t\t\t\t\t<h2 class=\"elementor-heading-title elementor-size-default\">Libramont-chevigny<\/h2>\t\t\t\t<\/div>\n\t\t\t\t\t<\/div>\n\t\t<\/div>\n\t\t\t\t\t<\/div>\n\t\t<\/section>\n\t\t\t\t<section class=\"elementor-section elementor-top-section elementor-element elementor-element-ae0af6d elementor-section-boxed elementor-section-height-default elementor-section-height-default\" data-id=\"ae0af6d\" data-element_type=\"section\" data-e-type=\"section\">\n\t\t\t\t\t\t<div class=\"elementor-container elementor-column-gap-default\">\n\t\t\t\t\t<div class=\"elementor-column elementor-col-100 elementor-top-column elementor-element elementor-element-fb53458\" data-id=\"fb53458\" data-element_type=\"column\" data-e-type=\"column\">\n\t\t\t<div class=\"elementor-widget-wrap elementor-element-populated\">\n\t\t\t\t\t\t<div class=\"elementor-element elementor-element-b4b8930 elementor-widget elementor-widget-text-editor\" data-id=\"b4b8930\" data-element_type=\"widget\" data-e-type=\"widget\" data-widget_type=\"text-editor.default\">\n\t\t\t\t\t\t\t\t\t<p>Der Landschaftspark in Libramont (rue des Aub\u00e9pines)<\/p>\n<p>Nur einen Katzensprung vom Zentrum von Libramont entfernt, entdecken Sie den Landschaftspark. Knapp 25 Hektar erwarten Sie s\u00fcdlich des Messegel\u00e4ndes Libramont. Der Ort ist ideal f\u00fcr kurze Familienspazierg\u00e4nge und f\u00fcr eine kleine Mountainbike-Runde. Das ganze Jahr \u00fcber k\u00f6nnen Sie auch die Gewinner des Wettbewerbs entdecken, der im Rahmen der &#8222;Jahreszeiten der Fotografie&#8220; im Gro\u00dfen Wald von Saint-Hubert veranstaltet wird.<\/p>\n\t\t\t\t\t\t\t\t<\/div>\n\t\t\t\t\t<\/div>\n\t\t<\/div>\n\t\t\t\t\t<\/div>\n\t\t<\/section>\n\t\t\t\t<section class=\"elementor-section elementor-top-section elementor-element elementor-element-1d164d8 elementor-section-boxed elementor-section-height-default elementor-section-height-default\" data-id=\"1d164d8\" data-element_type=\"section\" data-e-type=\"section\">\n\t\t\t\t\t\t<div class=\"elementor-container elementor-column-gap-default\">\n\t\t\t\t\t<div class=\"elementor-column elementor-col-100 elementor-top-column elementor-element elementor-element-fcf3fe0\" data-id=\"fcf3fe0\" data-element_type=\"column\" data-e-type=\"column\">\n\t\t\t<div class=\"elementor-widget-wrap elementor-element-populated\">\n\t\t\t\t\t\t<div class=\"elementor-element elementor-element-d85e83a elementor-widget elementor-widget-text-editor\" data-id=\"d85e83a\" data-element_type=\"widget\" data-e-type=\"widget\" data-widget_type=\"text-editor.default\">\n\t\t\t\t\t\t\t\t\t<p>Der keltische Lehrpfad (1,3 km oder 3 km) in Libramont (Rue de Bonance)<\/p>\n<p><span style=\"font-weight: 400;\"> Folgen Sie Eira, dem jungen Keltenkind, und ihrem Freund Kadoc, dem Eichh\u00f6rnchen, in die W\u00e4lder von Bonance. Auf diesem Rundweg finden Sie didaktische Schilder, die Sie zur Beobachtung der umliegenden Natur einladen. Sie erkl\u00e4ren auch die erstaunlichen Mittel, mit denen die Kelten ihre Umwelt ausnutzten.<\/span><\/p>\n\t\t\t\t\t\t\t\t<\/div>\n\t\t\t\t\t<\/div>\n\t\t<\/div>\n\t\t\t\t\t<\/div>\n\t\t<\/section>\n\t\t\t\t<section class=\"elementor-section elementor-top-section elementor-element elementor-element-702d374 elementor-section-boxed elementor-section-height-default elementor-section-height-default\" data-id=\"702d374\" data-element_type=\"section\" data-e-type=\"section\">\n\t\t\t\t\t\t<div class=\"elementor-container elementor-column-gap-default\">\n\t\t\t\t\t<div class=\"elementor-column elementor-col-100 elementor-top-column elementor-element elementor-element-2f35770\" data-id=\"2f35770\" data-element_type=\"column\" data-e-type=\"column\">\n\t\t\t<div class=\"elementor-widget-wrap elementor-element-populated\">\n\t\t\t\t\t\t<div class=\"elementor-element elementor-element-1f32f54 elementor-widget elementor-widget-heading\" data-id=\"1f32f54\" data-element_type=\"widget\" data-e-type=\"widget\" data-widget_type=\"heading.default\">\n\t\t\t\t\t<h2 class=\"elementor-heading-title elementor-size-default\">Saint-Hubert<\/h2>\t\t\t\t<\/div>\n\t\t\t\t\t<\/div>\n\t\t<\/div>\n\t\t\t\t\t<\/div>\n\t\t<\/section>\n\t\t\t\t<section class=\"elementor-section elementor-top-section elementor-element elementor-element-c6b9c5b elementor-section-boxed elementor-section-height-default elementor-section-height-default\" data-id=\"c6b9c5b\" data-element_type=\"section\" data-e-type=\"section\">\n\t\t\t\t\t\t<div class=\"elementor-container elementor-column-gap-default\">\n\t\t\t\t\t<div class=\"elementor-column elementor-col-100 elementor-top-column elementor-element elementor-element-dc51f73\" data-id=\"dc51f73\" data-element_type=\"column\" data-e-type=\"column\">\n\t\t\t<div class=\"elementor-widget-wrap elementor-element-populated\">\n\t\t\t\t\t\t<div class=\"elementor-element elementor-element-0d711e4 elementor-widget elementor-widget-text-editor\" data-id=\"0d711e4\" data-element_type=\"widget\" data-e-type=\"widget\" data-widget_type=\"text-editor.default\">\n\t\t\t\t\t\t\t\t\t<p><span style=\"font-weight: 400;\">Der didaktische Spaziergang des Marsoult (5km) in der Provinzialdom\u00e4ne Mirwart (Rue du Moulin)<\/span><\/p>\n<p><span style=\"font-weight: 400;\">Dieser Spaziergang auf einer ebenen Fl\u00e4che um die Seen der Fischzucht der Provinzialdom\u00e4ne l\u00e4sst Sie die Artenvielfalt, die fischfressenden Tiere, die B\u00e4ume oder die Kohlenbrenner entdecken.<\/span><\/p>\n\t\t\t\t\t\t\t\t<\/div>\n\t\t\t\t\t<\/div>\n\t\t<\/div>\n\t\t\t\t\t<\/div>\n\t\t<\/section>\n\t\t\t\t<section class=\"elementor-section elementor-top-section elementor-element elementor-element-3437a9b elementor-section-boxed elementor-section-height-default elementor-section-height-default\" data-id=\"3437a9b\" data-element_type=\"section\" data-e-type=\"section\">\n\t\t\t\t\t\t<div class=\"elementor-container elementor-column-gap-default\">\n\t\t\t\t\t<div class=\"elementor-column elementor-col-100 elementor-top-column elementor-element elementor-element-821c16a\" data-id=\"821c16a\" data-element_type=\"column\" data-e-type=\"column\">\n\t\t\t<div class=\"elementor-widget-wrap elementor-element-populated\">\n\t\t\t\t\t\t<div class=\"elementor-element elementor-element-6b05574 elementor-widget elementor-widget-heading\" data-id=\"6b05574\" data-element_type=\"widget\" data-e-type=\"widget\" data-widget_type=\"heading.default\">\n\t\t\t\t\t<h2 class=\"elementor-heading-title elementor-size-default\">Tenneville<\/h2>\t\t\t\t<\/div>\n\t\t\t\t\t<\/div>\n\t\t<\/div>\n\t\t\t\t\t<\/div>\n\t\t<\/section>\n\t\t\t\t<section class=\"elementor-section elementor-top-section elementor-element elementor-element-ada84ef elementor-section-boxed elementor-section-height-default elementor-section-height-default\" data-id=\"ada84ef\" data-element_type=\"section\" data-e-type=\"section\">\n\t\t\t\t\t\t<div class=\"elementor-container elementor-column-gap-default\">\n\t\t\t\t\t<div class=\"elementor-column elementor-col-100 elementor-top-column elementor-element elementor-element-44f0d72\" data-id=\"44f0d72\" data-element_type=\"column\" data-e-type=\"column\">\n\t\t\t<div class=\"elementor-widget-wrap elementor-element-populated\">\n\t\t\t\t\t\t<div class=\"elementor-element elementor-element-d1f7d7b elementor-widget elementor-widget-text-editor\" data-id=\"d1f7d7b\" data-element_type=\"widget\" data-e-type=\"widget\" data-widget_type=\"text-editor.default\">\n\t\t\t\t\t\t\t\t\t<p>Der Lehrpfad des Bois de la Fontaine (1 km) in Laneuville-au-Bois (rue Laneuville-au-Bois).<\/p>\n<p>Dieser kleine Spaziergang ist etwas f\u00fcr die ganze Familie: 1 km durch den Wald, von einem Steg zum anderen. Die Strecke ist auch f\u00fcr Personen mit eingeschr\u00e4nkter Mobilit\u00e4t und f\u00fcr Sehbehinderte zug\u00e4nglich. Am selben Ort gibt es einen sicheren Spazierweg, auf dem sich Menschen mit Autismus, geistiger Behinderung und Verwirrung sicher f\u00fchlen k\u00f6nnen.<\/p>\n\t\t\t\t\t\t\t\t<\/div>\n\t\t\t\t\t<\/div>\n\t\t<\/div>\n\t\t\t\t\t<\/div>\n\t\t<\/section>\n\t\t\t\t<section class=\"elementor-section elementor-top-section elementor-element elementor-element-4486403 elementor-section-boxed elementor-section-height-default elementor-section-height-default\" data-id=\"4486403\" data-element_type=\"section\" data-e-type=\"section\">\n\t\t\t\t\t\t<div class=\"elementor-container elementor-column-gap-default\">\n\t\t\t\t\t<div class=\"elementor-column elementor-col-100 elementor-top-column elementor-element elementor-element-8f615a5\" data-id=\"8f615a5\" data-element_type=\"column\" data-e-type=\"column\">\n\t\t\t<div class=\"elementor-widget-wrap elementor-element-populated\">\n\t\t\t\t\t\t<div class=\"elementor-element elementor-element-27f0281 elementor-widget elementor-widget-gallery\" data-id=\"27f0281\" data-element_type=\"widget\" data-e-type=\"widget\" data-settings=\"{&quot;gap&quot;:{&quot;unit&quot;:&quot;px&quot;,&quot;size&quot;:0,&quot;sizes&quot;:[]},&quot;lazyload&quot;:&quot;yes&quot;,&quot;gallery_layout&quot;:&quot;grid&quot;,&quot;columns&quot;:4,&quot;columns_tablet&quot;:2,&quot;columns_mobile&quot;:1,&quot;gap_tablet&quot;:{&quot;unit&quot;:&quot;px&quot;,&quot;size&quot;:10,&quot;sizes&quot;:[]},&quot;gap_mobile&quot;:{&quot;unit&quot;:&quot;px&quot;,&quot;size&quot;:10,&quot;sizes&quot;:[]},&quot;link_to&quot;:&quot;file&quot;,&quot;aspect_ratio&quot;:&quot;3:2&quot;,&quot;overlay_background&quot;:&quot;yes&quot;,&quot;content_hover_animation&quot;:&quot;fade-in&quot;}\" data-widget_type=\"gallery.default\">\n\t\t\t\t\t\t\t<div class=\"elementor-gallery__container\">\n\t\t\t\t\t\t\t<a class=\"e-gallery-item elementor-gallery-item elementor-animated-content\" href=\"https:\/\/www.foretdesainthubert-tourisme.be\/wp-content\/uploads\/2022\/05\/boisdelafontaine-tenneville.jpg\" data-elementor-open-lightbox=\"yes\" data-elementor-lightbox-slideshow=\"27f0281\" data-elementor-lightbox-title=\"boisdelafontaine-tenneville\" data-e-action-hash=\"#elementor-action%3Aaction%3Dlightbox%26settings%3DeyJpZCI6MTI4ODAsInVybCI6Imh0dHBzOlwvXC93d3cuZm9yZXRkZXNhaW50aHViZXJ0LXRvdXJpc21lLmJlXC93cC1jb250ZW50XC91cGxvYWRzXC8yMDIyXC8wNVwvYm9pc2RlbGFmb250YWluZS10ZW5uZXZpbGxlLmpwZyIsInNsaWRlc2hvdyI6IjI3ZjAyODEifQ%3D%3D\">\n\t\t\t\t\t<div class=\"e-gallery-image elementor-gallery-item__image\" data-thumbnail=\"https:\/\/www.foretdesainthubert-tourisme.be\/wp-content\/uploads\/2022\/05\/boisdelafontaine-tenneville-300x225.jpg\" data-width=\"300\" data-height=\"225\" aria-label=\"Sentier didactique du Bois de la Fontaine\" role=\"img\" ><\/div>\n\t\t\t\t\t\t\t\t\t\t\t<div class=\"elementor-gallery-item__overlay\"><\/div>\n\t\t\t\t\t\t\t\t\t\t\t\t\t\t<\/a>\n\t\t\t\t\t\t\t<a class=\"e-gallery-item elementor-gallery-item elementor-animated-content\" href=\"https:\/\/www.foretdesainthubert-tourisme.be\/wp-content\/uploads\/2020\/09\/sentier_des_nutons\u00a9FTLB-PWillems.jpg\" data-elementor-open-lightbox=\"yes\" data-elementor-lightbox-slideshow=\"27f0281\" data-elementor-lightbox-title=\"sentier_des_nutons\u00a9FTLB-PWillems\" data-e-action-hash=\"#elementor-action%3Aaction%3Dlightbox%26settings%3DeyJpZCI6NDAyNCwidXJsIjoiaHR0cHM6XC9cL3d3dy5mb3JldGRlc2FpbnRodWJlcnQtdG91cmlzbWUuYmVcL3dwLWNvbnRlbnRcL3VwbG9hZHNcLzIwMjBcLzA5XC9zZW50aWVyX2Rlc19udXRvbnNcdTAwYTlGVExCLVBXaWxsZW1zLmpwZyIsInNsaWRlc2hvdyI6IjI3ZjAyODEifQ%3D%3D\">\n\t\t\t\t\t<div class=\"e-gallery-image elementor-gallery-item__image\" data-thumbnail=\"https:\/\/www.foretdesainthubert-tourisme.be\/wp-content\/uploads\/2020\/09\/sentier_des_nutons\u00a9FTLB-PWillems-300x198.jpg\" data-width=\"300\" data-height=\"198\" aria-label=\"\" role=\"img\" ><\/div>\n\t\t\t\t\t\t\t\t\t\t\t<div class=\"elementor-gallery-item__overlay\"><\/div>\n\t\t\t\t\t\t\t\t\t\t\t\t\t\t<\/a>\n\t\t\t\t\t\t\t<a class=\"e-gallery-item elementor-gallery-item elementor-animated-content\" href=\"https:\/\/www.foretdesainthubert-tourisme.be\/wp-content\/uploads\/2020\/09\/promenade_celte_libramont.jpeg\" data-elementor-open-lightbox=\"yes\" data-elementor-lightbox-slideshow=\"27f0281\" data-elementor-lightbox-title=\"promenade_celte_libramont\" data-e-action-hash=\"#elementor-action%3Aaction%3Dlightbox%26settings%3DeyJpZCI6NDAzNCwidXJsIjoiaHR0cHM6XC9cL3d3dy5mb3JldGRlc2FpbnRodWJlcnQtdG91cmlzbWUuYmVcL3dwLWNvbnRlbnRcL3VwbG9hZHNcLzIwMjBcLzA5XC9wcm9tZW5hZGVfY2VsdGVfbGlicmFtb250LmpwZWciLCJzbGlkZXNob3ciOiIyN2YwMjgxIn0%3D\">\n\t\t\t\t\t<div class=\"e-gallery-image elementor-gallery-item__image\" data-thumbnail=\"https:\/\/www.foretdesainthubert-tourisme.be\/wp-content\/uploads\/2020\/09\/promenade_celte_libramont-300x200.jpeg\" data-width=\"300\" data-height=\"200\" aria-label=\"\" role=\"img\" ><\/div>\n\t\t\t\t\t\t\t\t\t\t\t<div class=\"elementor-gallery-item__overlay\"><\/div>\n\t\t\t\t\t\t\t\t\t\t\t\t\t\t<\/a>\n\t\t\t\t\t\t\t<a class=\"e-gallery-item elementor-gallery-item elementor-animated-content\" href=\"https:\/\/www.foretdesainthubert-tourisme.be\/wp-content\/uploads\/2020\/09\/mirwart\u00a9MathieuPecheur.jpg\" data-elementor-open-lightbox=\"yes\" data-elementor-lightbox-slideshow=\"27f0281\" data-elementor-lightbox-title=\"mirwart\u00a9MathieuPecheur\" data-e-action-hash=\"#elementor-action%3Aaction%3Dlightbox%26settings%3DeyJpZCI6NDA0OCwidXJsIjoiaHR0cHM6XC9cL3d3dy5mb3JldGRlc2FpbnRodWJlcnQtdG91cmlzbWUuYmVcL3dwLWNvbnRlbnRcL3VwbG9hZHNcLzIwMjBcLzA5XC9taXJ3YXJ0XHUwMGE5TWF0aGlldVBlY2hldXIuanBnIiwic2xpZGVzaG93IjoiMjdmMDI4MSJ9\">\n\t\t\t\t\t<div class=\"e-gallery-image elementor-gallery-item__image\" data-thumbnail=\"https:\/\/www.foretdesainthubert-tourisme.be\/wp-content\/uploads\/2020\/09\/mirwart\u00a9MathieuPecheur-300x200.jpg\" data-width=\"300\" data-height=\"200\" aria-label=\"\" role=\"img\" ><\/div>\n\t\t\t\t\t\t\t\t\t\t\t<div class=\"elementor-gallery-item__overlay\"><\/div>\n\t\t\t\t\t\t\t\t\t\t\t\t\t\t<\/a>\n\t\t\t\t\t<\/div>\n\t\t\t\t\t<\/div>\n\t\t\t\t\t<\/div>\n\t\t<\/div>\n\t\t\t\t\t<\/div>\n\t\t<\/section>\n\t\t\t\t<section class=\"elementor-section elementor-top-section elementor-element elementor-element-6a83cdc elementor-section-boxed elementor-section-height-default elementor-section-height-default\" data-id=\"6a83cdc\" data-element_type=\"section\" data-e-type=\"section\">\n\t\t\t\t\t\t<div class=\"elementor-container elementor-column-gap-default\">\n\t\t\t\t\t<div class=\"elementor-column elementor-col-100 elementor-top-column elementor-element elementor-element-6ad4907\" data-id=\"6ad4907\" data-element_type=\"column\" data-e-type=\"column\">\n\t\t\t<div class=\"elementor-widget-wrap elementor-element-populated\">\n\t\t\t\t\t\t\t<\/div>\n\t\t<\/div>\n\t\t\t\t\t<\/div>\n\t\t<\/section>\n\t\t\t\t<section class=\"elementor-section elementor-top-section elementor-element elementor-element-7ff4b3a elementor-section-boxed elementor-section-height-default elementor-section-height-default\" data-id=\"7ff4b3a\" data-element_type=\"section\" data-e-type=\"section\">\n\t\t\t\t\t\t<div class=\"elementor-container elementor-column-gap-default\">\n\t\t\t\t\t<div class=\"elementor-column elementor-col-100 elementor-top-column elementor-element elementor-element-84ffd49\" data-id=\"84ffd49\" data-element_type=\"column\" data-e-type=\"column\">\n\t\t\t<div class=\"elementor-widget-wrap elementor-element-populated\">\n\t\t\t\t\t\t<div class=\"elementor-element elementor-element-9d34633 elementor-widget elementor-widget-heading\" data-id=\"9d34633\" data-element_type=\"widget\" data-e-type=\"widget\" data-widget_type=\"heading.default\">\n\t\t\t\t\t<h3 class=\"elementor-heading-title elementor-size-default\">Auch zu entdecken<\/h3>\t\t\t\t<\/div>\n\t\t\t\t\t<\/div>\n\t\t<\/div>\n\t\t\t\t\t<\/div>\n\t\t<\/section>\n\t\t\t\t<section class=\"elementor-section elementor-top-section elementor-element elementor-element-0aefaf9 elementor-section-boxed elementor-section-height-default elementor-section-height-default\" data-id=\"0aefaf9\" data-element_type=\"section\" data-e-type=\"section\">\n\t\t\t\t\t\t<div class=\"elementor-container elementor-column-gap-default\">\n\t\t\t\t\t<div class=\"elementor-column elementor-col-100 elementor-top-column elementor-element elementor-element-c273560\" data-id=\"c273560\" data-element_type=\"column\" data-e-type=\"column\">\n\t\t\t<div class=\"elementor-widget-wrap elementor-element-populated\">\n\t\t\t\t\t\t<div class=\"elementor-element elementor-element-436b6ca elementor-widget elementor-widget-image\" data-id=\"436b6ca\" data-element_type=\"widget\" data-e-type=\"widget\" data-widget_type=\"image.default\">\n\t\t\t\t\t\t\t\t\t\t\t\t\t\t\t\t<a href=\"https:\/\/www.foretdesainthubert-tourisme.be\/de\/les-aventures-de-gaspard-le-renard-nur-franzoesische-und-niederlaendische-version\/\">\n\t\t\t\t\t\t\t<img fetchpriority=\"high\" decoding=\"async\" width=\"940\" height=\"788\" src=\"https:\/\/www.foretdesainthubert-tourisme.be\/wp-content\/uploads\/2023\/02\/Gaspard_le_renard_Elios_de_Vos-2.jpg\" class=\"attachment-large size-large wp-image-17887\" alt=\"\" srcset=\"https:\/\/www.foretdesainthubert-tourisme.be\/wp-content\/uploads\/2023\/02\/Gaspard_le_renard_Elios_de_Vos-2.jpg 940w, https:\/\/www.foretdesainthubert-tourisme.be\/wp-content\/uploads\/2023\/02\/Gaspard_le_renard_Elios_de_Vos-2-300x251.jpg 300w, https:\/\/www.foretdesainthubert-tourisme.be\/wp-content\/uploads\/2023\/02\/Gaspard_le_renard_Elios_de_Vos-2-768x644.jpg 768w\" sizes=\"(max-width: 940px) 100vw, 940px\" \/>\t\t\t\t\t\t\t\t<\/a>\n\t\t\t\t\t\t\t\t\t\t\t\t\t\t\t<\/div>\n\t\t\t\t\t<\/div>\n\t\t<\/div>\n\t\t\t\t\t<\/div>\n\t\t<\/section>\n\t\t\t\t<\/div>\n\t\t","protected":false},"excerpt":{"rendered":"<p>Familienspazierg\u00e4nge Libin Mini Redu (+\/- 1,5 km) in Redu (Place de l&#8217;Esro) Begeben Sie sich auf die Suche nach den kleinsten Bewohnern des B\u00fccherdorfs!Die Route besteht aus 10 Bildern, die von Miniaturfiguren im Ma\u00dfstab 1:87 in Szene gesetzt werden, Sketchen aus dem Alltagsleben und Themen wie Weltraum, Wandern, B\u00fccher, Himbeeren, &#8230;Routenbuch im Office du Tourisme [&hellip;]<\/p>\n","protected":false},"author":7,"featured_media":5544,"parent":8580,"menu_order":0,"comment_status":"closed","ping_status":"closed","template":"","meta":{"_seopress_robots_primary_cat":"","_seopress_titles_title":"","_seopress_titles_desc":"","_seopress_robots_index":"","site-sidebar-layout":"no-sidebar","site-content-layout":"page-builder","ast-site-content-layout":"default","site-content-style":"default","site-sidebar-style":"default","ast-global-header-display":"","ast-banner-title-visibility":"","ast-main-header-display":"","ast-hfb-above-header-display":"","ast-hfb-below-header-display":"","ast-hfb-mobile-header-display":"","site-post-title":"disabled","ast-breadcrumbs-content":"","ast-featured-img":"disabled","footer-sml-layout":"","ast-disable-related-posts":"","theme-transparent-header-meta":"default","adv-header-id-meta":"","stick-header-meta":"","header-above-stick-meta":"","header-main-stick-meta":"","header-below-stick-meta":"","astra-migrate-meta-layouts":"default","ast-page-background-enabled":"default","ast-page-background-meta":{"desktop":{"background-color":"","background-image":"","background-repeat":"repeat","background-position":"center center","background-size":"auto","background-attachment":"scroll","background-type":"","background-media":"","overlay-type":"","overlay-color":"","overlay-opacity":"","overlay-gradient":""},"tablet":{"background-color":"","background-image":"","background-repeat":"repeat","background-position":"center center","background-size":"auto","background-attachment":"scroll","background-type":"","background-media":"","overlay-type":"","overlay-color":"","overlay-opacity":"","overlay-gradient":""},"mobile":{"background-color":"","background-image":"","background-repeat":"repeat","background-position":"center center","background-size":"auto","background-attachment":"scroll","background-type":"","background-media":"","overlay-type":"","overlay-color":"","overlay-opacity":"","overlay-gradient":""}},"ast-content-background-meta":{"desktop":{"background-color":"var(--ast-global-color-5)","background-image":"","background-repeat":"repeat","background-position":"center center","background-size":"auto","background-attachment":"scroll","background-type":"","background-media":"","overlay-type":"","overlay-color":"","overlay-opacity":"","overlay-gradient":""},"tablet":{"background-color":"var(--ast-global-color-5)","background-image":"","background-repeat":"repeat","background-position":"center center","background-size":"auto","background-attachment":"scroll","background-type":"","background-media":"","overlay-type":"","overlay-color":"","overlay-opacity":"","overlay-gradient":""},"mobile":{"background-color":"var(--ast-global-color-5)","background-image":"","background-repeat":"repeat","background-position":"center center","background-size":"auto","background-attachment":"scroll","background-type":"","background-media":"","overlay-type":"","overlay-color":"","overlay-opacity":"","overlay-gradient":""}},"footnotes":""},"categories":[],"class_list":["post-7634","page","type-page","status-publish","has-post-thumbnail","hentry"],"_links":{"self":[{"href":"https:\/\/www.foretdesainthubert-tourisme.be\/de\/wp-json\/wp\/v2\/pages\/7634","targetHints":{"allow":["GET"]}}],"collection":[{"href":"https:\/\/www.foretdesainthubert-tourisme.be\/de\/wp-json\/wp\/v2\/pages"}],"about":[{"href":"https:\/\/www.foretdesainthubert-tourisme.be\/de\/wp-json\/wp\/v2\/types\/page"}],"author":[{"embeddable":true,"href":"https:\/\/www.foretdesainthubert-tourisme.be\/de\/wp-json\/wp\/v2\/users\/7"}],"replies":[{"embeddable":true,"href":"https:\/\/www.foretdesainthubert-tourisme.be\/de\/wp-json\/wp\/v2\/comments?post=7634"}],"version-history":[{"count":5,"href":"https:\/\/www.foretdesainthubert-tourisme.be\/de\/wp-json\/wp\/v2\/pages\/7634\/revisions"}],"predecessor-version":[{"id":36513,"href":"https:\/\/www.foretdesainthubert-tourisme.be\/de\/wp-json\/wp\/v2\/pages\/7634\/revisions\/36513"}],"up":[{"embeddable":true,"href":"https:\/\/www.foretdesainthubert-tourisme.be\/de\/wp-json\/wp\/v2\/pages\/8580"}],"wp:featuredmedia":[{"embeddable":true,"href":"https:\/\/www.foretdesainthubert-tourisme.be\/de\/wp-json\/wp\/v2\/media\/5544"}],"wp:attachment":[{"href":"https:\/\/www.foretdesainthubert-tourisme.be\/de\/wp-json\/wp\/v2\/media?parent=7634"}],"wp:term":[{"taxonomy":"category","embeddable":true,"href":"https:\/\/www.foretdesainthubert-tourisme.be\/de\/wp-json\/wp\/v2\/categories?post=7634"}],"curies":[{"name":"wp","href":"https:\/\/api.w.org\/{rel}","templated":true}]}}