{"id":7638,"date":"2021-03-29T13:07:08","date_gmt":"2021-03-29T11:07:08","guid":{"rendered":"https:\/\/www.foretdesainthubert-tourisme.be\/waehrend-der-jagdzeit\/"},"modified":"2026-02-20T11:49:41","modified_gmt":"2026-02-20T10:49:41","slug":"waehrend-der-jagdzeit","status":"publish","type":"page","link":"https:\/\/www.foretdesainthubert-tourisme.be\/de\/waehrend-der-jagdzeit\/","title":{"rendered":"W\u00e4hrend der Jagdzeit"},"content":{"rendered":"\t\t<div data-elementor-type=\"wp-page\" data-elementor-id=\"7638\" class=\"elementor elementor-7638 elementor-2423\" data-elementor-post-type=\"page\">\n\t\t\t\t\t\t<section class=\"elementor-section elementor-top-section elementor-element elementor-element-759ac2ca elementor-section-full_width elementor-section-height-default elementor-section-height-default\" data-id=\"759ac2ca\" data-element_type=\"section\" data-e-type=\"section\" data-settings=\"{&quot;background_background&quot;:&quot;slideshow&quot;,&quot;background_slideshow_gallery&quot;:[{&quot;id&quot;:31581,&quot;url&quot;:&quot;https:\\\/\\\/www.foretdesainthubert-tourisme.be\\\/wp-content\\\/uploads\\\/2024\\\/10\\\/promenade-gris-han\\u00a9MTFSH-TEXTO_Pascal_Willems_75-1-scaled.jpg&quot;}],&quot;background_slideshow_loop&quot;:&quot;yes&quot;,&quot;background_slideshow_slide_duration&quot;:5000,&quot;background_slideshow_slide_transition&quot;:&quot;fade&quot;,&quot;background_slideshow_transition_duration&quot;:500}\">\n\t\t\t\t\t\t\t<div class=\"elementor-background-overlay\"><\/div>\n\t\t\t\t\t\t\t<div class=\"elementor-container elementor-column-gap-default\">\n\t\t\t\t\t<div class=\"elementor-column elementor-col-100 elementor-top-column elementor-element elementor-element-1f6e81f9\" data-id=\"1f6e81f9\" data-element_type=\"column\" data-e-type=\"column\">\n\t\t\t<div class=\"elementor-widget-wrap elementor-element-populated\">\n\t\t\t\t\t\t\t<\/div>\n\t\t<\/div>\n\t\t\t\t\t<\/div>\n\t\t<\/section>\n\t\t\t\t<section class=\"elementor-section elementor-top-section elementor-element elementor-element-38f1f0a elementor-section-boxed elementor-section-height-default elementor-section-height-default\" data-id=\"38f1f0a\" data-element_type=\"section\" data-e-type=\"section\">\n\t\t\t\t\t\t<div class=\"elementor-container elementor-column-gap-default\">\n\t\t\t\t\t<div class=\"elementor-column elementor-col-100 elementor-top-column elementor-element elementor-element-03c621b\" data-id=\"03c621b\" data-element_type=\"column\" data-e-type=\"column\">\n\t\t\t<div class=\"elementor-widget-wrap elementor-element-populated\">\n\t\t\t\t\t\t\t<\/div>\n\t\t<\/div>\n\t\t\t\t\t<\/div>\n\t\t<\/section>\n\t\t\t\t<section class=\"elementor-section elementor-top-section elementor-element elementor-element-6c57dca elementor-section-boxed elementor-section-height-default elementor-section-height-default\" data-id=\"6c57dca\" data-element_type=\"section\" data-e-type=\"section\">\n\t\t\t\t\t\t<div class=\"elementor-container elementor-column-gap-default\">\n\t\t\t\t\t<div class=\"elementor-column elementor-col-100 elementor-top-column elementor-element elementor-element-52e730c\" data-id=\"52e730c\" data-element_type=\"column\" data-e-type=\"column\">\n\t\t\t<div class=\"elementor-widget-wrap elementor-element-populated\">\n\t\t\t\t\t\t<div class=\"elementor-element elementor-element-e6bd0b7 elementor-widget elementor-widget-heading\" data-id=\"e6bd0b7\" data-element_type=\"widget\" data-e-type=\"widget\" data-widget_type=\"heading.default\">\n\t\t\t\t\t<h2 class=\"elementor-heading-title elementor-size-default\">Wo kann man w\u00e4hrend der Jagdzeit wandern?<\/h2>\t\t\t\t<\/div>\n\t\t\t\t\t<\/div>\n\t\t<\/div>\n\t\t\t\t\t<\/div>\n\t\t<\/section>\n\t\t\t\t<section class=\"elementor-section elementor-top-section elementor-element elementor-element-33eb594 elementor-section-boxed elementor-section-height-default elementor-section-height-default\" data-id=\"33eb594\" data-element_type=\"section\" data-e-type=\"section\">\n\t\t\t\t\t\t<div class=\"elementor-container elementor-column-gap-default\">\n\t\t\t\t\t<div class=\"elementor-column elementor-col-100 elementor-top-column elementor-element elementor-element-ccd70f8\" data-id=\"ccd70f8\" data-element_type=\"column\" data-e-type=\"column\">\n\t\t\t<div class=\"elementor-widget-wrap elementor-element-populated\">\n\t\t\t\t\t\t<div class=\"elementor-element elementor-element-3016049 elementor-widget elementor-widget-text-editor\" data-id=\"3016049\" data-element_type=\"widget\" data-e-type=\"widget\" data-widget_type=\"text-editor.default\">\n\t\t\t\t\t\t\t\t\t<p>Die Jagdzeit f\u00fcr Treibjagden beginnt am 1. Oktober und endet am 31. Dezember. Sie kann sich bis in den Januar oder sogar Februar erstrecken.<br \/>Dank des umfangreichen Wandernetzes im Wald von Saint-Hubert sind auch w\u00e4hrend dieser Zeit zahlreiche Wanderwege zug\u00e4nglich.<\/p>\n<p>Die Kalender, die Sie auf dieser Seite herunterladen k\u00f6nnen, werden Ihnen bei der Planung Ihrer n\u00e4chsten Wanderungen helfen.<br \/>Beachten Sie jedoch, dass es sehr wichtig ist, immer auf den Wegen zu bleiben und die Schilder zu respektieren, denen Sie vor Ort begegnen: Das \u00dcberschreiten des Schildes ist verboten.<\/p>\n\t\t\t\t\t\t\t\t<\/div>\n\t\t\t\t\t<\/div>\n\t\t<\/div>\n\t\t\t\t\t<\/div>\n\t\t<\/section>\n\t\t\t\t<section class=\"elementor-section elementor-top-section elementor-element elementor-element-788f501 elementor-section-boxed elementor-section-height-default elementor-section-height-default\" data-id=\"788f501\" data-element_type=\"section\" data-e-type=\"section\">\n\t\t\t\t\t\t<div class=\"elementor-container elementor-column-gap-default\">\n\t\t\t\t\t<div class=\"elementor-column elementor-col-100 elementor-top-column elementor-element elementor-element-c98e8fa\" data-id=\"c98e8fa\" data-element_type=\"column\" data-e-type=\"column\">\n\t\t\t<div class=\"elementor-widget-wrap elementor-element-populated\">\n\t\t\t\t\t\t<div class=\"elementor-element elementor-element-533c591 elementor-widget elementor-widget-heading\" data-id=\"533c591\" data-element_type=\"widget\" data-e-type=\"widget\" data-widget_type=\"heading.default\">\n\t\t\t\t\t<h3 class=\"elementor-heading-title elementor-size-default\">interaktive Karte der Schlie\u00dfungen <\/h3>\t\t\t\t<\/div>\n\t\t\t\t\t<\/div>\n\t\t<\/div>\n\t\t\t\t\t<\/div>\n\t\t<\/section>\n\t\t\t\t<section class=\"elementor-section elementor-top-section elementor-element elementor-element-86d16eb elementor-section-boxed elementor-section-height-default elementor-section-height-default\" data-id=\"86d16eb\" data-element_type=\"section\" data-e-type=\"section\">\n\t\t\t\t\t\t<div class=\"elementor-container elementor-column-gap-default\">\n\t\t\t\t\t<div class=\"elementor-column elementor-col-100 elementor-top-column elementor-element elementor-element-02caac5\" data-id=\"02caac5\" data-element_type=\"column\" data-e-type=\"column\">\n\t\t\t<div class=\"elementor-widget-wrap elementor-element-populated\">\n\t\t\t\t\t\t<div class=\"elementor-element elementor-element-64a1f8d elementor-widget elementor-widget-text-editor\" data-id=\"64a1f8d\" data-element_type=\"widget\" data-e-type=\"widget\" data-widget_type=\"text-editor.default\">\n\t\t\t\t\t\t\t\t\t<ul>\n<li><a href=\"https:\/\/portalarcgis.spw.wallonie.be\/portail\/apps\/webappviewer\/index.html?id=0460ad15c519483399a78622450b17a4\">Chasseonweb<\/a><\/li>\n<\/ul>\n\t\t\t\t\t\t\t\t<\/div>\n\t\t\t\t\t<\/div>\n\t\t<\/div>\n\t\t\t\t\t<\/div>\n\t\t<\/section>\n\t\t\t\t<section class=\"elementor-section elementor-top-section elementor-element elementor-element-f333a65 elementor-section-boxed elementor-section-height-default elementor-section-height-default\" data-id=\"f333a65\" data-element_type=\"section\" data-e-type=\"section\">\n\t\t\t\t\t\t<div class=\"elementor-container elementor-column-gap-default\">\n\t\t\t\t\t<div class=\"elementor-column elementor-col-33 elementor-top-column elementor-element elementor-element-7ea0137\" data-id=\"7ea0137\" data-element_type=\"column\" data-e-type=\"column\">\n\t\t\t<div class=\"elementor-widget-wrap elementor-element-populated\">\n\t\t\t\t\t\t<div class=\"elementor-element elementor-element-94f828e elementor-widget elementor-widget-image\" data-id=\"94f828e\" data-element_type=\"widget\" data-e-type=\"widget\" data-widget_type=\"image.default\">\n\t\t\t\t\t\t\t\t\t\t\t\t\t\t\t<img decoding=\"async\" width=\"145\" height=\"300\" src=\"https:\/\/www.foretdesainthubert-tourisme.be\/wp-content\/uploads\/2021\/03\/info_chasse-145x300.jpg\" class=\"attachment-medium size-medium wp-image-7708\" alt=\"Affiche jaune (information chasse)\" srcset=\"https:\/\/www.foretdesainthubert-tourisme.be\/wp-content\/uploads\/2021\/03\/info_chasse-145x300.jpg 145w, https:\/\/www.foretdesainthubert-tourisme.be\/wp-content\/uploads\/2021\/03\/info_chasse.jpg 265w\" sizes=\"(max-width: 145px) 100vw, 145px\" \/>\t\t\t\t\t\t\t\t\t\t\t\t\t\t\t<\/div>\n\t\t\t\t\t<\/div>\n\t\t<\/div>\n\t\t\t\t<div class=\"elementor-column elementor-col-33 elementor-top-column elementor-element elementor-element-599999a\" data-id=\"599999a\" data-element_type=\"column\" data-e-type=\"column\">\n\t\t\t<div class=\"elementor-widget-wrap elementor-element-populated\">\n\t\t\t\t\t\t<div class=\"elementor-element elementor-element-2aa1dcf elementor-widget elementor-widget-image\" data-id=\"2aa1dcf\" data-element_type=\"widget\" data-e-type=\"widget\" data-widget_type=\"image.default\">\n\t\t\t\t\t\t\t\t\t\t\t\t\t\t\t<img decoding=\"async\" width=\"144\" height=\"300\" src=\"https:\/\/www.foretdesainthubert-tourisme.be\/wp-content\/uploads\/2021\/03\/BATTUES-144x300.jpg\" class=\"attachment-medium size-medium wp-image-7704\" alt=\"Affiche rouge (interdiction chasse)\" srcset=\"https:\/\/www.foretdesainthubert-tourisme.be\/wp-content\/uploads\/2021\/03\/BATTUES-144x300.jpg 144w, https:\/\/www.foretdesainthubert-tourisme.be\/wp-content\/uploads\/2021\/03\/BATTUES-491x1024.jpg 491w, https:\/\/www.foretdesainthubert-tourisme.be\/wp-content\/uploads\/2021\/03\/BATTUES-768x1603.jpg 768w, https:\/\/www.foretdesainthubert-tourisme.be\/wp-content\/uploads\/2021\/03\/BATTUES-736x1536.jpg 736w, https:\/\/www.foretdesainthubert-tourisme.be\/wp-content\/uploads\/2021\/03\/BATTUES-981x2048.jpg 981w, https:\/\/www.foretdesainthubert-tourisme.be\/wp-content\/uploads\/2021\/03\/BATTUES.jpg 1091w\" sizes=\"(max-width: 144px) 100vw, 144px\" \/>\t\t\t\t\t\t\t\t\t\t\t\t\t\t\t<\/div>\n\t\t\t\t\t<\/div>\n\t\t<\/div>\n\t\t\t\t<div class=\"elementor-column elementor-col-33 elementor-top-column elementor-element elementor-element-95a80b8\" data-id=\"95a80b8\" data-element_type=\"column\" data-e-type=\"column\">\n\t\t\t<div class=\"elementor-widget-wrap elementor-element-populated\">\n\t\t\t\t\t\t<div class=\"elementor-element elementor-element-fa20c6d elementor-widget elementor-widget-image\" data-id=\"fa20c6d\" data-element_type=\"widget\" data-e-type=\"widget\" data-widget_type=\"image.default\">\n\t\t\t\t\t\t\t\t\t\t\t\t\t\t\t<img decoding=\"async\" width=\"144\" height=\"300\" src=\"https:\/\/www.foretdesainthubert-tourisme.be\/wp-content\/uploads\/2021\/03\/AFFUT-144x300.jpg\" class=\"attachment-medium size-medium wp-image-7700\" alt=\"Affiche rouge (interdiction chasse)\" srcset=\"https:\/\/www.foretdesainthubert-tourisme.be\/wp-content\/uploads\/2021\/03\/AFFUT-144x300.jpg 144w, https:\/\/www.foretdesainthubert-tourisme.be\/wp-content\/uploads\/2021\/03\/AFFUT-491x1024.jpg 491w, https:\/\/www.foretdesainthubert-tourisme.be\/wp-content\/uploads\/2021\/03\/AFFUT-768x1601.jpg 768w, https:\/\/www.foretdesainthubert-tourisme.be\/wp-content\/uploads\/2021\/03\/AFFUT-737x1536.jpg 737w, https:\/\/www.foretdesainthubert-tourisme.be\/wp-content\/uploads\/2021\/03\/AFFUT-982x2048.jpg 982w, https:\/\/www.foretdesainthubert-tourisme.be\/wp-content\/uploads\/2021\/03\/AFFUT.jpg 1087w\" sizes=\"(max-width: 144px) 100vw, 144px\" \/>\t\t\t\t\t\t\t\t\t\t\t\t\t\t\t<\/div>\n\t\t\t\t\t<\/div>\n\t\t<\/div>\n\t\t\t\t\t<\/div>\n\t\t<\/section>\n\t\t\t\t<section class=\"elementor-section elementor-top-section elementor-element elementor-element-3457b44 elementor-section-boxed elementor-section-height-default elementor-section-height-default\" data-id=\"3457b44\" data-element_type=\"section\" data-e-type=\"section\">\n\t\t\t\t\t\t<div class=\"elementor-container elementor-column-gap-default\">\n\t\t\t\t\t<div class=\"elementor-column elementor-col-50 elementor-top-column elementor-element elementor-element-bf3d8f6\" data-id=\"bf3d8f6\" data-element_type=\"column\" data-e-type=\"column\">\n\t\t\t<div class=\"elementor-widget-wrap elementor-element-populated\">\n\t\t\t\t\t\t<div class=\"elementor-element elementor-element-a56007f elementor-widget elementor-widget-text-editor\" data-id=\"a56007f\" data-element_type=\"widget\" data-e-type=\"widget\" data-widget_type=\"text-editor.default\">\n\t\t\t\t\t\t\t\t\t<h3>Die gelben Tafeln<\/h3>\n<p><span style=\"font-weight: 400;\">Diese Plakate geben Ihnen <\/span><b>Informationen<\/b><span style=\"font-weight: 400;\">.<br \/>\n<\/span><span style=\"font-weight: 400;\">Sie erm\u00f6glichen es Ihnen, Ihre zuk\u00fcnftigen Herbstwanderungen unter Ber\u00fccksichtigung der Jagdzonen zu planen.<\/span><\/p>\n<p><span style=\"font-weight: 400;\">Weitere Informationen erhalten Sie auch bei den Kantonen der Abteilung f\u00fcr Natur und Wald und beim Maison du Tourisme.<\/span><\/p>\n\t\t\t\t\t\t\t\t<\/div>\n\t\t\t\t\t<\/div>\n\t\t<\/div>\n\t\t\t\t<div class=\"elementor-column elementor-col-50 elementor-top-column elementor-element elementor-element-d5b431e\" data-id=\"d5b431e\" data-element_type=\"column\" data-e-type=\"column\">\n\t\t\t<div class=\"elementor-widget-wrap elementor-element-populated\">\n\t\t\t\t\t\t<div class=\"elementor-element elementor-element-e7a4a56 elementor-widget elementor-widget-text-editor\" data-id=\"e7a4a56\" data-element_type=\"widget\" data-e-type=\"widget\" data-widget_type=\"text-editor.default\">\n\t\t\t\t\t\t\t\t\t<h3>Die roten Tafeln<\/h3>\n<p><span style=\"font-weight: 400;\">Diese Plakate geben die <\/span><b>Verbote<\/b><span style=\"font-weight: 400;\"> an.<br \/>\n<\/span><span style=\"font-weight: 400;\">Sie k\u00f6nnen vor einer &#8222;Treibjagd&#8220; warnen, bei der J\u00e4ger entlang einer Feuerschneise, eines Weges oder sogar einer Stra\u00dfe auf das von F\u00e4hrtenlesern und Hunden getriebene Wild warten.<\/span><\/p>\n<p><span style=\"font-weight: 400;\">Dieser Teil des Waldes ist zu diesen Zeiten f\u00fcr Wanderer gesperrt. Diese Anzeichen k\u00f6nnen auch auf eine Periode der Triebjagd hinweisen.<\/span><\/p>\n\t\t\t\t\t\t\t\t<\/div>\n\t\t\t\t\t<\/div>\n\t\t<\/div>\n\t\t\t\t\t<\/div>\n\t\t<\/section>\n\t\t\t\t<section class=\"elementor-section elementor-top-section elementor-element elementor-element-7e3ebb9 elementor-section-boxed elementor-section-height-default elementor-section-height-default\" data-id=\"7e3ebb9\" data-element_type=\"section\" data-e-type=\"section\">\n\t\t\t\t\t\t<div class=\"elementor-container elementor-column-gap-default\">\n\t\t\t\t\t<div class=\"elementor-column elementor-col-50 elementor-top-column elementor-element elementor-element-525d10a\" data-id=\"525d10a\" data-element_type=\"column\" data-e-type=\"column\">\n\t\t\t<div class=\"elementor-widget-wrap elementor-element-populated\">\n\t\t\t\t\t\t<div class=\"elementor-element elementor-element-fb13f09 content-align-cta-default elementor-widget elementor-widget-eael-cta-box\" data-id=\"fb13f09\" data-element_type=\"widget\" data-e-type=\"widget\" data-widget_type=\"eael-cta-box.default\">\n\t\t\t\t\t\t\t<div class=\"eael-call-to-action cta-basic bg-img bg-fixed cta-preset-1\">\n        <h2 class=\"title eael-cta-heading\">D\u00e9partement Nature et For\u00eat (Natur und Forstwirtschaft)<\/h2><a href=\"http:\/\/environnement.wallonie.be\/cgi\/dgrne\/plateforme_dgrne\/visiteur\/v2\/frameset.cfm?page=http:\/\/environnement.wallonie.be\/administration\/dnf.htm\" class=\"cta-button cta-preset-1  \">zur Website<\/a>\t<\/div>\n\t\t\t\t\t\t\t\t<\/div>\n\t\t\t\t\t<\/div>\n\t\t<\/div>\n\t\t\t\t<div class=\"elementor-column elementor-col-50 elementor-top-column elementor-element elementor-element-66882a5\" data-id=\"66882a5\" data-element_type=\"column\" data-e-type=\"column\">\n\t\t\t<div class=\"elementor-widget-wrap elementor-element-populated\">\n\t\t\t\t\t\t<div class=\"elementor-element elementor-element-67c2e3b content-align-cta-default elementor-widget elementor-widget-eael-cta-box\" data-id=\"67c2e3b\" data-element_type=\"widget\" data-e-type=\"widget\" data-widget_type=\"eael-cta-box.default\">\n\t\t\t\t\t\t\t<div class=\"eael-call-to-action cta-basic bg-img bg-fixed cta-preset-1\">\n        <h2 class=\"title eael-cta-heading\">Maison du Tourisme<\/h2><a href=\"tel:+32%2061%2061%2030%2010\" class=\"cta-button cta-preset-1  \">Anrufen<\/a>\t<\/div>\n\t\t\t\t\t\t\t\t<\/div>\n\t\t\t\t\t<\/div>\n\t\t<\/div>\n\t\t\t\t\t<\/div>\n\t\t<\/section>\n\t\t\t\t<section class=\"elementor-section elementor-top-section elementor-element elementor-element-7c9a7b0 elementor-section-boxed elementor-section-height-default elementor-section-height-default\" data-id=\"7c9a7b0\" data-element_type=\"section\" data-e-type=\"section\">\n\t\t\t\t\t\t<div class=\"elementor-container elementor-column-gap-default\">\n\t\t\t\t\t<div class=\"elementor-column elementor-col-100 elementor-top-column elementor-element elementor-element-687e9ee\" data-id=\"687e9ee\" data-element_type=\"column\" data-e-type=\"column\">\n\t\t\t<div class=\"elementor-widget-wrap elementor-element-populated\">\n\t\t\t\t\t\t<div class=\"elementor-element elementor-element-ca51be0 content-align-cta-center elementor-widget elementor-widget-eael-cta-box\" data-id=\"ca51be0\" data-element_type=\"widget\" data-e-type=\"widget\" data-widget_type=\"eael-cta-box.default\">\n\t\t\t\t\t\t\t<div class=\"eael-call-to-action cta-basic bg-img bg-fixed cta-preset-1\">\n        <h2 class=\"title eael-cta-heading\">Link H\u00e4ufig gestellte Fragen<\/h2><a href=\"https:\/\/www.foretdesainthubert-tourisme.be\/de\/haeufig-gestellte-fragen\/\" class=\"cta-button cta-preset-1  \">Link H\u00e4ufig gestellte Fragen<\/a>\t<\/div>\n\t\t\t\t\t\t\t\t<\/div>\n\t\t\t\t\t<\/div>\n\t\t<\/div>\n\t\t\t\t\t<\/div>\n\t\t<\/section>\n\t\t\t\t<section class=\"elementor-section elementor-top-section elementor-element elementor-element-01a570f elementor-section-boxed elementor-section-height-default elementor-section-height-default\" data-id=\"01a570f\" data-element_type=\"section\" data-e-type=\"section\">\n\t\t\t\t\t\t<div class=\"elementor-container elementor-column-gap-default\">\n\t\t\t\t\t<div class=\"elementor-column elementor-col-25 elementor-top-column elementor-element elementor-element-0aa8cf5\" data-id=\"0aa8cf5\" data-element_type=\"column\" data-e-type=\"column\">\n\t\t\t<div class=\"elementor-widget-wrap elementor-element-populated\">\n\t\t\t\t\t\t<div class=\"elementor-element elementor-element-e87423b elementor-widget elementor-widget-image\" data-id=\"e87423b\" data-element_type=\"widget\" data-e-type=\"widget\" data-widget_type=\"image.default\">\n\t\t\t\t\t\t\t\t\t\t\t\t\t\t\t<img loading=\"lazy\" decoding=\"async\" width=\"1024\" height=\"768\" src=\"https:\/\/www.foretdesainthubert-tourisme.be\/wp-content\/uploads\/2024\/10\/VTT_Foret_de_Saint-Michel_\u00a9_MTFSH_TEXTO_Pascal_Willems_126-1024x768.jpg\" class=\"attachment-large size-large wp-image-31303\" alt=\"\" srcset=\"https:\/\/www.foretdesainthubert-tourisme.be\/wp-content\/uploads\/2024\/10\/VTT_Foret_de_Saint-Michel_\u00a9_MTFSH_TEXTO_Pascal_Willems_126-1024x768.jpg 1024w, https:\/\/www.foretdesainthubert-tourisme.be\/wp-content\/uploads\/2024\/10\/VTT_Foret_de_Saint-Michel_\u00a9_MTFSH_TEXTO_Pascal_Willems_126-300x225.jpg 300w, https:\/\/www.foretdesainthubert-tourisme.be\/wp-content\/uploads\/2024\/10\/VTT_Foret_de_Saint-Michel_\u00a9_MTFSH_TEXTO_Pascal_Willems_126-768x576.jpg 768w, https:\/\/www.foretdesainthubert-tourisme.be\/wp-content\/uploads\/2024\/10\/VTT_Foret_de_Saint-Michel_\u00a9_MTFSH_TEXTO_Pascal_Willems_126-1536x1152.jpg 1536w, https:\/\/www.foretdesainthubert-tourisme.be\/wp-content\/uploads\/2024\/10\/VTT_Foret_de_Saint-Michel_\u00a9_MTFSH_TEXTO_Pascal_Willems_126-2048x1536.jpg 2048w\" sizes=\"(max-width: 1024px) 100vw, 1024px\" \/>\t\t\t\t\t\t\t\t\t\t\t\t\t\t\t<\/div>\n\t\t\t\t\t<\/div>\n\t\t<\/div>\n\t\t\t\t<div class=\"elementor-column elementor-col-25 elementor-top-column elementor-element elementor-element-1d0eb35\" data-id=\"1d0eb35\" data-element_type=\"column\" data-e-type=\"column\">\n\t\t\t<div class=\"elementor-widget-wrap elementor-element-populated\">\n\t\t\t\t\t\t<div class=\"elementor-element elementor-element-09bc250 elementor-widget elementor-widget-image\" data-id=\"09bc250\" data-element_type=\"widget\" data-e-type=\"widget\" data-widget_type=\"image.default\">\n\t\t\t\t\t\t\t\t\t\t\t\t\t\t\t<img loading=\"lazy\" decoding=\"async\" width=\"1024\" height=\"768\" src=\"https:\/\/www.foretdesainthubert-tourisme.be\/wp-content\/uploads\/2024\/10\/Foret-de-sainthubert\u00a9_MTFSH_TEXTO_Pascal_Willems_60-1024x768.jpg\" class=\"attachment-large size-large wp-image-31307\" alt=\"\" srcset=\"https:\/\/www.foretdesainthubert-tourisme.be\/wp-content\/uploads\/2024\/10\/Foret-de-sainthubert\u00a9_MTFSH_TEXTO_Pascal_Willems_60-1024x768.jpg 1024w, https:\/\/www.foretdesainthubert-tourisme.be\/wp-content\/uploads\/2024\/10\/Foret-de-sainthubert\u00a9_MTFSH_TEXTO_Pascal_Willems_60-300x225.jpg 300w, https:\/\/www.foretdesainthubert-tourisme.be\/wp-content\/uploads\/2024\/10\/Foret-de-sainthubert\u00a9_MTFSH_TEXTO_Pascal_Willems_60-768x576.jpg 768w, https:\/\/www.foretdesainthubert-tourisme.be\/wp-content\/uploads\/2024\/10\/Foret-de-sainthubert\u00a9_MTFSH_TEXTO_Pascal_Willems_60-1536x1152.jpg 1536w, https:\/\/www.foretdesainthubert-tourisme.be\/wp-content\/uploads\/2024\/10\/Foret-de-sainthubert\u00a9_MTFSH_TEXTO_Pascal_Willems_60-2048x1536.jpg 2048w\" sizes=\"(max-width: 1024px) 100vw, 1024px\" \/>\t\t\t\t\t\t\t\t\t\t\t\t\t\t\t<\/div>\n\t\t\t\t\t<\/div>\n\t\t<\/div>\n\t\t\t\t<div class=\"elementor-column elementor-col-25 elementor-top-column elementor-element elementor-element-924337d\" data-id=\"924337d\" data-element_type=\"column\" data-e-type=\"column\">\n\t\t\t<div class=\"elementor-widget-wrap elementor-element-populated\">\n\t\t\t\t\t\t<div class=\"elementor-element elementor-element-cf8e80f elementor-widget elementor-widget-image\" data-id=\"cf8e80f\" data-element_type=\"widget\" data-e-type=\"widget\" data-widget_type=\"image.default\">\n\t\t\t\t\t\t\t\t\t\t\t\t\t\t\t<img loading=\"lazy\" decoding=\"async\" width=\"1024\" height=\"748\" src=\"https:\/\/www.foretdesainthubert-tourisme.be\/wp-content\/uploads\/2024\/10\/Foret-de-sainthubert\u00a9_MTFSH_TEXTO_Pascal_Willems_61-1024x748.jpg\" class=\"attachment-large size-large wp-image-31311\" alt=\"\" srcset=\"https:\/\/www.foretdesainthubert-tourisme.be\/wp-content\/uploads\/2024\/10\/Foret-de-sainthubert\u00a9_MTFSH_TEXTO_Pascal_Willems_61-1024x748.jpg 1024w, https:\/\/www.foretdesainthubert-tourisme.be\/wp-content\/uploads\/2024\/10\/Foret-de-sainthubert\u00a9_MTFSH_TEXTO_Pascal_Willems_61-300x219.jpg 300w, https:\/\/www.foretdesainthubert-tourisme.be\/wp-content\/uploads\/2024\/10\/Foret-de-sainthubert\u00a9_MTFSH_TEXTO_Pascal_Willems_61-768x561.jpg 768w, https:\/\/www.foretdesainthubert-tourisme.be\/wp-content\/uploads\/2024\/10\/Foret-de-sainthubert\u00a9_MTFSH_TEXTO_Pascal_Willems_61-1536x1122.jpg 1536w, https:\/\/www.foretdesainthubert-tourisme.be\/wp-content\/uploads\/2024\/10\/Foret-de-sainthubert\u00a9_MTFSH_TEXTO_Pascal_Willems_61-2048x1496.jpg 2048w\" sizes=\"(max-width: 1024px) 100vw, 1024px\" \/>\t\t\t\t\t\t\t\t\t\t\t\t\t\t\t<\/div>\n\t\t\t\t\t<\/div>\n\t\t<\/div>\n\t\t\t\t<div class=\"elementor-column elementor-col-25 elementor-top-column elementor-element elementor-element-290f101\" data-id=\"290f101\" data-element_type=\"column\" data-e-type=\"column\">\n\t\t\t<div class=\"elementor-widget-wrap elementor-element-populated\">\n\t\t\t\t\t\t<div class=\"elementor-element elementor-element-9905f08 elementor-widget elementor-widget-image\" data-id=\"9905f08\" data-element_type=\"widget\" data-e-type=\"widget\" data-widget_type=\"image.default\">\n\t\t\t\t\t\t\t\t\t\t\t\t\t\t\t<img loading=\"lazy\" decoding=\"async\" width=\"1024\" height=\"725\" src=\"https:\/\/www.foretdesainthubert-tourisme.be\/wp-content\/uploads\/2024\/10\/Foret-de-sainthubert\u00a9_MTFSH_TEXTO_Pascal_Willems_59-1024x725.jpg\" class=\"attachment-large size-large wp-image-31315\" alt=\"\" srcset=\"https:\/\/www.foretdesainthubert-tourisme.be\/wp-content\/uploads\/2024\/10\/Foret-de-sainthubert\u00a9_MTFSH_TEXTO_Pascal_Willems_59-1024x725.jpg 1024w, https:\/\/www.foretdesainthubert-tourisme.be\/wp-content\/uploads\/2024\/10\/Foret-de-sainthubert\u00a9_MTFSH_TEXTO_Pascal_Willems_59-300x212.jpg 300w, https:\/\/www.foretdesainthubert-tourisme.be\/wp-content\/uploads\/2024\/10\/Foret-de-sainthubert\u00a9_MTFSH_TEXTO_Pascal_Willems_59-768x544.jpg 768w, https:\/\/www.foretdesainthubert-tourisme.be\/wp-content\/uploads\/2024\/10\/Foret-de-sainthubert\u00a9_MTFSH_TEXTO_Pascal_Willems_59-1536x1088.jpg 1536w, https:\/\/www.foretdesainthubert-tourisme.be\/wp-content\/uploads\/2024\/10\/Foret-de-sainthubert\u00a9_MTFSH_TEXTO_Pascal_Willems_59-2048x1450.jpg 2048w\" sizes=\"(max-width: 1024px) 100vw, 1024px\" \/>\t\t\t\t\t\t\t\t\t\t\t\t\t\t\t<\/div>\n\t\t\t\t\t<\/div>\n\t\t<\/div>\n\t\t\t\t\t<\/div>\n\t\t<\/section>\n\t\t\t\t<section class=\"elementor-section elementor-top-section elementor-element elementor-element-c24b73b elementor-section-boxed elementor-section-height-default elementor-section-height-default\" data-id=\"c24b73b\" data-element_type=\"section\" data-e-type=\"section\">\n\t\t\t\t\t\t<div class=\"elementor-container elementor-column-gap-default\">\n\t\t\t\t\t<div class=\"elementor-column elementor-col-50 elementor-top-column elementor-element elementor-element-c35259f\" data-id=\"c35259f\" data-element_type=\"column\" data-e-type=\"column\">\n\t\t\t<div class=\"elementor-widget-wrap elementor-element-populated\">\n\t\t\t\t\t\t<div class=\"elementor-element elementor-element-cd003da elementor-widget elementor-widget-image\" data-id=\"cd003da\" data-element_type=\"widget\" data-e-type=\"widget\" data-widget_type=\"image.default\">\n\t\t\t\t\t\t\t\t\t\t\t\t\t\t\t<img loading=\"lazy\" decoding=\"async\" width=\"1024\" height=\"722\" src=\"https:\/\/www.foretdesainthubert-tourisme.be\/wp-content\/uploads\/2024\/10\/promenade-gris-han\u00a9MTFSH-TEXTO_Pascal_Willems_35-1024x722.jpg\" class=\"attachment-large size-large wp-image-31656\" alt=\"\" srcset=\"https:\/\/www.foretdesainthubert-tourisme.be\/wp-content\/uploads\/2024\/10\/promenade-gris-han\u00a9MTFSH-TEXTO_Pascal_Willems_35-1024x722.jpg 1024w, https:\/\/www.foretdesainthubert-tourisme.be\/wp-content\/uploads\/2024\/10\/promenade-gris-han\u00a9MTFSH-TEXTO_Pascal_Willems_35-300x212.jpg 300w, https:\/\/www.foretdesainthubert-tourisme.be\/wp-content\/uploads\/2024\/10\/promenade-gris-han\u00a9MTFSH-TEXTO_Pascal_Willems_35-768x542.jpg 768w, https:\/\/www.foretdesainthubert-tourisme.be\/wp-content\/uploads\/2024\/10\/promenade-gris-han\u00a9MTFSH-TEXTO_Pascal_Willems_35-1536x1083.jpg 1536w, https:\/\/www.foretdesainthubert-tourisme.be\/wp-content\/uploads\/2024\/10\/promenade-gris-han\u00a9MTFSH-TEXTO_Pascal_Willems_35-2048x1445.jpg 2048w\" sizes=\"(max-width: 1024px) 100vw, 1024px\" \/>\t\t\t\t\t\t\t\t\t\t\t\t\t\t\t<\/div>\n\t\t\t\t\t<\/div>\n\t\t<\/div>\n\t\t\t\t<div class=\"elementor-column elementor-col-50 elementor-top-column elementor-element elementor-element-831cc2b\" data-id=\"831cc2b\" data-element_type=\"column\" data-e-type=\"column\">\n\t\t\t<div class=\"elementor-widget-wrap elementor-element-populated\">\n\t\t\t\t\t\t<div class=\"elementor-element elementor-element-7b86d13 elementor-widget elementor-widget-image\" data-id=\"7b86d13\" data-element_type=\"widget\" data-e-type=\"widget\" data-widget_type=\"image.default\">\n\t\t\t\t\t\t\t\t\t\t\t\t\t\t\t<img loading=\"lazy\" decoding=\"async\" width=\"1024\" height=\"718\" src=\"https:\/\/www.foretdesainthubert-tourisme.be\/wp-content\/uploads\/2024\/10\/promenade-gris-han\u00a9MTFSH-TEXTO_Pascal_Willems_8-1024x718.jpg\" class=\"attachment-large size-large wp-image-31660\" alt=\"\" srcset=\"https:\/\/www.foretdesainthubert-tourisme.be\/wp-content\/uploads\/2024\/10\/promenade-gris-han\u00a9MTFSH-TEXTO_Pascal_Willems_8-1024x718.jpg 1024w, https:\/\/www.foretdesainthubert-tourisme.be\/wp-content\/uploads\/2024\/10\/promenade-gris-han\u00a9MTFSH-TEXTO_Pascal_Willems_8-300x210.jpg 300w, https:\/\/www.foretdesainthubert-tourisme.be\/wp-content\/uploads\/2024\/10\/promenade-gris-han\u00a9MTFSH-TEXTO_Pascal_Willems_8-768x538.jpg 768w, https:\/\/www.foretdesainthubert-tourisme.be\/wp-content\/uploads\/2024\/10\/promenade-gris-han\u00a9MTFSH-TEXTO_Pascal_Willems_8-1536x1077.jpg 1536w, https:\/\/www.foretdesainthubert-tourisme.be\/wp-content\/uploads\/2024\/10\/promenade-gris-han\u00a9MTFSH-TEXTO_Pascal_Willems_8-2048x1436.jpg 2048w\" sizes=\"(max-width: 1024px) 100vw, 1024px\" \/>\t\t\t\t\t\t\t\t\t\t\t\t\t\t\t<\/div>\n\t\t\t\t\t<\/div>\n\t\t<\/div>\n\t\t\t\t\t<\/div>\n\t\t<\/section>\n\t\t\t\t<\/div>\n\t\t","protected":false},"excerpt":{"rendered":"<p>Wo kann man w\u00e4hrend der Jagdzeit wandern? Die Jagdzeit f\u00fcr Treibjagden beginnt am 1. Oktober und endet am 31. Dezember. Sie kann sich bis in den Januar oder sogar Februar erstrecken.Dank des umfangreichen Wandernetzes im Wald von Saint-Hubert sind auch w\u00e4hrend dieser Zeit zahlreiche Wanderwege zug\u00e4nglich. Die Kalender, die Sie auf dieser Seite herunterladen k\u00f6nnen, [&hellip;]<\/p>\n","protected":false},"author":2,"featured_media":11256,"parent":0,"menu_order":0,"comment_status":"closed","ping_status":"closed","template":"","meta":{"_seopress_robots_primary_cat":"","_seopress_titles_title":"In den Ardennen w\u00e4hrend der Zeit der Treibjagd wandern","_seopress_titles_desc":"Dank des gro\u00dfen Netzes an Wanderwegen im St-Hubert-Wald kann man zu jeder Jahreszeit wandern. Informationen im Maison du Tourisme.","_seopress_robots_index":"","site-sidebar-layout":"no-sidebar","site-content-layout":"page-builder","ast-site-content-layout":"full-width-container","site-content-style":"unboxed","site-sidebar-style":"unboxed","ast-global-header-display":"","ast-banner-title-visibility":"","ast-main-header-display":"","ast-hfb-above-header-display":"","ast-hfb-below-header-display":"","ast-hfb-mobile-header-display":"","site-post-title":"disabled","ast-breadcrumbs-content":"","ast-featured-img":"disabled","footer-sml-layout":"","ast-disable-related-posts":"","theme-transparent-header-meta":"default","adv-header-id-meta":"","stick-header-meta":"","header-above-stick-meta":"","header-main-stick-meta":"","header-below-stick-meta":"","astra-migrate-meta-layouts":"default","ast-page-background-enabled":"default","ast-page-background-meta":{"desktop":{"background-color":"","background-image":"","background-repeat":"repeat","background-position":"center center","background-size":"auto","background-attachment":"scroll","background-type":"","background-media":"","overlay-type":"","overlay-color":"","overlay-opacity":"","overlay-gradient":""},"tablet":{"background-color":"","background-image":"","background-repeat":"repeat","background-position":"center center","background-size":"auto","background-attachment":"scroll","background-type":"","background-media":"","overlay-type":"","overlay-color":"","overlay-opacity":"","overlay-gradient":""},"mobile":{"background-color":"","background-image":"","background-repeat":"repeat","background-position":"center center","background-size":"auto","background-attachment":"scroll","background-type":"","background-media":"","overlay-type":"","overlay-color":"","overlay-opacity":"","overlay-gradient":""}},"ast-content-background-meta":{"desktop":{"background-color":"var(--ast-global-color-5)","background-image":"","background-repeat":"repeat","background-position":"center center","background-size":"auto","background-attachment":"scroll","background-type":"","background-media":"","overlay-type":"","overlay-color":"","overlay-opacity":"","overlay-gradient":""},"tablet":{"background-color":"var(--ast-global-color-5)","background-image":"","background-repeat":"repeat","background-position":"center center","background-size":"auto","background-attachment":"scroll","background-type":"","background-media":"","overlay-type":"","overlay-color":"","overlay-opacity":"","overlay-gradient":""},"mobile":{"background-color":"var(--ast-global-color-5)","background-image":"","background-repeat":"repeat","background-position":"center center","background-size":"auto","background-attachment":"scroll","background-type":"","background-media":"","overlay-type":"","overlay-color":"","overlay-opacity":"","overlay-gradient":""}},"footnotes":""},"categories":[],"class_list":["post-7638","page","type-page","status-publish","has-post-thumbnail","hentry"],"_links":{"self":[{"href":"https:\/\/www.foretdesainthubert-tourisme.be\/de\/wp-json\/wp\/v2\/pages\/7638","targetHints":{"allow":["GET"]}}],"collection":[{"href":"https:\/\/www.foretdesainthubert-tourisme.be\/de\/wp-json\/wp\/v2\/pages"}],"about":[{"href":"https:\/\/www.foretdesainthubert-tourisme.be\/de\/wp-json\/wp\/v2\/types\/page"}],"author":[{"embeddable":true,"href":"https:\/\/www.foretdesainthubert-tourisme.be\/de\/wp-json\/wp\/v2\/users\/2"}],"replies":[{"embeddable":true,"href":"https:\/\/www.foretdesainthubert-tourisme.be\/de\/wp-json\/wp\/v2\/comments?post=7638"}],"version-history":[{"count":5,"href":"https:\/\/www.foretdesainthubert-tourisme.be\/de\/wp-json\/wp\/v2\/pages\/7638\/revisions"}],"predecessor-version":[{"id":35966,"href":"https:\/\/www.foretdesainthubert-tourisme.be\/de\/wp-json\/wp\/v2\/pages\/7638\/revisions\/35966"}],"wp:featuredmedia":[{"embeddable":true,"href":"https:\/\/www.foretdesainthubert-tourisme.be\/de\/wp-json\/wp\/v2\/media\/11256"}],"wp:attachment":[{"href":"https:\/\/www.foretdesainthubert-tourisme.be\/de\/wp-json\/wp\/v2\/media?parent=7638"}],"wp:term":[{"taxonomy":"category","embeddable":true,"href":"https:\/\/www.foretdesainthubert-tourisme.be\/de\/wp-json\/wp\/v2\/categories?post=7638"}],"curies":[{"name":"wp","href":"https:\/\/api.w.org\/{rel}","templated":true}]}}