{"id":9260,"date":"2021-04-26T13:43:06","date_gmt":"2021-04-26T11:43:06","guid":{"rendered":"https:\/\/www.foretdesainthubert-tourisme.be\/thematische-wanderungen\/"},"modified":"2026-02-28T14:08:29","modified_gmt":"2026-02-28T13:08:29","slug":"thematische-wanderungen","status":"publish","type":"page","link":"https:\/\/www.foretdesainthubert-tourisme.be\/de\/thematische-wanderungen\/","title":{"rendered":"Thematische Wanderungen"},"content":{"rendered":"\t\t<div data-elementor-type=\"wp-page\" data-elementor-id=\"9260\" class=\"elementor elementor-9260 elementor-8756\" data-elementor-post-type=\"page\">\n\t\t\t\t\t\t<section class=\"elementor-section elementor-top-section elementor-element elementor-element-2d64a399 elementor-section-full_width elementor-section-height-default elementor-section-height-default\" data-id=\"2d64a399\" data-element_type=\"section\" data-e-type=\"section\" data-settings=\"{&quot;background_background&quot;:&quot;classic&quot;}\">\n\t\t\t\t\t\t\t<div class=\"elementor-background-overlay\"><\/div>\n\t\t\t\t\t\t\t<div class=\"elementor-container elementor-column-gap-default\">\n\t\t\t\t\t<div class=\"elementor-column elementor-col-100 elementor-top-column elementor-element elementor-element-60514c6b\" data-id=\"60514c6b\" data-element_type=\"column\" data-e-type=\"column\">\n\t\t\t<div class=\"elementor-widget-wrap elementor-element-populated\">\n\t\t\t\t\t\t\t<\/div>\n\t\t<\/div>\n\t\t\t\t\t<\/div>\n\t\t<\/section>\n\t\t\t\t<section class=\"elementor-section elementor-top-section elementor-element elementor-element-b4484ae elementor-section-boxed elementor-section-height-default elementor-section-height-default\" data-id=\"b4484ae\" data-element_type=\"section\" data-e-type=\"section\">\n\t\t\t\t\t\t<div class=\"elementor-container elementor-column-gap-default\">\n\t\t\t\t\t<div class=\"elementor-column elementor-col-100 elementor-top-column elementor-element elementor-element-0c090fa\" data-id=\"0c090fa\" data-element_type=\"column\" data-e-type=\"column\">\n\t\t\t<div class=\"elementor-widget-wrap elementor-element-populated\">\n\t\t\t\t\t\t<div class=\"elementor-element elementor-element-c517c7d elementor-widget elementor-widget-heading\" data-id=\"c517c7d\" data-element_type=\"widget\" data-e-type=\"widget\" data-widget_type=\"heading.default\">\n\t\t\t\t\t<h1 class=\"elementor-heading-title elementor-size-default\">lernen beim Spazierengehen<\/h1>\t\t\t\t<\/div>\n\t\t\t\t\t<\/div>\n\t\t<\/div>\n\t\t\t\t\t<\/div>\n\t\t<\/section>\n\t\t\t\t<section class=\"elementor-section elementor-top-section elementor-element elementor-element-469cb33 elementor-section-boxed elementor-section-height-default elementor-section-height-default\" data-id=\"469cb33\" data-element_type=\"section\" data-e-type=\"section\">\n\t\t\t\t\t\t<div class=\"elementor-container elementor-column-gap-default\">\n\t\t\t\t\t<div class=\"elementor-column elementor-col-100 elementor-top-column elementor-element elementor-element-f83407e\" data-id=\"f83407e\" data-element_type=\"column\" data-e-type=\"column\">\n\t\t\t<div class=\"elementor-widget-wrap elementor-element-populated\">\n\t\t\t\t\t\t<div class=\"elementor-element elementor-element-08adafd elementor-widget elementor-widget-heading\" data-id=\"08adafd\" data-element_type=\"widget\" data-e-type=\"widget\" data-widget_type=\"heading.default\">\n\t\t\t\t\t<h2 class=\"elementor-heading-title elementor-size-default\">In der Gemeinde Wellin<\/h2>\t\t\t\t<\/div>\n\t\t\t\t\t<\/div>\n\t\t<\/div>\n\t\t\t\t\t<\/div>\n\t\t<\/section>\n\t\t\t\t<section class=\"elementor-section elementor-top-section elementor-element elementor-element-179fca4 elementor-section-boxed elementor-section-height-default elementor-section-height-default\" data-id=\"179fca4\" data-element_type=\"section\" data-e-type=\"section\">\n\t\t\t\t\t\t<div class=\"elementor-container elementor-column-gap-default\">\n\t\t\t\t\t<div class=\"elementor-column elementor-col-100 elementor-top-column elementor-element elementor-element-03dffad\" data-id=\"03dffad\" data-element_type=\"column\" data-e-type=\"column\">\n\t\t\t<div class=\"elementor-widget-wrap elementor-element-populated\">\n\t\t\t\t\t\t<div class=\"elementor-element elementor-element-145152e elementor-widget elementor-widget-heading\" data-id=\"145152e\" data-element_type=\"widget\" data-e-type=\"widget\" data-widget_type=\"heading.default\">\n\t\t\t\t\t<h3 class=\"elementor-heading-title elementor-size-default\">Die Entdeckung der Calestienne<\/h3>\t\t\t\t<\/div>\n\t\t\t\t\t<\/div>\n\t\t<\/div>\n\t\t\t\t\t<\/div>\n\t\t<\/section>\n\t\t\t\t<section class=\"elementor-section elementor-top-section elementor-element elementor-element-0ccc39a elementor-section-boxed elementor-section-height-default elementor-section-height-default\" data-id=\"0ccc39a\" data-element_type=\"section\" data-e-type=\"section\">\n\t\t\t\t\t\t<div class=\"elementor-container elementor-column-gap-default\">\n\t\t\t\t\t<div class=\"elementor-column elementor-col-100 elementor-top-column elementor-element elementor-element-3344d22\" data-id=\"3344d22\" data-element_type=\"column\" data-e-type=\"column\">\n\t\t\t<div class=\"elementor-widget-wrap elementor-element-populated\">\n\t\t\t\t\t\t<div class=\"elementor-element elementor-element-ec97e7b elementor-widget elementor-widget-text-editor\" data-id=\"ec97e7b\" data-element_type=\"widget\" data-e-type=\"widget\" data-widget_type=\"text-editor.default\">\n\t\t\t\t\t\t\t\t\t<p>Abfahrt : Parkplatz vor der Kirche &#8211; 6920 Froidlieu<br \/>Die Gemeinde Wellin liegt im Herzen der Calestienne, einem Kalksteing\u00fcrtel, der sich von Chimay bis Remouchamps erstreckt und im Norden von der Famenne und im S\u00fcden vom Ardennenmassiv begrenzt wird. Die Landschaften spiegeln die Beschaffenheit des Untergrunds wider. Entdecken Sie diese Region, deren hoher landschaftlicher Wert der Kalksteinformationen, gepaart mit dem Reichtum ihrer Vegetation, ihr weltweite Anerkennung unter dem Label Geopark Famenne-Ardenne verliehen hat, das 2018 von der UNESCO verliehen wurde.<br \/>Diese lehrreiche Wanderung f\u00fchrt Sie \u00fcber eine Strecke von 7,6 km.<\/p>\n<p>&nbsp;<\/p>\n\t\t\t\t\t\t\t\t<\/div>\n\t\t\t\t\t<\/div>\n\t\t<\/div>\n\t\t\t\t\t<\/div>\n\t\t<\/section>\n\t\t\t\t<section class=\"elementor-section elementor-top-section elementor-element elementor-element-fc0de69 elementor-section-boxed elementor-section-height-default elementor-section-height-default\" data-id=\"fc0de69\" data-element_type=\"section\" data-e-type=\"section\">\n\t\t\t\t\t\t<div class=\"elementor-container elementor-column-gap-default\">\n\t\t\t\t\t<div class=\"elementor-column elementor-col-100 elementor-top-column elementor-element elementor-element-5ea3fe7\" data-id=\"5ea3fe7\" data-element_type=\"column\" data-e-type=\"column\">\n\t\t\t<div class=\"elementor-widget-wrap elementor-element-populated\">\n\t\t\t\t\t\t<div class=\"elementor-element elementor-element-2e4adf5 elementor-widget elementor-widget-heading\" data-id=\"2e4adf5\" data-element_type=\"widget\" data-e-type=\"widget\" data-widget_type=\"heading.default\">\n\t\t\t\t\t<h3 class=\"elementor-heading-title elementor-size-default\">Der Blumenspaziergang<\/h3>\t\t\t\t<\/div>\n\t\t\t\t\t<\/div>\n\t\t<\/div>\n\t\t\t\t\t<\/div>\n\t\t<\/section>\n\t\t\t\t<section class=\"elementor-section elementor-top-section elementor-element elementor-element-10adbc5 elementor-section-boxed elementor-section-height-default elementor-section-height-default\" data-id=\"10adbc5\" data-element_type=\"section\" data-e-type=\"section\">\n\t\t\t\t\t\t<div class=\"elementor-container elementor-column-gap-default\">\n\t\t\t\t\t<div class=\"elementor-column elementor-col-100 elementor-top-column elementor-element elementor-element-11fbd12\" data-id=\"11fbd12\" data-element_type=\"column\" data-e-type=\"column\">\n\t\t\t<div class=\"elementor-widget-wrap elementor-element-populated\">\n\t\t\t\t\t\t<div class=\"elementor-element elementor-element-d2e8950 elementor-widget elementor-widget-text-editor\" data-id=\"d2e8950\" data-element_type=\"widget\" data-e-type=\"widget\" data-widget_type=\"text-editor.default\">\n\t\t\t\t\t\t\t\t\t<p>Abfahrt: Dorf von Sohier &#8211; 6920 Wellin<br \/>Dieser 5 km lange Rundkurs l\u00e4dt Sie ein, eines der sch\u00f6nsten D\u00f6rfer der Wallonie und seine Umgebung im Sommerzeit zu entdecken.<br \/>Die Karte (erh\u00e4ltlich im Office du Tourisme in Wellin) zeigt mehr als 30 Punkte von Interesse in Bezug auf das Kulturerbe, die Landschaft oder spezifisch f\u00fcr die verschiedenen Blumenplantagen.<\/p>\n\t\t\t\t\t\t\t\t<\/div>\n\t\t\t\t\t<\/div>\n\t\t<\/div>\n\t\t\t\t\t<\/div>\n\t\t<\/section>\n\t\t\t\t<section class=\"elementor-section elementor-top-section elementor-element elementor-element-533a8fb elementor-section-boxed elementor-section-height-default elementor-section-height-default\" data-id=\"533a8fb\" data-element_type=\"section\" data-e-type=\"section\">\n\t\t\t\t\t\t<div class=\"elementor-container elementor-column-gap-default\">\n\t\t\t\t\t<div class=\"elementor-column elementor-col-100 elementor-top-column elementor-element elementor-element-e76c392\" data-id=\"e76c392\" data-element_type=\"column\" data-e-type=\"column\">\n\t\t\t<div class=\"elementor-widget-wrap elementor-element-populated\">\n\t\t\t\t\t\t<div class=\"elementor-element elementor-element-a98b858 elementor-widget elementor-widget-heading\" data-id=\"a98b858\" data-element_type=\"widget\" data-e-type=\"widget\" data-widget_type=\"heading.default\">\n\t\t\t\t\t<h3 class=\"elementor-heading-title elementor-size-default\">Die Entdeckung des subnat\u00fcrlichen Waldes<\/h3>\t\t\t\t<\/div>\n\t\t\t\t\t<\/div>\n\t\t<\/div>\n\t\t\t\t\t<\/div>\n\t\t<\/section>\n\t\t\t\t<section class=\"elementor-section elementor-top-section elementor-element elementor-element-8c4f143 elementor-section-boxed elementor-section-height-default elementor-section-height-default\" data-id=\"8c4f143\" data-element_type=\"section\" data-e-type=\"section\">\n\t\t\t\t\t\t<div class=\"elementor-container elementor-column-gap-default\">\n\t\t\t\t\t<div class=\"elementor-column elementor-col-100 elementor-top-column elementor-element elementor-element-2736d87\" data-id=\"2736d87\" data-element_type=\"column\" data-e-type=\"column\">\n\t\t\t<div class=\"elementor-widget-wrap elementor-element-populated\">\n\t\t\t\t\t\t<div class=\"elementor-element elementor-element-b9e8063 elementor-widget elementor-widget-text-editor\" data-id=\"b9e8063\" data-element_type=\"widget\" data-e-type=\"widget\" data-widget_type=\"text-editor.default\">\n\t\t\t\t\t\t\t\t\t<p>Abfahrtsort: Maria-Fu\u00dfg\u00e4ngerbr\u00fccke, Rue Napol\u00e9on Bonaparte &#8211; 6822 Halma<br \/>Entdecken Sie eine \u00fcberraschende Route und entdecken Sie den Reichtum eines au\u00dfergew\u00f6hnlichen Erbes der Vorfahren. Diese 4 km lange h\u00fcgelige Wanderung f\u00fchrt Sie durch einen \u00fcber 250 Jahre alten Wald. Sie werden die Kraft und Majest\u00e4t dieser B\u00e4ume zu sch\u00e4tzen wissen, die die Jahrhunderte \u00fcberdauert haben.<\/p>\n\t\t\t\t\t\t\t\t<\/div>\n\t\t\t\t\t<\/div>\n\t\t<\/div>\n\t\t\t\t\t<\/div>\n\t\t<\/section>\n\t\t\t\t<section class=\"elementor-section elementor-top-section elementor-element elementor-element-5147456 elementor-section-boxed elementor-section-height-default elementor-section-height-default\" data-id=\"5147456\" data-element_type=\"section\" data-e-type=\"section\">\n\t\t\t\t\t\t<div class=\"elementor-container elementor-column-gap-default\">\n\t\t\t\t\t<div class=\"elementor-column elementor-col-100 elementor-top-column elementor-element elementor-element-f5bcc97\" data-id=\"f5bcc97\" data-element_type=\"column\" data-e-type=\"column\">\n\t\t\t<div class=\"elementor-widget-wrap elementor-element-populated\">\n\t\t\t\t\t\t<div class=\"elementor-element elementor-element-f3d1e2f elementor-widget elementor-widget-heading\" data-id=\"f3d1e2f\" data-element_type=\"widget\" data-e-type=\"widget\" data-widget_type=\"heading.default\">\n\t\t\t\t\t<h3 class=\"elementor-heading-title elementor-size-default\">An den Grenzen der Calestienne und der Ardennen<\/h3>\t\t\t\t<\/div>\n\t\t\t\t\t<\/div>\n\t\t<\/div>\n\t\t\t\t\t<\/div>\n\t\t<\/section>\n\t\t\t\t<section class=\"elementor-section elementor-top-section elementor-element elementor-element-39937f2 elementor-section-boxed elementor-section-height-default elementor-section-height-default\" data-id=\"39937f2\" data-element_type=\"section\" data-e-type=\"section\">\n\t\t\t\t\t\t<div class=\"elementor-container elementor-column-gap-default\">\n\t\t\t\t\t<div class=\"elementor-column elementor-col-100 elementor-top-column elementor-element elementor-element-ba5c757\" data-id=\"ba5c757\" data-element_type=\"column\" data-e-type=\"column\">\n\t\t\t<div class=\"elementor-widget-wrap elementor-element-populated\">\n\t\t\t\t\t\t<div class=\"elementor-element elementor-element-d6fe161 elementor-widget elementor-widget-text-editor\" data-id=\"d6fe161\" data-element_type=\"widget\" data-e-type=\"widget\" data-widget_type=\"text-editor.default\">\n\t\t\t\t\t\t\t\t\t<p>Abfahrtsort: Parkplatz der \u00f6rtlichen Bibliothek Rue de Beauraing 173 &#8211; 6920 Wellin<br \/>Diese 9,5 km lange Wanderung, die nicht ausgeschildert ist, verl\u00e4uft vollst\u00e4ndig in den Schotterfelsen der Ardennen, bietet aber vom Aussichtspunkt von Sohier aus ein sch\u00f6nes Panorama der Calestienne. Wellin ist eine Stadt mit einer langen Geschichte. Eine Reihe von arch\u00e4ologischen Ausgrabungen haben etwas Licht auf seine Urspr\u00fcnge geworfen. Die Stadt wurde nach einem fr\u00e4nkischen Landbesitzer, Wadalinus, benannt. Dank dieser verschiedenen Ausgrabungen, die das Vorhandensein reicher Gr\u00e4ber aus dem 6. Jahrhundert ans Tageslicht brachten, wurde festgestellt, dass die Stadt mindestens auf diese Zeit zur\u00fcckgeht. Diese Ausgrabungen lieferten auch Beweise f\u00fcr das Vorhandensein einer Siedlungsform durch das Vorhandensein von 80 Pfostenl\u00f6chern von Holzh\u00e4usern. Wellin war also das Zentrum einer riesigen merowingischen Dom\u00e4ne. Die Karte und das Roadbook dieses Geobalads sind im Office du Tourisme von Wellin erh\u00e4ltlich.<\/p>\n\t\t\t\t\t\t\t\t<\/div>\n\t\t\t\t\t<\/div>\n\t\t<\/div>\n\t\t\t\t\t<\/div>\n\t\t<\/section>\n\t\t\t\t<section class=\"elementor-section elementor-top-section elementor-element elementor-element-59814ee elementor-section-boxed elementor-section-height-default elementor-section-height-default\" data-id=\"59814ee\" data-element_type=\"section\" data-e-type=\"section\">\n\t\t\t\t\t\t<div class=\"elementor-container elementor-column-gap-default\">\n\t\t\t\t\t<div class=\"elementor-column elementor-col-100 elementor-top-column elementor-element elementor-element-e2b1a18\" data-id=\"e2b1a18\" data-element_type=\"column\" data-e-type=\"column\">\n\t\t\t<div class=\"elementor-widget-wrap elementor-element-populated\">\n\t\t\t\t\t\t<div class=\"elementor-element elementor-element-0ebcfe7 elementor-widget elementor-widget-heading\" data-id=\"0ebcfe7\" data-element_type=\"widget\" data-e-type=\"widget\" data-widget_type=\"heading.default\">\n\t\t\t\t\t<h3 class=\"elementor-heading-title elementor-size-default\">Das Feuchtgebiet von Lomprez und sein Lehrpfad<\/h3>\t\t\t\t<\/div>\n\t\t\t\t\t<\/div>\n\t\t<\/div>\n\t\t\t\t\t<\/div>\n\t\t<\/section>\n\t\t\t\t<section class=\"elementor-section elementor-top-section elementor-element elementor-element-879b2f8 elementor-section-boxed elementor-section-height-default elementor-section-height-default\" data-id=\"879b2f8\" data-element_type=\"section\" data-e-type=\"section\">\n\t\t\t\t\t\t<div class=\"elementor-container elementor-column-gap-default\">\n\t\t\t\t\t<div class=\"elementor-column elementor-col-100 elementor-top-column elementor-element elementor-element-3721b6f\" data-id=\"3721b6f\" data-element_type=\"column\" data-e-type=\"column\">\n\t\t\t<div class=\"elementor-widget-wrap elementor-element-populated\">\n\t\t\t\t\t\t<div class=\"elementor-element elementor-element-6b44d71 elementor-widget elementor-widget-text-editor\" data-id=\"6b44d71\" data-element_type=\"widget\" data-e-type=\"widget\" data-widget_type=\"text-editor.default\">\n\t\t\t\t\t\t\t\t\t<p>Abfahrt: rue du Mont &#8211; 6924 Lomprez<br \/>Entdecken Sie dieses Sumpfgebiet, seine Einrichtungen zur Artenvielfalt wie das Insektenhotel oder die Nester der Schwalben. Der Spaziergang dauert etwa 30 Minuten und wird durch Lehrtafeln erg\u00e4nzt.<\/p>\n\t\t\t\t\t\t\t\t<\/div>\n\t\t\t\t\t<\/div>\n\t\t<\/div>\n\t\t\t\t\t<\/div>\n\t\t<\/section>\n\t\t\t\t<section class=\"elementor-section elementor-top-section elementor-element elementor-element-cd30cb5 elementor-section-boxed elementor-section-height-default elementor-section-height-default\" data-id=\"cd30cb5\" data-element_type=\"section\" data-e-type=\"section\">\n\t\t\t\t\t\t<div class=\"elementor-container elementor-column-gap-default\">\n\t\t\t\t\t<div class=\"elementor-column elementor-col-33 elementor-top-column elementor-element elementor-element-3c94f9a\" data-id=\"3c94f9a\" data-element_type=\"column\" data-e-type=\"column\">\n\t\t\t<div class=\"elementor-widget-wrap elementor-element-populated\">\n\t\t\t\t\t\t<div class=\"elementor-element elementor-element-19d9f7a elementor-widget elementor-widget-image\" data-id=\"19d9f7a\" data-element_type=\"widget\" data-e-type=\"widget\" data-widget_type=\"image.default\">\n\t\t\t\t\t\t\t\t\t\t\t\t\t\t\t<img fetchpriority=\"high\" decoding=\"async\" width=\"587\" height=\"589\" src=\"https:\/\/www.foretdesainthubert-tourisme.be\/wp-content\/uploads\/2020\/11\/2018_04_Logo_Wellin-2020_DEF.png\" class=\"attachment-large size-large wp-image-4769\" alt=\"Logo de l&#039;Office du Tourisme de Wellin\" srcset=\"https:\/\/www.foretdesainthubert-tourisme.be\/wp-content\/uploads\/2020\/11\/2018_04_Logo_Wellin-2020_DEF.png 587w, https:\/\/www.foretdesainthubert-tourisme.be\/wp-content\/uploads\/2020\/11\/2018_04_Logo_Wellin-2020_DEF-300x300.png 300w, https:\/\/www.foretdesainthubert-tourisme.be\/wp-content\/uploads\/2020\/11\/2018_04_Logo_Wellin-2020_DEF-150x150.png 150w\" sizes=\"(max-width: 587px) 100vw, 587px\" \/>\t\t\t\t\t\t\t\t\t\t\t\t\t\t\t<\/div>\n\t\t\t\t\t<\/div>\n\t\t<\/div>\n\t\t\t\t<div class=\"elementor-column elementor-col-66 elementor-top-column elementor-element elementor-element-487c50b\" data-id=\"487c50b\" data-element_type=\"column\" data-e-type=\"column\">\n\t\t\t<div class=\"elementor-widget-wrap elementor-element-populated\">\n\t\t\t\t\t\t<div class=\"elementor-element elementor-element-39cbfda elementor-widget elementor-widget-text-editor\" data-id=\"39cbfda\" data-element_type=\"widget\" data-e-type=\"widget\" data-widget_type=\"text-editor.default\">\n\t\t\t\t\t\t\t\t\t<h4>Office du tourisme communal de Wellin<\/h4>\n<p><\/p>\n<h4>Grand Place 2 &#8211; 6920 wellin<br \/>\n+32 84 41 33 59<\/h4>\n<p><\/p>\n<h4>tourisme@wellin.be<\/h4>\n\t\t\t\t\t\t\t\t<\/div>\n\t\t\t\t\t<\/div>\n\t\t<\/div>\n\t\t\t\t\t<\/div>\n\t\t<\/section>\n\t\t\t\t<section class=\"elementor-section elementor-top-section elementor-element elementor-element-f7b565b elementor-section-boxed elementor-section-height-default elementor-section-height-default\" data-id=\"f7b565b\" data-element_type=\"section\" data-e-type=\"section\">\n\t\t\t\t\t\t<div class=\"elementor-container elementor-column-gap-default\">\n\t\t\t\t\t<div class=\"elementor-column elementor-col-100 elementor-top-column elementor-element elementor-element-566e6a9\" data-id=\"566e6a9\" data-element_type=\"column\" data-e-type=\"column\">\n\t\t\t<div class=\"elementor-widget-wrap elementor-element-populated\">\n\t\t\t\t\t\t<div class=\"elementor-element elementor-element-3f9b632 elementor-widget elementor-widget-gallery\" data-id=\"3f9b632\" data-element_type=\"widget\" data-e-type=\"widget\" data-settings=\"{&quot;gallery_layout&quot;:&quot;justified&quot;,&quot;gap&quot;:{&quot;unit&quot;:&quot;px&quot;,&quot;size&quot;:9,&quot;sizes&quot;:[]},&quot;lazyload&quot;:&quot;yes&quot;,&quot;ideal_row_height&quot;:{&quot;unit&quot;:&quot;px&quot;,&quot;size&quot;:200,&quot;sizes&quot;:[]},&quot;ideal_row_height_tablet&quot;:{&quot;unit&quot;:&quot;px&quot;,&quot;size&quot;:150,&quot;sizes&quot;:[]},&quot;ideal_row_height_mobile&quot;:{&quot;unit&quot;:&quot;px&quot;,&quot;size&quot;:150,&quot;sizes&quot;:[]},&quot;gap_tablet&quot;:{&quot;unit&quot;:&quot;px&quot;,&quot;size&quot;:10,&quot;sizes&quot;:[]},&quot;gap_mobile&quot;:{&quot;unit&quot;:&quot;px&quot;,&quot;size&quot;:10,&quot;sizes&quot;:[]},&quot;link_to&quot;:&quot;file&quot;,&quot;overlay_background&quot;:&quot;yes&quot;,&quot;content_hover_animation&quot;:&quot;fade-in&quot;}\" data-widget_type=\"gallery.default\">\n\t\t\t\t\t\t\t<div class=\"elementor-gallery__container\">\n\t\t\t\t\t\t\t<a class=\"e-gallery-item elementor-gallery-item elementor-animated-content\" href=\"https:\/\/www.foretdesainthubert-tourisme.be\/wp-content\/uploads\/2021\/04\/chemin_vers_aire_de_vision_calestienne\u00a9dbcreation-MTFSH-1.jpg\" data-elementor-open-lightbox=\"yes\" data-elementor-lightbox-slideshow=\"3f9b632\" data-elementor-lightbox-title=\"chemin_vers_aire_de_vision_calestienne\u00a9dbcreation-MTFSH (1)\" data-e-action-hash=\"#elementor-action%3Aaction%3Dlightbox%26settings%3DeyJpZCI6ODgwNCwidXJsIjoiaHR0cHM6XC9cL3d3dy5mb3JldGRlc2FpbnRodWJlcnQtdG91cmlzbWUuYmVcL3dwLWNvbnRlbnRcL3VwbG9hZHNcLzIwMjFcLzA0XC9jaGVtaW5fdmVyc19haXJlX2RlX3Zpc2lvbl9jYWxlc3RpZW5uZVx1MDBhOWRiY3JlYXRpb24tTVRGU0gtMS5qcGciLCJzbGlkZXNob3ciOiIzZjliNjMyIn0%3D\">\n\t\t\t\t\t<div class=\"e-gallery-image elementor-gallery-item__image\" data-thumbnail=\"https:\/\/www.foretdesainthubert-tourisme.be\/wp-content\/uploads\/2021\/04\/chemin_vers_aire_de_vision_calestienne\u00a9dbcreation-MTFSH-1.jpg\" data-width=\"1733\" data-height=\"1153\" aria-label=\"Chemin vers l&#039;aire de vision dans la commune deWellin\" role=\"img\" ><\/div>\n\t\t\t\t\t\t\t\t\t\t\t<div class=\"elementor-gallery-item__overlay\"><\/div>\n\t\t\t\t\t\t\t\t\t\t\t\t\t\t<\/a>\n\t\t\t\t\t\t\t<a class=\"e-gallery-item elementor-gallery-item elementor-animated-content\" href=\"https:\/\/www.foretdesainthubert-tourisme.be\/wp-content\/uploads\/2021\/04\/\u00a9dbcreation-MTFSH-13.jpg\" data-elementor-open-lightbox=\"yes\" data-elementor-lightbox-slideshow=\"3f9b632\" data-elementor-lightbox-title=\"\u00a9dbcreation-MTFSH (13)\" data-e-action-hash=\"#elementor-action%3Aaction%3Dlightbox%26settings%3DeyJpZCI6ODgxMiwidXJsIjoiaHR0cHM6XC9cL3d3dy5mb3JldGRlc2FpbnRodWJlcnQtdG91cmlzbWUuYmVcL3dwLWNvbnRlbnRcL3VwbG9hZHNcLzIwMjFcLzA0XC9cdTAwYTlkYmNyZWF0aW9uLU1URlNILTEzLmpwZyIsInNsaWRlc2hvdyI6IjNmOWI2MzIifQ%3D%3D\">\n\t\t\t\t\t<div class=\"e-gallery-image elementor-gallery-item__image\" data-thumbnail=\"https:\/\/www.foretdesainthubert-tourisme.be\/wp-content\/uploads\/2021\/04\/\u00a9dbcreation-MTFSH-13.jpg\" data-width=\"1733\" data-height=\"1153\" aria-label=\"\" role=\"img\" ><\/div>\n\t\t\t\t\t\t\t\t\t\t\t<div class=\"elementor-gallery-item__overlay\"><\/div>\n\t\t\t\t\t\t\t\t\t\t\t\t\t\t<\/a>\n\t\t\t\t\t\t\t<a class=\"e-gallery-item elementor-gallery-item elementor-animated-content\" href=\"https:\/\/www.foretdesainthubert-tourisme.be\/wp-content\/uploads\/2021\/04\/\u00a9Alice-Fohal-7.jpg\" data-elementor-open-lightbox=\"yes\" data-elementor-lightbox-slideshow=\"3f9b632\" data-elementor-lightbox-title=\"\u00a9Alice Fohal (7)\" data-e-action-hash=\"#elementor-action%3Aaction%3Dlightbox%26settings%3DeyJpZCI6OTEzOCwidXJsIjoiaHR0cHM6XC9cL3d3dy5mb3JldGRlc2FpbnRodWJlcnQtdG91cmlzbWUuYmVcL3dwLWNvbnRlbnRcL3VwbG9hZHNcLzIwMjFcLzA0XC9cdTAwYTlBbGljZS1Gb2hhbC03LmpwZyIsInNsaWRlc2hvdyI6IjNmOWI2MzIifQ%3D%3D\">\n\t\t\t\t\t<div class=\"e-gallery-image elementor-gallery-item__image\" data-thumbnail=\"https:\/\/www.foretdesainthubert-tourisme.be\/wp-content\/uploads\/2021\/04\/\u00a9Alice-Fohal-7.jpg\" data-width=\"1732\" data-height=\"1154\" aria-label=\"\" role=\"img\" ><\/div>\n\t\t\t\t\t\t\t\t\t\t\t<div class=\"elementor-gallery-item__overlay\"><\/div>\n\t\t\t\t\t\t\t\t\t\t\t\t\t\t<\/a>\n\t\t\t\t\t\t\t<a class=\"e-gallery-item elementor-gallery-item elementor-animated-content\" href=\"https:\/\/www.foretdesainthubert-tourisme.be\/wp-content\/uploads\/2021\/04\/\u00a9Alice-Fohal-2.jpg\" data-elementor-open-lightbox=\"yes\" data-elementor-lightbox-slideshow=\"3f9b632\" data-elementor-lightbox-title=\"\u00a9Alice Fohal (2)\" data-e-action-hash=\"#elementor-action%3Aaction%3Dlightbox%26settings%3DeyJpZCI6OTE0NiwidXJsIjoiaHR0cHM6XC9cL3d3dy5mb3JldGRlc2FpbnRodWJlcnQtdG91cmlzbWUuYmVcL3dwLWNvbnRlbnRcL3VwbG9hZHNcLzIwMjFcLzA0XC9cdTAwYTlBbGljZS1Gb2hhbC0yLmpwZyIsInNsaWRlc2hvdyI6IjNmOWI2MzIifQ%3D%3D\">\n\t\t\t\t\t<div class=\"e-gallery-image elementor-gallery-item__image\" data-thumbnail=\"https:\/\/www.foretdesainthubert-tourisme.be\/wp-content\/uploads\/2021\/04\/\u00a9Alice-Fohal-2.jpg\" data-width=\"1732\" data-height=\"1154\" aria-label=\"\" role=\"img\" ><\/div>\n\t\t\t\t\t\t\t\t\t\t\t<div class=\"elementor-gallery-item__overlay\"><\/div>\n\t\t\t\t\t\t\t\t\t\t\t\t\t\t<\/a>\n\t\t\t\t\t<\/div>\n\t\t\t\t\t<\/div>\n\t\t\t\t\t<\/div>\n\t\t<\/div>\n\t\t\t\t\t<\/div>\n\t\t<\/section>\n\t\t\t\t<section class=\"elementor-section elementor-top-section elementor-element elementor-element-5acefe0 elementor-section-boxed elementor-section-height-default elementor-section-height-default\" data-id=\"5acefe0\" data-element_type=\"section\" data-e-type=\"section\">\n\t\t\t\t\t\t<div class=\"elementor-container elementor-column-gap-default\">\n\t\t\t\t\t<div class=\"elementor-column elementor-col-100 elementor-top-column elementor-element elementor-element-e1e7cc9\" data-id=\"e1e7cc9\" data-element_type=\"column\" data-e-type=\"column\">\n\t\t\t<div class=\"elementor-widget-wrap elementor-element-populated\">\n\t\t\t\t\t\t<div class=\"elementor-element elementor-element-7f35380 elementor-widget elementor-widget-heading\" data-id=\"7f35380\" data-element_type=\"widget\" data-e-type=\"widget\" data-widget_type=\"heading.default\">\n\t\t\t\t\t<h2 class=\"elementor-heading-title elementor-size-default\">In der Gemeinde Tenneville<\/h2>\t\t\t\t<\/div>\n\t\t\t\t\t<\/div>\n\t\t<\/div>\n\t\t\t\t\t<\/div>\n\t\t<\/section>\n\t\t\t\t<section class=\"elementor-section elementor-top-section elementor-element elementor-element-d6c0424 elementor-section-boxed elementor-section-height-default elementor-section-height-default\" data-id=\"d6c0424\" data-element_type=\"section\" data-e-type=\"section\">\n\t\t\t\t\t\t<div class=\"elementor-container elementor-column-gap-default\">\n\t\t\t\t\t<div class=\"elementor-column elementor-col-100 elementor-top-column elementor-element elementor-element-a990169\" data-id=\"a990169\" data-element_type=\"column\" data-e-type=\"column\">\n\t\t\t<div class=\"elementor-widget-wrap elementor-element-populated\">\n\t\t\t\t\t\t<div class=\"elementor-element elementor-element-f178163 elementor-widget elementor-widget-heading\" data-id=\"f178163\" data-element_type=\"widget\" data-e-type=\"widget\" data-widget_type=\"heading.default\">\n\t\t\t\t\t<h3 class=\"elementor-heading-title elementor-size-default\">\u00dcber die Felder<\/h3>\t\t\t\t<\/div>\n\t\t\t\t\t<\/div>\n\t\t<\/div>\n\t\t\t\t\t<\/div>\n\t\t<\/section>\n\t\t\t\t<section class=\"elementor-section elementor-top-section elementor-element elementor-element-52c894f elementor-section-boxed elementor-section-height-default elementor-section-height-default\" data-id=\"52c894f\" data-element_type=\"section\" data-e-type=\"section\">\n\t\t\t\t\t\t<div class=\"elementor-container elementor-column-gap-default\">\n\t\t\t\t\t<div class=\"elementor-column elementor-col-100 elementor-top-column elementor-element elementor-element-d8ea296\" data-id=\"d8ea296\" data-element_type=\"column\" data-e-type=\"column\">\n\t\t\t<div class=\"elementor-widget-wrap elementor-element-populated\">\n\t\t\t\t\t\t<div class=\"elementor-element elementor-element-f793efb elementor-widget elementor-widget-text-editor\" data-id=\"f793efb\" data-element_type=\"widget\" data-e-type=\"widget\" data-widget_type=\"text-editor.default\">\n\t\t\t\t\t\t\t\t\t<p>Abfahrtsort: Parkplatz der Kirche von Erneuville &#8211; 6972 Tenneville<br \/>Diese 13 km lange Strecke f\u00fchrt Sie nach Belle-Vue, Wyompont und Cens und folgt dabei der Route zweier &#8222;Vorfahren&#8220; der Nationale 4: der alten R\u00f6merstra\u00dfe Metz-Tongres und der Marie-Th\u00e9r\u00e8se-Stra\u00dfe. Die Beschreibung der Wanderung ist in dem Topoguide &#8222;A travers champs&#8220; enthalten, der in der Sammlung &#8222;Tenneville D\u00e9couvertes&#8220; ver\u00f6ffentlicht wurde. Sie werden auch Elemente der Beobachtung des Erbes, ob gebaut, nat\u00fcrlich oder Landschaft, sowie Anekdoten aus der Vergangenheit finden. Eine <strong>9 km<\/strong> lange Variante erm\u00f6glicht es Ihnen, die Wanderung \u00fcber das Dorf Wembay abzuk\u00fcrzen.<\/p>\n<p>&nbsp;<\/p>\n\t\t\t\t\t\t\t\t<\/div>\n\t\t\t\t\t<\/div>\n\t\t<\/div>\n\t\t\t\t\t<\/div>\n\t\t<\/section>\n\t\t\t\t<section class=\"elementor-section elementor-top-section elementor-element elementor-element-8a98116 elementor-section-boxed elementor-section-height-default elementor-section-height-default\" data-id=\"8a98116\" data-element_type=\"section\" data-e-type=\"section\">\n\t\t\t\t\t\t<div class=\"elementor-container elementor-column-gap-default\">\n\t\t\t\t\t<div class=\"elementor-column elementor-col-100 elementor-top-column elementor-element elementor-element-fa9f3f1\" data-id=\"fa9f3f1\" data-element_type=\"column\" data-e-type=\"column\">\n\t\t\t<div class=\"elementor-widget-wrap elementor-element-populated\">\n\t\t\t\t\t\t<div class=\"elementor-element elementor-element-c19db7a elementor-widget elementor-widget-heading\" data-id=\"c19db7a\" data-element_type=\"widget\" data-e-type=\"widget\" data-widget_type=\"heading.default\">\n\t\t\t\t\t<h3 class=\"elementor-heading-title elementor-size-default\">Der Kreislauf der \"Ferme des Fr\u00eanes\"<\/h3>\t\t\t\t<\/div>\n\t\t\t\t\t<\/div>\n\t\t<\/div>\n\t\t\t\t\t<\/div>\n\t\t<\/section>\n\t\t\t\t<section class=\"elementor-section elementor-top-section elementor-element elementor-element-3eced40 elementor-section-boxed elementor-section-height-default elementor-section-height-default\" data-id=\"3eced40\" data-element_type=\"section\" data-e-type=\"section\">\n\t\t\t\t\t\t<div class=\"elementor-container elementor-column-gap-default\">\n\t\t\t\t\t<div class=\"elementor-column elementor-col-100 elementor-top-column elementor-element elementor-element-242aacf\" data-id=\"242aacf\" data-element_type=\"column\" data-e-type=\"column\">\n\t\t\t<div class=\"elementor-widget-wrap elementor-element-populated\">\n\t\t\t\t\t\t<div class=\"elementor-element elementor-element-e45184b elementor-widget elementor-widget-text-editor\" data-id=\"e45184b\" data-element_type=\"widget\" data-e-type=\"widget\" data-widget_type=\"text-editor.default\">\n\t\t\t\t\t\t\t\t\t<p>Abfahrt: Chemin de Mousny 14 &#8211; 6970 Tenneville<br \/>Dank dieser Lehrwanderung, die von der Ferme des Fr\u00eanes ausgeht, lernen Sie die Vorz\u00fcge der Agrarlandschaften verstehen.<br \/>Diese brandneue, 5,3 km lange, markierte Route, die noch in diesem Jahr eingerichtet werden soll, nimmt Sie mit auf eine Entdeckungsreise und bietet Ihnen gleichzeitig herrliche Ausblicke auf die Region.<\/p>\n\t\t\t\t\t\t\t\t<\/div>\n\t\t\t\t\t<\/div>\n\t\t<\/div>\n\t\t\t\t\t<\/div>\n\t\t<\/section>\n\t\t\t\t<section class=\"elementor-section elementor-top-section elementor-element elementor-element-7d83a70 elementor-section-boxed elementor-section-height-default elementor-section-height-default\" data-id=\"7d83a70\" data-element_type=\"section\" data-e-type=\"section\">\n\t\t\t\t\t\t<div class=\"elementor-container elementor-column-gap-default\">\n\t\t\t\t\t<div class=\"elementor-column elementor-col-33 elementor-top-column elementor-element elementor-element-0402b41\" data-id=\"0402b41\" data-element_type=\"column\" data-e-type=\"column\">\n\t\t\t<div class=\"elementor-widget-wrap elementor-element-populated\">\n\t\t\t\t\t\t<div class=\"elementor-element elementor-element-ff4daae elementor-widget elementor-widget-image\" data-id=\"ff4daae\" data-element_type=\"widget\" data-e-type=\"widget\" data-widget_type=\"image.default\">\n\t\t\t\t\t\t\t\t\t\t\t\t\t\t\t<img decoding=\"async\" width=\"1024\" height=\"504\" src=\"https:\/\/www.foretdesainthubert-tourisme.be\/wp-content\/uploads\/2020\/11\/tenneville-1024x504.jpg\" class=\"attachment-large size-large wp-image-4795\" alt=\"Logo Syndicat d&#039;Initiative de Tenneville\" srcset=\"https:\/\/www.foretdesainthubert-tourisme.be\/wp-content\/uploads\/2020\/11\/tenneville-1024x504.jpg 1024w, https:\/\/www.foretdesainthubert-tourisme.be\/wp-content\/uploads\/2020\/11\/tenneville-300x148.jpg 300w, https:\/\/www.foretdesainthubert-tourisme.be\/wp-content\/uploads\/2020\/11\/tenneville-768x378.jpg 768w, https:\/\/www.foretdesainthubert-tourisme.be\/wp-content\/uploads\/2020\/11\/tenneville-1536x757.jpg 1536w, https:\/\/www.foretdesainthubert-tourisme.be\/wp-content\/uploads\/2020\/11\/tenneville-2048x1009.jpg 2048w\" sizes=\"(max-width: 1024px) 100vw, 1024px\" \/>\t\t\t\t\t\t\t\t\t\t\t\t\t\t\t<\/div>\n\t\t\t\t\t<\/div>\n\t\t<\/div>\n\t\t\t\t<div class=\"elementor-column elementor-col-66 elementor-top-column elementor-element elementor-element-eec84ad\" data-id=\"eec84ad\" data-element_type=\"column\" data-e-type=\"column\">\n\t\t\t<div class=\"elementor-widget-wrap elementor-element-populated\">\n\t\t\t\t\t\t<div class=\"elementor-element elementor-element-a339108 elementor-widget elementor-widget-text-editor\" data-id=\"a339108\" data-element_type=\"widget\" data-e-type=\"widget\" data-widget_type=\"text-editor.default\">\n\t\t\t\t\t\t\t\t\t<h4>Syndicat d\u2019initiative Champlon-Tenneville<br \/>\nB-6971 tenneville<br \/>\n+32 84 45 54 26<br \/>\ntourisme@champlon.info<\/h4>\n\t\t\t\t\t\t\t\t<\/div>\n\t\t\t\t\t<\/div>\n\t\t<\/div>\n\t\t\t\t\t<\/div>\n\t\t<\/section>\n\t\t\t\t<section class=\"elementor-section elementor-top-section elementor-element elementor-element-100936f elementor-section-boxed elementor-section-height-default elementor-section-height-default\" data-id=\"100936f\" data-element_type=\"section\" data-e-type=\"section\">\n\t\t\t\t\t\t<div class=\"elementor-container elementor-column-gap-default\">\n\t\t\t\t\t<div class=\"elementor-column elementor-col-100 elementor-top-column elementor-element elementor-element-d5642b4\" data-id=\"d5642b4\" data-element_type=\"column\" data-e-type=\"column\">\n\t\t\t<div class=\"elementor-widget-wrap elementor-element-populated\">\n\t\t\t\t\t\t<div class=\"elementor-element elementor-element-4a4c148 elementor-widget elementor-widget-gallery\" data-id=\"4a4c148\" data-element_type=\"widget\" data-e-type=\"widget\" data-settings=\"{&quot;columns&quot;:3,&quot;gap&quot;:{&quot;unit&quot;:&quot;px&quot;,&quot;size&quot;:9,&quot;sizes&quot;:[]},&quot;lazyload&quot;:&quot;yes&quot;,&quot;gallery_layout&quot;:&quot;grid&quot;,&quot;columns_tablet&quot;:2,&quot;columns_mobile&quot;:1,&quot;gap_tablet&quot;:{&quot;unit&quot;:&quot;px&quot;,&quot;size&quot;:10,&quot;sizes&quot;:[]},&quot;gap_mobile&quot;:{&quot;unit&quot;:&quot;px&quot;,&quot;size&quot;:10,&quot;sizes&quot;:[]},&quot;link_to&quot;:&quot;file&quot;,&quot;aspect_ratio&quot;:&quot;3:2&quot;,&quot;overlay_background&quot;:&quot;yes&quot;,&quot;content_hover_animation&quot;:&quot;fade-in&quot;}\" data-widget_type=\"gallery.default\">\n\t\t\t\t\t\t\t<div class=\"elementor-gallery__container\">\n\t\t\t\t\t\t\t<a class=\"e-gallery-item elementor-gallery-item elementor-animated-content\" href=\"https:\/\/www.foretdesainthubert-tourisme.be\/wp-content\/uploads\/2021\/04\/\u00a9IJusseret-2.jpg\" data-elementor-open-lightbox=\"yes\" data-elementor-lightbox-slideshow=\"4a4c148\" data-elementor-lightbox-title=\"\u00a9IJusseret (2)\" data-e-action-hash=\"#elementor-action%3Aaction%3Dlightbox%26settings%3DeyJpZCI6ODgzMywidXJsIjoiaHR0cHM6XC9cL3d3dy5mb3JldGRlc2FpbnRodWJlcnQtdG91cmlzbWUuYmVcL3dwLWNvbnRlbnRcL3VwbG9hZHNcLzIwMjFcLzA0XC9cdTAwYTlJSnVzc2VyZXQtMi5qcGciLCJzbGlkZXNob3ciOiI0YTRjMTQ4In0%3D\">\n\t\t\t\t\t<div class=\"e-gallery-image elementor-gallery-item__image\" data-thumbnail=\"https:\/\/www.foretdesainthubert-tourisme.be\/wp-content\/uploads\/2021\/04\/\u00a9IJusseret-2.jpg\" data-width=\"1732\" data-height=\"1154\" aria-label=\"\" role=\"img\" ><\/div>\n\t\t\t\t\t\t\t\t\t\t\t<div class=\"elementor-gallery-item__overlay\"><\/div>\n\t\t\t\t\t\t\t\t\t\t\t\t\t\t<\/a>\n\t\t\t\t\t\t\t<a class=\"e-gallery-item elementor-gallery-item elementor-animated-content\" href=\"https:\/\/www.foretdesainthubert-tourisme.be\/wp-content\/uploads\/2021\/04\/chaussee_marie_therese\u00a9IJusseret-5.jpg\" data-elementor-open-lightbox=\"yes\" data-elementor-lightbox-slideshow=\"4a4c148\" data-elementor-lightbox-title=\"chaussee_marie_therese\u00a9IJusseret (5)\" data-e-action-hash=\"#elementor-action%3Aaction%3Dlightbox%26settings%3DeyJpZCI6ODgyNSwidXJsIjoiaHR0cHM6XC9cL3d3dy5mb3JldGRlc2FpbnRodWJlcnQtdG91cmlzbWUuYmVcL3dwLWNvbnRlbnRcL3VwbG9hZHNcLzIwMjFcLzA0XC9jaGF1c3NlZV9tYXJpZV90aGVyZXNlXHUwMGE5SUp1c3NlcmV0LTUuanBnIiwic2xpZGVzaG93IjoiNGE0YzE0OCJ9\">\n\t\t\t\t\t<div class=\"e-gallery-image elementor-gallery-item__image\" data-thumbnail=\"https:\/\/www.foretdesainthubert-tourisme.be\/wp-content\/uploads\/2021\/04\/chaussee_marie_therese\u00a9IJusseret-5.jpg\" data-width=\"1732\" data-height=\"1154\" aria-label=\"Sur l&#039;ancienne chauss\u00e9e Marie-Th\u00e9r\u00e8se\" role=\"img\" ><\/div>\n\t\t\t\t\t\t\t\t\t\t\t<div class=\"elementor-gallery-item__overlay\"><\/div>\n\t\t\t\t\t\t\t\t\t\t\t\t\t\t<\/a>\n\t\t\t\t\t\t\t<a class=\"e-gallery-item elementor-gallery-item elementor-animated-content\" href=\"https:\/\/www.foretdesainthubert-tourisme.be\/wp-content\/uploads\/2021\/04\/vue-depuis-devant-le-bois2.jpg\" data-elementor-open-lightbox=\"yes\" data-elementor-lightbox-slideshow=\"4a4c148\" data-elementor-lightbox-title=\"vue-depuis-devant-le-bois2\" data-e-action-hash=\"#elementor-action%3Aaction%3Dlightbox%26settings%3DeyJpZCI6ODgyOSwidXJsIjoiaHR0cHM6XC9cL3d3dy5mb3JldGRlc2FpbnRodWJlcnQtdG91cmlzbWUuYmVcL3dwLWNvbnRlbnRcL3VwbG9hZHNcLzIwMjFcLzA0XC92dWUtZGVwdWlzLWRldmFudC1sZS1ib2lzMi5qcGciLCJzbGlkZXNob3ciOiI0YTRjMTQ4In0%3D\">\n\t\t\t\t\t<div class=\"e-gallery-image elementor-gallery-item__image\" data-thumbnail=\"https:\/\/www.foretdesainthubert-tourisme.be\/wp-content\/uploads\/2021\/04\/vue-depuis-devant-le-bois2.jpg\" data-width=\"1730\" data-height=\"1155\" aria-label=\"\" role=\"img\" ><\/div>\n\t\t\t\t\t\t\t\t\t\t\t<div class=\"elementor-gallery-item__overlay\"><\/div>\n\t\t\t\t\t\t\t\t\t\t\t\t\t\t<\/a>\n\t\t\t\t\t<\/div>\n\t\t\t\t\t<\/div>\n\t\t\t\t\t<\/div>\n\t\t<\/div>\n\t\t\t\t\t<\/div>\n\t\t<\/section>\n\t\t\t\t<section class=\"elementor-section elementor-top-section elementor-element elementor-element-6c0a06a elementor-section-boxed elementor-section-height-default elementor-section-height-default\" data-id=\"6c0a06a\" data-element_type=\"section\" data-e-type=\"section\">\n\t\t\t\t\t\t<div class=\"elementor-container elementor-column-gap-default\">\n\t\t\t\t\t<div class=\"elementor-column elementor-col-100 elementor-top-column elementor-element elementor-element-bbdcece\" data-id=\"bbdcece\" data-element_type=\"column\" data-e-type=\"column\">\n\t\t\t<div class=\"elementor-widget-wrap elementor-element-populated\">\n\t\t\t\t\t\t<div class=\"elementor-element elementor-element-7615664 elementor-widget elementor-widget-heading\" data-id=\"7615664\" data-element_type=\"widget\" data-e-type=\"widget\" data-widget_type=\"heading.default\">\n\t\t\t\t\t<h2 class=\"elementor-heading-title elementor-size-default\">In der Gemeinde Tellin<\/h2>\t\t\t\t<\/div>\n\t\t\t\t\t<\/div>\n\t\t<\/div>\n\t\t\t\t\t<\/div>\n\t\t<\/section>\n\t\t\t\t<section class=\"elementor-section elementor-top-section elementor-element elementor-element-3a5e09d elementor-section-boxed elementor-section-height-default elementor-section-height-default\" data-id=\"3a5e09d\" data-element_type=\"section\" data-e-type=\"section\">\n\t\t\t\t\t\t<div class=\"elementor-container elementor-column-gap-default\">\n\t\t\t\t\t<div class=\"elementor-column elementor-col-100 elementor-top-column elementor-element elementor-element-7544d5a\" data-id=\"7544d5a\" data-element_type=\"column\" data-e-type=\"column\">\n\t\t\t<div class=\"elementor-widget-wrap elementor-element-populated\">\n\t\t\t\t\t\t<div class=\"elementor-element elementor-element-2bd0f8a elementor-widget elementor-widget-heading\" data-id=\"2bd0f8a\" data-element_type=\"widget\" data-e-type=\"widget\" data-widget_type=\"heading.default\">\n\t\t\t\t\t<h3 class=\"elementor-heading-title elementor-size-default\">Die Geschichte der 4 sogenannten Hexen<\/h3>\t\t\t\t<\/div>\n\t\t\t\t\t<\/div>\n\t\t<\/div>\n\t\t\t\t\t<\/div>\n\t\t<\/section>\n\t\t\t\t<section class=\"elementor-section elementor-top-section elementor-element elementor-element-4baae94 elementor-section-boxed elementor-section-height-default elementor-section-height-default\" data-id=\"4baae94\" data-element_type=\"section\" data-e-type=\"section\">\n\t\t\t\t\t\t<div class=\"elementor-container elementor-column-gap-default\">\n\t\t\t\t\t<div class=\"elementor-column elementor-col-100 elementor-top-column elementor-element elementor-element-f4a098f\" data-id=\"f4a098f\" data-element_type=\"column\" data-e-type=\"column\">\n\t\t\t<div class=\"elementor-widget-wrap elementor-element-populated\">\n\t\t\t\t\t\t<div class=\"elementor-element elementor-element-0a5b4cb elementor-widget elementor-widget-text-editor\" data-id=\"0a5b4cb\" data-element_type=\"widget\" data-e-type=\"widget\" data-widget_type=\"text-editor.default\">\n\t\t\t\t\t\t\t\t\t<p>Abfahrt : place de l&#8217;Yser &#8211; 6927 Grupont<br \/>Der Kampf gegen den Hexenwahn ist ein dunkler Teil der Geschichte der Ardennen. Dieser neue Lehrpfad von 6 km L\u00e4nge f\u00fchrt Sie auf die Spuren von Jehenne, Marie, Jejenne und Alix Jamin. Er f\u00fchrt Sie auch zu herrlichen Aussichtspunkten \u00fcber die Famenne und die Ardennen. Wer waren diese vier Frauen? Vier Schwestern, die das gro\u00dfe Pech hatten, zu Beginn des 17. Jahrhunderts, in einer Zeit der Hexenverfolgung, geboren zu werden&#8230;<br \/>Die Karte dieser nicht markierten Route ist im Office du Tourisme von Tellin erh\u00e4ltlich.<\/p>\n<p>&nbsp;<\/p>\n\t\t\t\t\t\t\t\t<\/div>\n\t\t\t\t\t<\/div>\n\t\t<\/div>\n\t\t\t\t\t<\/div>\n\t\t<\/section>\n\t\t\t\t<section class=\"elementor-section elementor-top-section elementor-element elementor-element-ca783ef elementor-section-boxed elementor-section-height-default elementor-section-height-default\" data-id=\"ca783ef\" data-element_type=\"section\" data-e-type=\"section\">\n\t\t\t\t\t\t<div class=\"elementor-container elementor-column-gap-default\">\n\t\t\t\t\t<div class=\"elementor-column elementor-col-100 elementor-top-column elementor-element elementor-element-1e56078\" data-id=\"1e56078\" data-element_type=\"column\" data-e-type=\"column\">\n\t\t\t<div class=\"elementor-widget-wrap elementor-element-populated\">\n\t\t\t\t\t\t<div class=\"elementor-element elementor-element-d494d77 elementor-widget elementor-widget-heading\" data-id=\"d494d77\" data-element_type=\"widget\" data-e-type=\"widget\" data-widget_type=\"heading.default\">\n\t\t\t\t\t<h3 class=\"elementor-heading-title elementor-size-default\">Begegnung mit dem Einsiedler von Resteigne<\/h3>\t\t\t\t<\/div>\n\t\t\t\t\t<\/div>\n\t\t<\/div>\n\t\t\t\t\t<\/div>\n\t\t<\/section>\n\t\t\t\t<section class=\"elementor-section elementor-top-section elementor-element elementor-element-a87d61b elementor-section-boxed elementor-section-height-default elementor-section-height-default\" data-id=\"a87d61b\" data-element_type=\"section\" data-e-type=\"section\">\n\t\t\t\t\t\t<div class=\"elementor-container elementor-column-gap-default\">\n\t\t\t\t\t<div class=\"elementor-column elementor-col-100 elementor-top-column elementor-element elementor-element-f3e71d2\" data-id=\"f3e71d2\" data-element_type=\"column\" data-e-type=\"column\">\n\t\t\t<div class=\"elementor-widget-wrap elementor-element-populated\">\n\t\t\t\t\t\t<div class=\"elementor-element elementor-element-2dc1dcf elementor-widget elementor-widget-text-editor\" data-id=\"2dc1dcf\" data-element_type=\"widget\" data-e-type=\"widget\" data-widget_type=\"text-editor.default\">\n\t\t\t\t\t\t\t\t\t<p>Abfahrtsort : Parkplatz am chemin des ch\u00e9firis &#8211; 6927 Resteigne<br \/>Dieser 9 km lange unmarkierte Wanderweg bietet eine herrliche Strecke zwischen den D\u00f6rfern Resteigne und Belvaux durch das Tal von La Lesse und den Bois de Niau. Sie f\u00fchrt zu gleichen Teilen \u00fcber Fu\u00dfwege und kleine Stra\u00dfen, manchmal mit einem gewissen H\u00f6henunterschied, wie z.B. der Aufstieg zur Eremitage (100 m). Aus geologischer Sicht hebt er eines der charakteristischen Elemente des Geoparks hervor, den Devonkalk.<br \/>Die Karte und das Roadbook dieses Geobalads (FR\/NL) sind unter www.geoparkfamenneardenne.be und im Office du Tourisme von Tellin erh\u00e4ltlich.<\/p>\n\t\t\t\t\t\t\t\t<\/div>\n\t\t\t\t\t<\/div>\n\t\t<\/div>\n\t\t\t\t\t<\/div>\n\t\t<\/section>\n\t\t\t\t<section class=\"elementor-section elementor-top-section elementor-element elementor-element-6fbc7d6 elementor-section-boxed elementor-section-height-default elementor-section-height-default\" data-id=\"6fbc7d6\" data-element_type=\"section\" data-e-type=\"section\">\n\t\t\t\t\t\t<div class=\"elementor-container elementor-column-gap-default\">\n\t\t\t\t\t<div class=\"elementor-column elementor-col-100 elementor-top-column elementor-element elementor-element-da90084\" data-id=\"da90084\" data-element_type=\"column\" data-e-type=\"column\">\n\t\t\t<div class=\"elementor-widget-wrap elementor-element-populated\">\n\t\t\t\t\t\t<div class=\"elementor-element elementor-element-b41565e elementor-widget elementor-widget-heading\" data-id=\"b41565e\" data-element_type=\"widget\" data-e-type=\"widget\" data-widget_type=\"heading.default\">\n\t\t\t\t\t<h3 class=\"elementor-heading-title elementor-size-default\">Der Kapellenweg<\/h3>\t\t\t\t<\/div>\n\t\t\t\t\t<\/div>\n\t\t<\/div>\n\t\t\t\t\t<\/div>\n\t\t<\/section>\n\t\t\t\t<section class=\"elementor-section elementor-top-section elementor-element elementor-element-fe947a9 elementor-section-boxed elementor-section-height-default elementor-section-height-default\" data-id=\"fe947a9\" data-element_type=\"section\" data-e-type=\"section\">\n\t\t\t\t\t\t<div class=\"elementor-container elementor-column-gap-default\">\n\t\t\t\t\t<div class=\"elementor-column elementor-col-100 elementor-top-column elementor-element elementor-element-523f703\" data-id=\"523f703\" data-element_type=\"column\" data-e-type=\"column\">\n\t\t\t<div class=\"elementor-widget-wrap elementor-element-populated\">\n\t\t\t\t\t\t<div class=\"elementor-element elementor-element-a9dbce8 elementor-widget elementor-widget-text-editor\" data-id=\"a9dbce8\" data-element_type=\"widget\" data-e-type=\"widget\" data-widget_type=\"text-editor.default\">\n\t\t\t\t\t\t\t\t\t<p>Abfahrt: Kirche von Bure &#8211; 6927 Tellin<br \/>Der Kapellenweg ist eine 4 km lange, ausgeschilderte Route. Sie f\u00fchrt vorbei an der Kapelle Notre-Dame de Haurt und ihrer pr\u00e4chtigen Lindenallee. Machen Sie eine Pause vor der Kapelle, um die Landschaft zu bewundern.<\/p>\n\t\t\t\t\t\t\t\t<\/div>\n\t\t\t\t\t<\/div>\n\t\t<\/div>\n\t\t\t\t\t<\/div>\n\t\t<\/section>\n\t\t\t\t<section class=\"elementor-section elementor-top-section elementor-element elementor-element-c6988e4 elementor-section-boxed elementor-section-height-default elementor-section-height-default\" data-id=\"c6988e4\" data-element_type=\"section\" data-e-type=\"section\">\n\t\t\t\t\t\t<div class=\"elementor-container elementor-column-gap-default\">\n\t\t\t\t\t<div class=\"elementor-column elementor-col-33 elementor-top-column elementor-element elementor-element-12d4df7\" data-id=\"12d4df7\" data-element_type=\"column\" data-e-type=\"column\">\n\t\t\t<div class=\"elementor-widget-wrap elementor-element-populated\">\n\t\t\t\t\t\t<div class=\"elementor-element elementor-element-13cc503 elementor-widget elementor-widget-image\" data-id=\"13cc503\" data-element_type=\"widget\" data-e-type=\"widget\" data-widget_type=\"image.default\">\n\t\t\t\t\t\t\t\t\t\t\t\t\t\t\t<img decoding=\"async\" width=\"234\" height=\"218\" src=\"https:\/\/www.foretdesainthubert-tourisme.be\/wp-content\/uploads\/2020\/12\/tellin.jpg\" class=\"attachment-large size-large wp-image-5444\" alt=\"Logo de l&#039;Office du Tourisme de Tellin\" \/>\t\t\t\t\t\t\t\t\t\t\t\t\t\t\t<\/div>\n\t\t\t\t\t<\/div>\n\t\t<\/div>\n\t\t\t\t<div class=\"elementor-column elementor-col-66 elementor-top-column elementor-element elementor-element-6aebc69\" data-id=\"6aebc69\" data-element_type=\"column\" data-e-type=\"column\">\n\t\t\t<div class=\"elementor-widget-wrap elementor-element-populated\">\n\t\t\t\t\t\t<div class=\"elementor-element elementor-element-369c5e6 elementor-widget elementor-widget-text-editor\" data-id=\"369c5e6\" data-element_type=\"widget\" data-e-type=\"widget\" data-widget_type=\"text-editor.default\">\n\t\t\t\t\t\t\t\t\t<h4>Office du Tourisme communal de tellin<br \/>\n<a href=\"tel:003284366007\">+32 84 36 60 07<\/a><br \/>\n<a href=\"mailto:tourisme@tellin.be\">tourisme@tellin.be<\/a><\/h4>\n\t\t\t\t\t\t\t\t<\/div>\n\t\t\t\t\t<\/div>\n\t\t<\/div>\n\t\t\t\t\t<\/div>\n\t\t<\/section>\n\t\t\t\t<section class=\"elementor-section elementor-top-section elementor-element elementor-element-086f57e elementor-section-boxed elementor-section-height-default elementor-section-height-default\" data-id=\"086f57e\" data-element_type=\"section\" data-e-type=\"section\">\n\t\t\t\t\t\t<div class=\"elementor-container elementor-column-gap-default\">\n\t\t\t\t\t<div class=\"elementor-column elementor-col-100 elementor-top-column elementor-element elementor-element-9643edc\" data-id=\"9643edc\" data-element_type=\"column\" data-e-type=\"column\">\n\t\t\t<div class=\"elementor-widget-wrap elementor-element-populated\">\n\t\t\t\t\t\t<div class=\"elementor-element elementor-element-e0b5667 elementor-widget elementor-widget-gallery\" data-id=\"e0b5667\" data-element_type=\"widget\" data-e-type=\"widget\" data-settings=\"{&quot;columns&quot;:2,&quot;gap&quot;:{&quot;unit&quot;:&quot;px&quot;,&quot;size&quot;:9,&quot;sizes&quot;:[]},&quot;lazyload&quot;:&quot;yes&quot;,&quot;gallery_layout&quot;:&quot;grid&quot;,&quot;columns_tablet&quot;:2,&quot;columns_mobile&quot;:1,&quot;gap_tablet&quot;:{&quot;unit&quot;:&quot;px&quot;,&quot;size&quot;:10,&quot;sizes&quot;:[]},&quot;gap_mobile&quot;:{&quot;unit&quot;:&quot;px&quot;,&quot;size&quot;:10,&quot;sizes&quot;:[]},&quot;link_to&quot;:&quot;file&quot;,&quot;aspect_ratio&quot;:&quot;3:2&quot;,&quot;overlay_background&quot;:&quot;yes&quot;,&quot;content_hover_animation&quot;:&quot;fade-in&quot;}\" data-widget_type=\"gallery.default\">\n\t\t\t\t\t\t\t<div class=\"elementor-gallery__container\">\n\t\t\t\t\t\t\t<a class=\"e-gallery-item elementor-gallery-item elementor-animated-content\" href=\"https:\/\/www.foretdesainthubert-tourisme.be\/wp-content\/uploads\/2021\/04\/nd_de_haurt\u00a9dbcreation-MTFSH-3.jpg\" data-elementor-open-lightbox=\"yes\" data-elementor-lightbox-slideshow=\"e0b5667\" data-elementor-lightbox-title=\"nd_de_haurt\u00a9dbcreation-MTFSH (3)\" data-e-action-hash=\"#elementor-action%3Aaction%3Dlightbox%26settings%3DeyJpZCI6ODgwMCwidXJsIjoiaHR0cHM6XC9cL3d3dy5mb3JldGRlc2FpbnRodWJlcnQtdG91cmlzbWUuYmVcL3dwLWNvbnRlbnRcL3VwbG9hZHNcLzIwMjFcLzA0XC9uZF9kZV9oYXVydFx1MDBhOWRiY3JlYXRpb24tTVRGU0gtMy5qcGciLCJzbGlkZXNob3ciOiJlMGI1NjY3In0%3D\">\n\t\t\t\t\t<div class=\"e-gallery-image elementor-gallery-item__image\" data-thumbnail=\"https:\/\/www.foretdesainthubert-tourisme.be\/wp-content\/uploads\/2021\/04\/nd_de_haurt\u00a9dbcreation-MTFSH-3.jpg\" data-width=\"1731\" data-height=\"1155\" aria-label=\"\" role=\"img\" ><\/div>\n\t\t\t\t\t\t\t\t\t\t\t<div class=\"elementor-gallery-item__overlay\"><\/div>\n\t\t\t\t\t\t\t\t\t\t\t\t\t\t<\/a>\n\t\t\t\t\t\t\t<a class=\"e-gallery-item elementor-gallery-item elementor-animated-content\" href=\"https:\/\/www.foretdesainthubert-tourisme.be\/wp-content\/uploads\/2020\/08\/maison_espagnole_grupont\u00a9MathieuPecheur.jpg\" data-elementor-open-lightbox=\"yes\" data-elementor-lightbox-slideshow=\"e0b5667\" data-elementor-lightbox-title=\"maison_espagnole_grupont\u00a9MathieuPecheur\" data-e-action-hash=\"#elementor-action%3Aaction%3Dlightbox%26settings%3DeyJpZCI6Njg4MywidXJsIjoiaHR0cHM6XC9cL3d3dy5mb3JldGRlc2FpbnRodWJlcnQtdG91cmlzbWUuYmVcL3dwLWNvbnRlbnRcL3VwbG9hZHNcLzIwMjBcLzA4XC9tYWlzb25fZXNwYWdub2xlX2dydXBvbnRcdTAwYTlNYXRoaWV1UGVjaGV1ci5qcGciLCJzbGlkZXNob3ciOiJlMGI1NjY3In0%3D\">\n\t\t\t\t\t<div class=\"e-gallery-image elementor-gallery-item__image\" data-thumbnail=\"https:\/\/www.foretdesainthubert-tourisme.be\/wp-content\/uploads\/2020\/08\/maison_espagnole_grupont\u00a9MathieuPecheur.jpg\" data-width=\"1389\" data-height=\"925\" aria-label=\"La Maison espagnole \u00e0 Grupont\" role=\"img\" ><\/div>\n\t\t\t\t\t\t\t\t\t\t\t<div class=\"elementor-gallery-item__overlay\"><\/div>\n\t\t\t\t\t\t\t\t\t\t\t\t\t\t<\/a>\n\t\t\t\t\t<\/div>\n\t\t\t\t\t<\/div>\n\t\t\t\t\t<\/div>\n\t\t<\/div>\n\t\t\t\t\t<\/div>\n\t\t<\/section>\n\t\t\t\t<section class=\"elementor-section elementor-top-section elementor-element elementor-element-2526937 elementor-section-boxed elementor-section-height-default elementor-section-height-default\" data-id=\"2526937\" data-element_type=\"section\" data-e-type=\"section\">\n\t\t\t\t\t\t<div class=\"elementor-container elementor-column-gap-default\">\n\t\t\t\t\t<div class=\"elementor-column elementor-col-100 elementor-top-column elementor-element elementor-element-b76cb9b\" data-id=\"b76cb9b\" data-element_type=\"column\" data-e-type=\"column\">\n\t\t\t<div class=\"elementor-widget-wrap elementor-element-populated\">\n\t\t\t\t\t\t<div class=\"elementor-element elementor-element-d90fc39 elementor-widget elementor-widget-heading\" data-id=\"d90fc39\" data-element_type=\"widget\" data-e-type=\"widget\" data-widget_type=\"heading.default\">\n\t\t\t\t\t<h2 class=\"elementor-heading-title elementor-size-default\">In der Gemeinde Saint-Hubert<\/h2>\t\t\t\t<\/div>\n\t\t\t\t\t<\/div>\n\t\t<\/div>\n\t\t\t\t\t<\/div>\n\t\t<\/section>\n\t\t\t\t<section class=\"elementor-section elementor-top-section elementor-element elementor-element-d84c528 elementor-section-boxed elementor-section-height-default elementor-section-height-default\" data-id=\"d84c528\" data-element_type=\"section\" data-e-type=\"section\">\n\t\t\t\t\t\t<div class=\"elementor-container elementor-column-gap-default\">\n\t\t\t\t\t<div class=\"elementor-column elementor-col-100 elementor-top-column elementor-element elementor-element-80411e0\" data-id=\"80411e0\" data-element_type=\"column\" data-e-type=\"column\">\n\t\t\t<div class=\"elementor-widget-wrap elementor-element-populated\">\n\t\t\t\t\t\t<div class=\"elementor-element elementor-element-6370adc elementor-widget elementor-widget-heading\" data-id=\"6370adc\" data-element_type=\"widget\" data-e-type=\"widget\" data-widget_type=\"heading.default\">\n\t\t\t\t\t<h3 class=\"elementor-heading-title elementor-size-default\">Der Marsoult-Lehrpfad<\/h3>\t\t\t\t<\/div>\n\t\t\t\t\t<\/div>\n\t\t<\/div>\n\t\t\t\t\t<\/div>\n\t\t<\/section>\n\t\t\t\t<section class=\"elementor-section elementor-top-section elementor-element elementor-element-189dd57 elementor-section-boxed elementor-section-height-default elementor-section-height-default\" data-id=\"189dd57\" data-element_type=\"section\" data-e-type=\"section\">\n\t\t\t\t\t\t<div class=\"elementor-container elementor-column-gap-default\">\n\t\t\t\t\t<div class=\"elementor-column elementor-col-100 elementor-top-column elementor-element elementor-element-9cfb2de\" data-id=\"9cfb2de\" data-element_type=\"column\" data-e-type=\"column\">\n\t\t\t<div class=\"elementor-widget-wrap elementor-element-populated\">\n\t\t\t\t\t\t<div class=\"elementor-element elementor-element-4a9c5a5 elementor-widget elementor-widget-text-editor\" data-id=\"4a9c5a5\" data-element_type=\"widget\" data-e-type=\"widget\" data-widget_type=\"text-editor.default\">\n\t\t\t\t\t\t\t\t\t<p>Abfahrtsort: rue du Moulin 16 &#8211; 6870 Saint-Hubert<br \/>Ausgehend von der Fischzucht der Provinzialdom\u00e4ne Mirwart ist die Marsoult-Wanderung 5 km lang. Dieser Spaziergang auf flachem Boden rund um die Teiche ist ideal f\u00fcr Familien mit Kindern. Auf den 7 didaktischen Tafeln (FR\/NL), die entlang der Route installiert sind, k\u00f6nnen Sie die Artenvielfalt, die Raubfische, die B\u00e4ume oder die K\u00f6hler entdecken.<\/p>\n\t\t\t\t\t\t\t\t<\/div>\n\t\t\t\t\t<\/div>\n\t\t<\/div>\n\t\t\t\t\t<\/div>\n\t\t<\/section>\n\t\t\t\t<section class=\"elementor-section elementor-top-section elementor-element elementor-element-b2efa8c elementor-section-boxed elementor-section-height-default elementor-section-height-default\" data-id=\"b2efa8c\" data-element_type=\"section\" data-e-type=\"section\">\n\t\t\t\t\t\t<div class=\"elementor-container elementor-column-gap-default\">\n\t\t\t\t\t<div class=\"elementor-column elementor-col-100 elementor-top-column elementor-element elementor-element-93e6f3b\" data-id=\"93e6f3b\" data-element_type=\"column\" data-e-type=\"column\">\n\t\t\t<div class=\"elementor-widget-wrap elementor-element-populated\">\n\t\t\t\t\t\t<div class=\"elementor-element elementor-element-41e9146 elementor-widget elementor-widget-heading\" data-id=\"41e9146\" data-element_type=\"widget\" data-e-type=\"widget\" data-widget_type=\"heading.default\">\n\t\t\t\t\t<h3 class=\"elementor-heading-title elementor-size-default\">Die Tour der Holzschuhmacher<\/h3>\t\t\t\t<\/div>\n\t\t\t\t\t<\/div>\n\t\t<\/div>\n\t\t\t\t\t<\/div>\n\t\t<\/section>\n\t\t\t\t<section class=\"elementor-section elementor-top-section elementor-element elementor-element-d013bf9 elementor-section-boxed elementor-section-height-default elementor-section-height-default\" data-id=\"d013bf9\" data-element_type=\"section\" data-e-type=\"section\">\n\t\t\t\t\t\t<div class=\"elementor-container elementor-column-gap-default\">\n\t\t\t\t\t<div class=\"elementor-column elementor-col-100 elementor-top-column elementor-element elementor-element-d72bbf5\" data-id=\"d72bbf5\" data-element_type=\"column\" data-e-type=\"column\">\n\t\t\t<div class=\"elementor-widget-wrap elementor-element-populated\">\n\t\t\t\t\t\t<div class=\"elementor-element elementor-element-d24c853 elementor-widget elementor-widget-text-editor\" data-id=\"d24c853\" data-element_type=\"widget\" data-e-type=\"widget\" data-widget_type=\"text-editor.default\">\n\t\t\t\t\t\t\t\t\t<p>Abfahrt: Dorf Awenne &#8211; 6870 Saint-Hubert<br \/>In der Mitte des 19. Jahrhunderts wurde Awenne zum Zentrum einer dynamischen und florierenden Holzpantoffelindustrie. Die in Laneuville-au-Bois entstandene Holzpantoffelindustrie wird sich in Awenne qualitativ und quantitativ so weit entwickeln, dass sie mit ihren Werkst\u00e4tten einen internationalen Ruf erlangt. Mehrere von ihnen existieren noch und geben dem Dorf einen einzigartigen Charakter.<\/p>\n\t\t\t\t\t\t\t\t<\/div>\n\t\t\t\t\t<\/div>\n\t\t<\/div>\n\t\t\t\t\t<\/div>\n\t\t<\/section>\n\t\t\t\t<section class=\"elementor-section elementor-top-section elementor-element elementor-element-f2035aa elementor-section-boxed elementor-section-height-default elementor-section-height-default\" data-id=\"f2035aa\" data-element_type=\"section\" data-e-type=\"section\">\n\t\t\t\t\t\t<div class=\"elementor-container elementor-column-gap-default\">\n\t\t\t\t\t<div class=\"elementor-column elementor-col-100 elementor-top-column elementor-element elementor-element-c24423d\" data-id=\"c24423d\" data-element_type=\"column\" data-e-type=\"column\">\n\t\t\t<div class=\"elementor-widget-wrap elementor-element-populated\">\n\t\t\t\t\t\t<div class=\"elementor-element elementor-element-8158152 elementor-widget elementor-widget-heading\" data-id=\"8158152\" data-element_type=\"widget\" data-e-type=\"widget\" data-widget_type=\"heading.default\">\n\t\t\t\t\t<h3 class=\"elementor-heading-title elementor-size-default\">Die Stadtwanderungen<\/h3>\t\t\t\t<\/div>\n\t\t\t\t\t<\/div>\n\t\t<\/div>\n\t\t\t\t\t<\/div>\n\t\t<\/section>\n\t\t\t\t<section class=\"elementor-section elementor-top-section elementor-element elementor-element-44381fe elementor-section-boxed elementor-section-height-default elementor-section-height-default\" data-id=\"44381fe\" data-element_type=\"section\" data-e-type=\"section\">\n\t\t\t\t\t\t<div class=\"elementor-container elementor-column-gap-default\">\n\t\t\t\t\t<div class=\"elementor-column elementor-col-100 elementor-top-column elementor-element elementor-element-96129ce\" data-id=\"96129ce\" data-element_type=\"column\" data-e-type=\"column\">\n\t\t\t<div class=\"elementor-widget-wrap elementor-element-populated\">\n\t\t\t\t\t\t<div class=\"elementor-element elementor-element-6207092 elementor-widget elementor-widget-text-editor\" data-id=\"6207092\" data-element_type=\"widget\" data-e-type=\"widget\" data-widget_type=\"text-editor.default\">\n\t\t\t\t\t\t\t\t\t<p>Start: Place du March\u00e9 15 \u2013 6870 Saint-Hubert<br \/>Mehrere Wanderungen zum Herunterladen laden Sie ein, das Stadtzentrum von Saint-Hubert zu entdecken:<br \/>&#8211; Der Rundweg \u201eRedout\u00e9\u201c ist dem Leben des ber\u00fchmten Malers Pierre-Joseph Redout\u00e9 gewidmet (1,3 km).<br \/>&#8211; Der Rundgang \u201eSouvenir\u201c erinnert an die beiden Weltkriege in Saint-Hubert (3,5 km).<br \/>&#8211; Der Rundgang \u201eSonneurs\u201c f\u00fchrt Sie zu verschiedenen Aussichtspunkten mit einem reichen und abwechslungsreichen Blick auf die Stadt (4 km).<br \/>&#8211; Der Rundgang \u201eArchi Hub\u201c l\u00e4dt Sie ein, die Geschichte der Architektur von Saint-Hubert und ihre verschiedenen Stile im Laufe der Entwicklung der Stadt zu entdecken (2 km).<\/p>\n\t\t\t\t\t\t\t\t<\/div>\n\t\t\t\t\t<\/div>\n\t\t<\/div>\n\t\t\t\t\t<\/div>\n\t\t<\/section>\n\t\t\t\t<section class=\"elementor-section elementor-top-section elementor-element elementor-element-8efc020 elementor-section-boxed elementor-section-height-default elementor-section-height-default\" data-id=\"8efc020\" data-element_type=\"section\" data-e-type=\"section\">\n\t\t\t\t\t\t<div class=\"elementor-container elementor-column-gap-default\">\n\t\t\t\t\t<div class=\"elementor-column elementor-col-33 elementor-top-column elementor-element elementor-element-2ec8adb\" data-id=\"2ec8adb\" data-element_type=\"column\" data-e-type=\"column\">\n\t\t\t<div class=\"elementor-widget-wrap elementor-element-populated\">\n\t\t\t\t\t\t<div class=\"elementor-element elementor-element-9e2e282 elementor-widget elementor-widget-image\" data-id=\"9e2e282\" data-element_type=\"widget\" data-e-type=\"widget\" data-widget_type=\"image.default\">\n\t\t\t\t\t\t\t\t\t\t\t\t\t\t\t<img loading=\"lazy\" decoding=\"async\" width=\"571\" height=\"336\" src=\"https:\/\/www.foretdesainthubert-tourisme.be\/wp-content\/uploads\/2020\/12\/rsi-sainthubert.jpg\" class=\"attachment-large size-large wp-image-5426\" alt=\"Logo du RSI Saint-Hubert\" srcset=\"https:\/\/www.foretdesainthubert-tourisme.be\/wp-content\/uploads\/2020\/12\/rsi-sainthubert.jpg 571w, https:\/\/www.foretdesainthubert-tourisme.be\/wp-content\/uploads\/2020\/12\/rsi-sainthubert-300x177.jpg 300w\" sizes=\"(max-width: 571px) 100vw, 571px\" \/>\t\t\t\t\t\t\t\t\t\t\t\t\t\t\t<\/div>\n\t\t\t\t\t<\/div>\n\t\t<\/div>\n\t\t\t\t<div class=\"elementor-column elementor-col-66 elementor-top-column elementor-element elementor-element-9676966\" data-id=\"9676966\" data-element_type=\"column\" data-e-type=\"column\">\n\t\t\t<div class=\"elementor-widget-wrap elementor-element-populated\">\n\t\t\t\t\t\t<div class=\"elementor-element elementor-element-a9fb7f4 elementor-widget elementor-widget-text-editor\" data-id=\"a9fb7f4\" data-element_type=\"widget\" data-e-type=\"widget\" data-widget_type=\"text-editor.default\">\n\t\t\t\t\t\t\t\t\t<h4>Royal Syndicat d&#8217;Initiative de Saint-Hubert<br \/>\n<a href=\"tel:003261613010\">+32 61 61 30 10<\/a><br \/>\n<a href=\"mailto:info@rsi-sainthubert.be\">info@rsi-sainthubert.be<\/a><\/h4>\n\t\t\t\t\t\t\t\t<\/div>\n\t\t\t\t\t<\/div>\n\t\t<\/div>\n\t\t\t\t\t<\/div>\n\t\t<\/section>\n\t\t\t\t<section class=\"elementor-section elementor-top-section elementor-element elementor-element-c142330 elementor-section-boxed elementor-section-height-default elementor-section-height-default\" data-id=\"c142330\" data-element_type=\"section\" data-e-type=\"section\">\n\t\t\t\t\t\t<div class=\"elementor-container elementor-column-gap-default\">\n\t\t\t\t\t<div class=\"elementor-column elementor-col-100 elementor-top-column elementor-element elementor-element-0a62d11\" data-id=\"0a62d11\" data-element_type=\"column\" data-e-type=\"column\">\n\t\t\t<div class=\"elementor-widget-wrap elementor-element-populated\">\n\t\t\t\t\t\t<div class=\"elementor-element elementor-element-12eb0c5 elementor-widget elementor-widget-gallery\" data-id=\"12eb0c5\" data-element_type=\"widget\" data-e-type=\"widget\" data-settings=\"{&quot;lazyload&quot;:&quot;yes&quot;,&quot;gallery_layout&quot;:&quot;grid&quot;,&quot;columns&quot;:4,&quot;columns_tablet&quot;:2,&quot;columns_mobile&quot;:1,&quot;gap&quot;:{&quot;unit&quot;:&quot;px&quot;,&quot;size&quot;:10,&quot;sizes&quot;:[]},&quot;gap_tablet&quot;:{&quot;unit&quot;:&quot;px&quot;,&quot;size&quot;:10,&quot;sizes&quot;:[]},&quot;gap_mobile&quot;:{&quot;unit&quot;:&quot;px&quot;,&quot;size&quot;:10,&quot;sizes&quot;:[]},&quot;link_to&quot;:&quot;file&quot;,&quot;aspect_ratio&quot;:&quot;3:2&quot;,&quot;overlay_background&quot;:&quot;yes&quot;,&quot;content_hover_animation&quot;:&quot;fade-in&quot;}\" data-widget_type=\"gallery.default\">\n\t\t\t\t\t\t\t<div class=\"elementor-gallery__container\">\n\t\t\t\t\t\t\t<a class=\"e-gallery-item elementor-gallery-item elementor-animated-content\" href=\"https:\/\/www.foretdesainthubert-tourisme.be\/wp-content\/uploads\/2021\/11\/vues_aeriennes\u00a9dbcreation-MTFSH-173.jpg\" data-elementor-open-lightbox=\"yes\" data-elementor-lightbox-slideshow=\"12eb0c5\" data-elementor-lightbox-title=\"vues_aeriennes\u00a9dbcreation-MTFSH (173)\" data-e-action-hash=\"#elementor-action%3Aaction%3Dlightbox%26settings%3DeyJpZCI6MTEzNTYsInVybCI6Imh0dHBzOlwvXC93d3cuZm9yZXRkZXNhaW50aHViZXJ0LXRvdXJpc21lLmJlXC93cC1jb250ZW50XC91cGxvYWRzXC8yMDIxXC8xMVwvdnVlc19hZXJpZW5uZXNcdTAwYTlkYmNyZWF0aW9uLU1URlNILTE3My5qcGciLCJzbGlkZXNob3ciOiIxMmViMGM1In0%3D\">\n\t\t\t\t\t<div class=\"e-gallery-image elementor-gallery-item__image\" data-thumbnail=\"https:\/\/www.foretdesainthubert-tourisme.be\/wp-content\/uploads\/2021\/11\/vues_aeriennes\u00a9dbcreation-MTFSH-173.jpg\" data-width=\"1773\" data-height=\"1182\" aria-label=\"\" role=\"img\" ><\/div>\n\t\t\t\t\t\t\t\t\t\t\t<div class=\"elementor-gallery-item__overlay\"><\/div>\n\t\t\t\t\t\t\t\t\t\t\t\t\t\t<\/a>\n\t\t\t\t\t\t\t<a class=\"e-gallery-item elementor-gallery-item elementor-animated-content\" href=\"https:\/\/www.foretdesainthubert-tourisme.be\/wp-content\/uploads\/2021\/08\/musee_redoute\u00a9dbcreation-MTFSH-2.jpg\" data-elementor-open-lightbox=\"yes\" data-elementor-lightbox-slideshow=\"12eb0c5\" data-elementor-lightbox-title=\"musee_redoute\u00a9dbcreation-MTFSH (2)\" data-e-action-hash=\"#elementor-action%3Aaction%3Dlightbox%26settings%3DeyJpZCI6MTAxNTQsInVybCI6Imh0dHBzOlwvXC93d3cuZm9yZXRkZXNhaW50aHViZXJ0LXRvdXJpc21lLmJlXC93cC1jb250ZW50XC91cGxvYWRzXC8yMDIxXC8wOFwvbXVzZWVfcmVkb3V0ZVx1MDBhOWRiY3JlYXRpb24tTVRGU0gtMi5qcGciLCJzbGlkZXNob3ciOiIxMmViMGM1In0%3D\">\n\t\t\t\t\t<div class=\"e-gallery-image elementor-gallery-item__image\" data-thumbnail=\"https:\/\/www.foretdesainthubert-tourisme.be\/wp-content\/uploads\/2021\/08\/musee_redoute\u00a9dbcreation-MTFSH-2.jpg\" data-width=\"1732\" data-height=\"1154\" aria-label=\"Le Mus\u00e9e Pierre-joseph Redout\u00e9 \u00e0 Saint-Hubert\" role=\"img\" ><\/div>\n\t\t\t\t\t\t\t\t\t\t\t<div class=\"elementor-gallery-item__overlay\"><\/div>\n\t\t\t\t\t\t\t\t\t\t\t\t\t\t<\/a>\n\t\t\t\t\t\t\t<a class=\"e-gallery-item elementor-gallery-item elementor-animated-content\" href=\"https:\/\/www.foretdesainthubert-tourisme.be\/wp-content\/uploads\/2021\/11\/vues_aeriennes\u00a9dbcreation-MTFSH-93.jpg\" data-elementor-open-lightbox=\"yes\" data-elementor-lightbox-slideshow=\"12eb0c5\" data-elementor-lightbox-title=\"vues_aeriennes\u00a9dbcreation-MTFSH (93)\" data-e-action-hash=\"#elementor-action%3Aaction%3Dlightbox%26settings%3DeyJpZCI6MTEzNTIsInVybCI6Imh0dHBzOlwvXC93d3cuZm9yZXRkZXNhaW50aHViZXJ0LXRvdXJpc21lLmJlXC93cC1jb250ZW50XC91cGxvYWRzXC8yMDIxXC8xMVwvdnVlc19hZXJpZW5uZXNcdTAwYTlkYmNyZWF0aW9uLU1URlNILTkzLmpwZyIsInNsaWRlc2hvdyI6IjEyZWIwYzUifQ%3D%3D\">\n\t\t\t\t\t<div class=\"e-gallery-image elementor-gallery-item__image\" data-thumbnail=\"https:\/\/www.foretdesainthubert-tourisme.be\/wp-content\/uploads\/2021\/11\/vues_aeriennes\u00a9dbcreation-MTFSH-93.jpg\" data-width=\"1773\" data-height=\"1182\" aria-label=\"\" role=\"img\" ><\/div>\n\t\t\t\t\t\t\t\t\t\t\t<div class=\"elementor-gallery-item__overlay\"><\/div>\n\t\t\t\t\t\t\t\t\t\t\t\t\t\t<\/a>\n\t\t\t\t\t\t\t<a class=\"e-gallery-item elementor-gallery-item elementor-animated-content\" href=\"https:\/\/www.foretdesainthubert-tourisme.be\/wp-content\/uploads\/2021\/11\/basilique\u00a9dbcreation-MTFSH-9.jpg\" data-elementor-open-lightbox=\"yes\" data-elementor-lightbox-slideshow=\"12eb0c5\" data-elementor-lightbox-title=\"basilique\u00a9dbcreation-MTFSH (9)\" data-e-action-hash=\"#elementor-action%3Aaction%3Dlightbox%26settings%3DeyJpZCI6MTEzNjAsInVybCI6Imh0dHBzOlwvXC93d3cuZm9yZXRkZXNhaW50aHViZXJ0LXRvdXJpc21lLmJlXC93cC1jb250ZW50XC91cGxvYWRzXC8yMDIxXC8xMVwvYmFzaWxpcXVlXHUwMGE5ZGJjcmVhdGlvbi1NVEZTSC05LmpwZyIsInNsaWRlc2hvdyI6IjEyZWIwYzUifQ%3D%3D\">\n\t\t\t\t\t<div class=\"e-gallery-image elementor-gallery-item__image\" data-thumbnail=\"https:\/\/www.foretdesainthubert-tourisme.be\/wp-content\/uploads\/2021\/11\/basilique\u00a9dbcreation-MTFSH-9.jpg\" data-width=\"1773\" data-height=\"1182\" aria-label=\"\" role=\"img\" ><\/div>\n\t\t\t\t\t\t\t\t\t\t\t<div class=\"elementor-gallery-item__overlay\"><\/div>\n\t\t\t\t\t\t\t\t\t\t\t\t\t\t<\/a>\n\t\t\t\t\t<\/div>\n\t\t\t\t\t<\/div>\n\t\t\t\t\t<\/div>\n\t\t<\/div>\n\t\t\t\t\t<\/div>\n\t\t<\/section>\n\t\t\t\t<section class=\"elementor-section elementor-top-section elementor-element elementor-element-4e22e93 elementor-section-boxed elementor-section-height-default elementor-section-height-default\" data-id=\"4e22e93\" data-element_type=\"section\" data-e-type=\"section\">\n\t\t\t\t\t\t<div class=\"elementor-container elementor-column-gap-default\">\n\t\t\t\t\t<div class=\"elementor-column elementor-col-100 elementor-top-column elementor-element elementor-element-ea865ff\" data-id=\"ea865ff\" data-element_type=\"column\" data-e-type=\"column\">\n\t\t\t<div class=\"elementor-widget-wrap elementor-element-populated\">\n\t\t\t\t\t\t<div class=\"elementor-element elementor-element-144c9ec elementor-widget elementor-widget-heading\" data-id=\"144c9ec\" data-element_type=\"widget\" data-e-type=\"widget\" data-widget_type=\"heading.default\">\n\t\t\t\t\t<h2 class=\"elementor-heading-title elementor-size-default\">In der Gemeinde Libramont-Chevigny<\/h2>\t\t\t\t<\/div>\n\t\t\t\t\t<\/div>\n\t\t<\/div>\n\t\t\t\t\t<\/div>\n\t\t<\/section>\n\t\t\t\t<section class=\"elementor-section elementor-top-section elementor-element elementor-element-ad4f97d elementor-section-boxed elementor-section-height-default elementor-section-height-default\" data-id=\"ad4f97d\" data-element_type=\"section\" data-e-type=\"section\">\n\t\t\t\t\t\t<div class=\"elementor-container elementor-column-gap-default\">\n\t\t\t\t\t<div class=\"elementor-column elementor-col-100 elementor-top-column elementor-element elementor-element-edb59c9\" data-id=\"edb59c9\" data-element_type=\"column\" data-e-type=\"column\">\n\t\t\t<div class=\"elementor-widget-wrap elementor-element-populated\">\n\t\t\t\t\t\t<div class=\"elementor-element elementor-element-33191c2 elementor-widget elementor-widget-heading\" data-id=\"33191c2\" data-element_type=\"widget\" data-e-type=\"widget\" data-widget_type=\"heading.default\">\n\t\t\t\t\t<h3 class=\"elementor-heading-title elementor-size-default\">Coradje! <\/h3>\t\t\t\t<\/div>\n\t\t\t\t\t<\/div>\n\t\t<\/div>\n\t\t\t\t\t<\/div>\n\t\t<\/section>\n\t\t\t\t<section class=\"elementor-section elementor-top-section elementor-element elementor-element-f27255d elementor-section-boxed elementor-section-height-default elementor-section-height-default\" data-id=\"f27255d\" data-element_type=\"section\" data-e-type=\"section\">\n\t\t\t\t\t\t<div class=\"elementor-container elementor-column-gap-default\">\n\t\t\t\t\t<div class=\"elementor-column elementor-col-100 elementor-top-column elementor-element elementor-element-4a62b65\" data-id=\"4a62b65\" data-element_type=\"column\" data-e-type=\"column\">\n\t\t\t<div class=\"elementor-widget-wrap elementor-element-populated\">\n\t\t\t\t\t\t<div class=\"elementor-element elementor-element-365c54b elementor-widget elementor-widget-text-editor\" data-id=\"365c54b\" data-element_type=\"widget\" data-e-type=\"widget\" data-widget_type=\"text-editor.default\">\n\t\t\t\t\t\t\t\t\t<p>Start: Rue la Cl\u00e9 des Champs 13 &#8211; 6800 Rondu (Festsaal)<br \/>\u201eCoradje\u201c ehrt Charles Bentz, Lehrer in Rondu und wallonischer Autor, und kn\u00fcpft an sein gleichnamiges Buch aus dem Jahr 1988 an.<br \/>Der wallonische Spaziergang soll ein Aufruf zur Bewahrung unserer Regionalsprache sein. Sie ist auch eine Hommage an die Beharrlichkeit der Ardenner Landwirte.<br \/>Die 6 km lange Strecke f\u00fchrt Sie auch durch die Ardenner Landschaften mit gro\u00dfen offenen Fl\u00e4chen, durch die Landschaft und den Wald.<br \/>8 Schilder s\u00e4umen die Wanderung.<\/p>\n\t\t\t\t\t\t\t\t<\/div>\n\t\t\t\t\t<\/div>\n\t\t<\/div>\n\t\t\t\t\t<\/div>\n\t\t<\/section>\n\t\t\t\t<section class=\"elementor-section elementor-top-section elementor-element elementor-element-42c9c8f elementor-section-boxed elementor-section-height-default elementor-section-height-default\" data-id=\"42c9c8f\" data-element_type=\"section\" data-e-type=\"section\">\n\t\t\t\t\t\t<div class=\"elementor-container elementor-column-gap-default\">\n\t\t\t\t\t<div class=\"elementor-column elementor-col-100 elementor-top-column elementor-element elementor-element-7c9d876\" data-id=\"7c9d876\" data-element_type=\"column\" data-e-type=\"column\">\n\t\t\t<div class=\"elementor-widget-wrap elementor-element-populated\">\n\t\t\t\t\t\t<div class=\"elementor-element elementor-element-ba105c2 elementor-widget elementor-widget-heading\" data-id=\"ba105c2\" data-element_type=\"widget\" data-e-type=\"widget\" data-widget_type=\"heading.default\">\n\t\t\t\t\t<h3 class=\"elementor-heading-title elementor-size-default\">Auf Entdeckungstour durch das Venn der Anomalien<\/h3>\t\t\t\t<\/div>\n\t\t\t\t\t<\/div>\n\t\t<\/div>\n\t\t\t\t\t<\/div>\n\t\t<\/section>\n\t\t\t\t<section class=\"elementor-section elementor-top-section elementor-element elementor-element-a69d607 elementor-section-boxed elementor-section-height-default elementor-section-height-default\" data-id=\"a69d607\" data-element_type=\"section\" data-e-type=\"section\">\n\t\t\t\t\t\t<div class=\"elementor-container elementor-column-gap-default\">\n\t\t\t\t\t<div class=\"elementor-column elementor-col-100 elementor-top-column elementor-element elementor-element-7d2c038\" data-id=\"7d2c038\" data-element_type=\"column\" data-e-type=\"column\">\n\t\t\t<div class=\"elementor-widget-wrap elementor-element-populated\">\n\t\t\t\t\t\t<div class=\"elementor-element elementor-element-10c9bac elementor-widget elementor-widget-text-editor\" data-id=\"10c9bac\" data-element_type=\"widget\" data-e-type=\"widget\" data-widget_type=\"text-editor.default\">\n\t\t\t\t\t\t\t\t\t<p>Startpunkt: rue Au Bois la Dame (neben der kleinen Kapelle) &#8211; 6800 S\u00e9viscourt<br \/>Diese 8,5 km lange Wanderung (nicht ausgeschildert) f\u00fchrt Sie zur Entdeckung der Fagne des Anomalies. Beobachten Sie ein teilweise bewaldetes Torfmoor, niedrige S\u00fcmpfe, die reich an Schmalbl\u00e4ttrigem Wollgras sind, eine wichtige Gruppierung von Narthecia und eine Pionierassoziation von nacktem Torf, au\u00dfergew\u00f6hnlich in Wallonien.<\/p>\n<p>&nbsp;<\/p>\n\t\t\t\t\t\t\t\t<\/div>\n\t\t\t\t\t<\/div>\n\t\t<\/div>\n\t\t\t\t\t<\/div>\n\t\t<\/section>\n\t\t\t\t<section class=\"elementor-section elementor-top-section elementor-element elementor-element-3ed6cdb elementor-section-boxed elementor-section-height-default elementor-section-height-default\" data-id=\"3ed6cdb\" data-element_type=\"section\" data-e-type=\"section\">\n\t\t\t\t\t\t<div class=\"elementor-container elementor-column-gap-default\">\n\t\t\t\t\t<div class=\"elementor-column elementor-col-100 elementor-top-column elementor-element elementor-element-9f0b72f\" data-id=\"9f0b72f\" data-element_type=\"column\" data-e-type=\"column\">\n\t\t\t<div class=\"elementor-widget-wrap elementor-element-populated\">\n\t\t\t\t\t\t<div class=\"elementor-element elementor-element-3f04a75 elementor-widget elementor-widget-heading\" data-id=\"3f04a75\" data-element_type=\"widget\" data-e-type=\"widget\" data-widget_type=\"heading.default\">\n\t\t\t\t\t<h3 class=\"elementor-heading-title elementor-size-default\">der Spaziergang der 9. Kunst<\/h3>\t\t\t\t<\/div>\n\t\t\t\t\t<\/div>\n\t\t<\/div>\n\t\t\t\t\t<\/div>\n\t\t<\/section>\n\t\t\t\t<section class=\"elementor-section elementor-top-section elementor-element elementor-element-5e6656a elementor-section-boxed elementor-section-height-default elementor-section-height-default\" data-id=\"5e6656a\" data-element_type=\"section\" data-e-type=\"section\">\n\t\t\t\t\t\t<div class=\"elementor-container elementor-column-gap-default\">\n\t\t\t\t\t<div class=\"elementor-column elementor-col-100 elementor-top-column elementor-element elementor-element-511f379\" data-id=\"511f379\" data-element_type=\"column\" data-e-type=\"column\">\n\t\t\t<div class=\"elementor-widget-wrap elementor-element-populated\">\n\t\t\t\t\t\t<div class=\"elementor-element elementor-element-fc36c4e elementor-widget elementor-widget-text-editor\" data-id=\"fc36c4e\" data-element_type=\"widget\" data-e-type=\"widget\" data-widget_type=\"text-editor.default\">\n\t\t\t\t\t\t\t\t\t<p>Start: avenue d&#8217;Houffalize 56F &#8211; 6800 Libramont<br \/>Die Balade du 9e Art ist eine 6,3 km lange, markierte Strecke mitten im Wald. Er ist mit Silhouetten und Comicbildern gespickt, die dazu einladen, 8 Personen auf dem Weg zu entdecken.<\/p>\n\t\t\t\t\t\t\t\t<\/div>\n\t\t\t\t\t<\/div>\n\t\t<\/div>\n\t\t\t\t\t<\/div>\n\t\t<\/section>\n\t\t\t\t<section class=\"elementor-section elementor-top-section elementor-element elementor-element-6b1ab7e elementor-section-boxed elementor-section-height-default elementor-section-height-default\" data-id=\"6b1ab7e\" data-element_type=\"section\" data-e-type=\"section\">\n\t\t\t\t\t\t<div class=\"elementor-container elementor-column-gap-default\">\n\t\t\t\t\t<div class=\"elementor-column elementor-col-100 elementor-top-column elementor-element elementor-element-987a809\" data-id=\"987a809\" data-element_type=\"column\" data-e-type=\"column\">\n\t\t\t<div class=\"elementor-widget-wrap elementor-element-populated\">\n\t\t\t\t\t\t<div class=\"elementor-element elementor-element-1bb965e elementor-widget elementor-widget-heading\" data-id=\"1bb965e\" data-element_type=\"widget\" data-e-type=\"widget\" data-widget_type=\"heading.default\">\n\t\t\t\t\t<h3 class=\"elementor-heading-title elementor-size-default\">die Spazierg\u00e4nge in der Stadt<\/h3>\t\t\t\t<\/div>\n\t\t\t\t\t<\/div>\n\t\t<\/div>\n\t\t\t\t\t<\/div>\n\t\t<\/section>\n\t\t\t\t<section class=\"elementor-section elementor-top-section elementor-element elementor-element-8d46528 elementor-section-boxed elementor-section-height-default elementor-section-height-default\" data-id=\"8d46528\" data-element_type=\"section\" data-e-type=\"section\">\n\t\t\t\t\t\t<div class=\"elementor-container elementor-column-gap-default\">\n\t\t\t\t\t<div class=\"elementor-column elementor-col-100 elementor-top-column elementor-element elementor-element-41dba72\" data-id=\"41dba72\" data-element_type=\"column\" data-e-type=\"column\">\n\t\t\t<div class=\"elementor-widget-wrap elementor-element-populated\">\n\t\t\t\t\t\t<div class=\"elementor-element elementor-element-ef5fbf5 elementor-widget elementor-widget-text-editor\" data-id=\"ef5fbf5\" data-element_type=\"widget\" data-e-type=\"widget\" data-widget_type=\"text-editor.default\">\n\t\t\t\t\t\t\t\t\t<p>Abfahrtsort : Office du Tourisme &#8211; Grand&#8217;Rue 24 &#8211; 6800 Libramont-Chevigny<br \/>Zwei herunterladbare Spazierg\u00e4nge laden dazu ein, einen anderen Blick auf die Stadt zu werfen:<\/p>\n<p>Der B\u00fcrgerspaziergang ist ein unterhaltsamer und interaktiver Spaziergang, der Sie auf die Spuren unserer Geschichte, aber vor allem der B\u00fcrgerschaft f\u00fchrt: Demokratie, Bildung, Meinungsfreiheit, Widerstand und Gedenken (3,5 km) ;<\/p>\n<p>Der Stadtspaziergang l\u00e4sst Sie Libramont-Chevigny mit verschiedenen Sehensw\u00fcrdigkeiten zu Geschichte, Kulturerbe, Architektur und Legende entdecken (6,8 km).<\/p>\n\t\t\t\t\t\t\t\t<\/div>\n\t\t\t\t\t<\/div>\n\t\t<\/div>\n\t\t\t\t\t<\/div>\n\t\t<\/section>\n\t\t\t\t<section class=\"elementor-section elementor-top-section elementor-element elementor-element-8293744 elementor-section-boxed elementor-section-height-default elementor-section-height-default\" data-id=\"8293744\" data-element_type=\"section\" data-e-type=\"section\">\n\t\t\t\t\t\t<div class=\"elementor-container elementor-column-gap-default\">\n\t\t\t\t\t<div class=\"elementor-column elementor-col-100 elementor-top-column elementor-element elementor-element-488a413\" data-id=\"488a413\" data-element_type=\"column\" data-e-type=\"column\">\n\t\t\t<div class=\"elementor-widget-wrap elementor-element-populated\">\n\t\t\t\t\t\t<div class=\"elementor-element elementor-element-fbddcca elementor-widget elementor-widget-heading\" data-id=\"fbddcca\" data-element_type=\"widget\" data-e-type=\"widget\" data-widget_type=\"heading.default\">\n\t\t\t\t\t<h3 class=\"elementor-heading-title elementor-size-default\">Der keltische Lehrpfad<\/h3>\t\t\t\t<\/div>\n\t\t\t\t\t<\/div>\n\t\t<\/div>\n\t\t\t\t\t<\/div>\n\t\t<\/section>\n\t\t\t\t<section class=\"elementor-section elementor-top-section elementor-element elementor-element-1253d46 elementor-section-boxed elementor-section-height-default elementor-section-height-default\" data-id=\"1253d46\" data-element_type=\"section\" data-e-type=\"section\">\n\t\t\t\t\t\t<div class=\"elementor-container elementor-column-gap-default\">\n\t\t\t\t\t<div class=\"elementor-column elementor-col-100 elementor-top-column elementor-element elementor-element-9afd54c\" data-id=\"9afd54c\" data-element_type=\"column\" data-e-type=\"column\">\n\t\t\t<div class=\"elementor-widget-wrap elementor-element-populated\">\n\t\t\t\t\t\t<div class=\"elementor-element elementor-element-5aa5436 elementor-widget elementor-widget-text-editor\" data-id=\"5aa5436\" data-element_type=\"widget\" data-e-type=\"widget\" data-widget_type=\"text-editor.default\">\n\t\t\t\t\t\t\t\t\t<p>Abfahrtsort: Waldpark Bonance (rue de Bonance) &#8211; 6800 Libramont-Chevigny<br \/>Folgen Sie Eira, dem jungen Keltenkind und ihrem Freund Kadoc der Gei\u00dfel auf diesem Spaziergang der durch lehrreiche Tafeln gekennzeichnet ist und die zur Beobachtung der umgebenden Natur einladen. Sie erkl\u00e4ren auch, wie die Kelten ihre Umwelt auf \u00fcberraschende Weise ausnutzten.<br \/>Die Wanderung besteht aus zwei Schleifen: eine von 1,3 km\u00a0die um eine 3 km lange Wanderung auf Waldwegen erweitert werden kann.<\/p>\n\t\t\t\t\t\t\t\t<\/div>\n\t\t\t\t\t<\/div>\n\t\t<\/div>\n\t\t\t\t\t<\/div>\n\t\t<\/section>\n\t\t\t\t<section class=\"elementor-section elementor-top-section elementor-element elementor-element-67790ed elementor-section-boxed elementor-section-height-default elementor-section-height-default\" data-id=\"67790ed\" data-element_type=\"section\" data-e-type=\"section\">\n\t\t\t\t\t\t<div class=\"elementor-container elementor-column-gap-default\">\n\t\t\t\t\t<div class=\"elementor-column elementor-col-33 elementor-top-column elementor-element elementor-element-48a0ce0\" data-id=\"48a0ce0\" data-element_type=\"column\" data-e-type=\"column\">\n\t\t\t<div class=\"elementor-widget-wrap elementor-element-populated\">\n\t\t\t\t\t\t<div class=\"elementor-element elementor-element-2e5be61 elementor-widget elementor-widget-image\" data-id=\"2e5be61\" data-element_type=\"widget\" data-e-type=\"widget\" data-widget_type=\"image.default\">\n\t\t\t\t\t\t\t\t\t\t\t\t\t\t\t<img loading=\"lazy\" decoding=\"async\" width=\"148\" height=\"148\" src=\"https:\/\/www.foretdesainthubert-tourisme.be\/wp-content\/uploads\/2020\/12\/12322861_1037088176353841_4634108189826916115_o.jpg\" class=\"attachment-large size-large wp-image-5373\" alt=\"Logo Office du Tourisme de Libramont-Chevigny\" \/>\t\t\t\t\t\t\t\t\t\t\t\t\t\t\t<\/div>\n\t\t\t\t\t<\/div>\n\t\t<\/div>\n\t\t\t\t<div class=\"elementor-column elementor-col-66 elementor-top-column elementor-element elementor-element-75005b5\" data-id=\"75005b5\" data-element_type=\"column\" data-e-type=\"column\">\n\t\t\t<div class=\"elementor-widget-wrap elementor-element-populated\">\n\t\t\t\t\t\t<div class=\"elementor-element elementor-element-841ade0 elementor-widget elementor-widget-text-editor\" data-id=\"841ade0\" data-element_type=\"widget\" data-e-type=\"widget\" data-widget_type=\"text-editor.default\">\n\t\t\t\t\t\t\t\t\t<h4>Office du Tourisme communal de Libramont-Chevigny<br \/>\n<a href=\"tel:003261270482\">+32 61 27 04 82\u00a0<\/a><\/h4>\n<p><\/p>\n<h4><a href=\"mailto:tourisme@libramont.be\">tourisme@libramont.be<\/a><\/h4>\n\t\t\t\t\t\t\t\t<\/div>\n\t\t\t\t\t<\/div>\n\t\t<\/div>\n\t\t\t\t\t<\/div>\n\t\t<\/section>\n\t\t\t\t<section class=\"elementor-section elementor-top-section elementor-element elementor-element-cd73143 elementor-section-boxed elementor-section-height-default elementor-section-height-default\" data-id=\"cd73143\" data-element_type=\"section\" data-e-type=\"section\">\n\t\t\t\t\t\t<div class=\"elementor-container elementor-column-gap-default\">\n\t\t\t\t\t<div class=\"elementor-column elementor-col-100 elementor-top-column elementor-element elementor-element-2a961a9\" data-id=\"2a961a9\" data-element_type=\"column\" data-e-type=\"column\">\n\t\t\t<div class=\"elementor-widget-wrap elementor-element-populated\">\n\t\t\t\t\t\t<div class=\"elementor-element elementor-element-bbeda4a elementor-widget elementor-widget-gallery\" data-id=\"bbeda4a\" data-element_type=\"widget\" data-e-type=\"widget\" data-settings=\"{&quot;lazyload&quot;:&quot;yes&quot;,&quot;gallery_layout&quot;:&quot;grid&quot;,&quot;columns&quot;:4,&quot;columns_tablet&quot;:2,&quot;columns_mobile&quot;:1,&quot;gap&quot;:{&quot;unit&quot;:&quot;px&quot;,&quot;size&quot;:10,&quot;sizes&quot;:[]},&quot;gap_tablet&quot;:{&quot;unit&quot;:&quot;px&quot;,&quot;size&quot;:10,&quot;sizes&quot;:[]},&quot;gap_mobile&quot;:{&quot;unit&quot;:&quot;px&quot;,&quot;size&quot;:10,&quot;sizes&quot;:[]},&quot;link_to&quot;:&quot;file&quot;,&quot;aspect_ratio&quot;:&quot;3:2&quot;,&quot;overlay_background&quot;:&quot;yes&quot;,&quot;content_hover_animation&quot;:&quot;fade-in&quot;}\" data-widget_type=\"gallery.default\">\n\t\t\t\t\t\t\t<div class=\"elementor-gallery__container\">\n\t\t\t\t\t\t\t<a class=\"e-gallery-item elementor-gallery-item elementor-animated-content\" href=\"https:\/\/www.foretdesainthubert-tourisme.be\/wp-content\/uploads\/2025\/07\/libramont_promenade_coradje\u00a9MTFSH-TEXTO_Pascal_Willems_124-scaled.jpg\" data-elementor-open-lightbox=\"yes\" data-elementor-lightbox-slideshow=\"bbeda4a\" data-elementor-lightbox-title=\"libramont_promenade_coradje\u00a9MTFSH-TEXTO_Pascal_Willems_(124)\" data-e-action-hash=\"#elementor-action%3Aaction%3Dlightbox%26settings%3DeyJpZCI6MzQyMTUsInVybCI6Imh0dHBzOlwvXC93d3cuZm9yZXRkZXNhaW50aHViZXJ0LXRvdXJpc21lLmJlXC93cC1jb250ZW50XC91cGxvYWRzXC8yMDI1XC8wN1wvbGlicmFtb250X3Byb21lbmFkZV9jb3JhZGplXHUwMGE5TVRGU0gtVEVYVE9fUGFzY2FsX1dpbGxlbXNfMTI0LXNjYWxlZC5qcGciLCJzbGlkZXNob3ciOiJiYmVkYTRhIn0%3D\">\n\t\t\t\t\t<div class=\"e-gallery-image elementor-gallery-item__image\" data-thumbnail=\"https:\/\/www.foretdesainthubert-tourisme.be\/wp-content\/uploads\/2025\/07\/libramont_promenade_coradje\u00a9MTFSH-TEXTO_Pascal_Willems_124-300x211.jpg\" data-width=\"300\" data-height=\"211\" aria-label=\"\" role=\"img\" ><\/div>\n\t\t\t\t\t\t\t\t\t\t\t<div class=\"elementor-gallery-item__overlay\"><\/div>\n\t\t\t\t\t\t\t\t\t\t\t\t\t\t<\/a>\n\t\t\t\t\t\t\t<a class=\"e-gallery-item elementor-gallery-item elementor-animated-content\" href=\"https:\/\/www.foretdesainthubert-tourisme.be\/wp-content\/uploads\/2020\/10\/promenade-pedagogique-celte\u00a9dbcreation-MTFSH-scaled-scaled.jpg\" data-elementor-open-lightbox=\"yes\" data-elementor-lightbox-slideshow=\"bbeda4a\" data-elementor-lightbox-title=\"promenade-pedagogique-celte\u00a9dbcreation-MTFSH\" data-elementor-lightbox-description=\"La promenade p\u00e9dagogique celte \u00e0 Libramont. Id\u00e9e de promenade avec les enfants.\" data-e-action-hash=\"#elementor-action%3Aaction%3Dlightbox%26settings%3DeyJpZCI6NDY2NiwidXJsIjoiaHR0cHM6XC9cL3d3dy5mb3JldGRlc2FpbnRodWJlcnQtdG91cmlzbWUuYmVcL3dwLWNvbnRlbnRcL3VwbG9hZHNcLzIwMjBcLzEwXC9wcm9tZW5hZGUtcGVkYWdvZ2lxdWUtY2VsdGVcdTAwYTlkYmNyZWF0aW9uLU1URlNILXNjYWxlZC1zY2FsZWQuanBnIiwic2xpZGVzaG93IjoiYmJlZGE0YSJ9\">\n\t\t\t\t\t<div class=\"e-gallery-image elementor-gallery-item__image\" data-thumbnail=\"https:\/\/www.foretdesainthubert-tourisme.be\/wp-content\/uploads\/2020\/10\/promenade-pedagogique-celte\u00a9dbcreation-MTFSH-300x200.jpg\" data-width=\"300\" data-height=\"200\" aria-label=\"Libramont-Chevigny, la celte\" role=\"img\" ><\/div>\n\t\t\t\t\t\t\t\t\t\t\t<div class=\"elementor-gallery-item__overlay\"><\/div>\n\t\t\t\t\t\t\t\t\t\t\t\t\t\t<\/a>\n\t\t\t\t\t\t\t<a class=\"e-gallery-item elementor-gallery-item elementor-animated-content\" href=\"https:\/\/www.foretdesainthubert-tourisme.be\/wp-content\/uploads\/2021\/07\/libramont\u00a9FTLBPWillems.jpg\" data-elementor-open-lightbox=\"yes\" data-elementor-lightbox-slideshow=\"bbeda4a\" data-elementor-lightbox-title=\"libramont\u00a9FTLBPWillems\" data-e-action-hash=\"#elementor-action%3Aaction%3Dlightbox%26settings%3DeyJpZCI6MTAwMjksInVybCI6Imh0dHBzOlwvXC93d3cuZm9yZXRkZXNhaW50aHViZXJ0LXRvdXJpc21lLmJlXC93cC1jb250ZW50XC91cGxvYWRzXC8yMDIxXC8wN1wvbGlicmFtb250XHUwMGE5RlRMQlBXaWxsZW1zLmpwZyIsInNsaWRlc2hvdyI6ImJiZWRhNGEifQ%3D%3D\">\n\t\t\t\t\t<div class=\"e-gallery-image elementor-gallery-item__image\" data-thumbnail=\"https:\/\/www.foretdesainthubert-tourisme.be\/wp-content\/uploads\/2021\/07\/libramont\u00a9FTLBPWillems-300x201.jpg\" data-width=\"300\" data-height=\"201\" aria-label=\"\" role=\"img\" ><\/div>\n\t\t\t\t\t\t\t\t\t\t\t<div class=\"elementor-gallery-item__overlay\"><\/div>\n\t\t\t\t\t\t\t\t\t\t\t\t\t\t<\/a>\n\t\t\t\t\t\t\t<a class=\"e-gallery-item elementor-gallery-item elementor-animated-content\" href=\"https:\/\/www.foretdesainthubert-tourisme.be\/wp-content\/uploads\/2021\/07\/gary\u00a9FTLBPWillems.jpg\" data-elementor-open-lightbox=\"yes\" data-elementor-lightbox-slideshow=\"bbeda4a\" data-elementor-lightbox-title=\"gary\u00a9FTLBPWillems\" data-e-action-hash=\"#elementor-action%3Aaction%3Dlightbox%26settings%3DeyJpZCI6MTAwMjUsInVybCI6Imh0dHBzOlwvXC93d3cuZm9yZXRkZXNhaW50aHViZXJ0LXRvdXJpc21lLmJlXC93cC1jb250ZW50XC91cGxvYWRzXC8yMDIxXC8wN1wvZ2FyeVx1MDBhOUZUTEJQV2lsbGVtcy5qcGciLCJzbGlkZXNob3ciOiJiYmVkYTRhIn0%3D\">\n\t\t\t\t\t<div class=\"e-gallery-image elementor-gallery-item__image\" data-thumbnail=\"https:\/\/www.foretdesainthubert-tourisme.be\/wp-content\/uploads\/2021\/07\/gary\u00a9FTLBPWillems-300x199.jpg\" data-width=\"300\" data-height=\"199\" aria-label=\"\" role=\"img\" ><\/div>\n\t\t\t\t\t\t\t\t\t\t\t<div class=\"elementor-gallery-item__overlay\"><\/div>\n\t\t\t\t\t\t\t\t\t\t\t\t\t\t<\/a>\n\t\t\t\t\t<\/div>\n\t\t\t\t\t<\/div>\n\t\t\t\t\t<\/div>\n\t\t<\/div>\n\t\t\t\t\t<\/div>\n\t\t<\/section>\n\t\t\t\t<section class=\"elementor-section elementor-top-section elementor-element elementor-element-2a88efa elementor-section-boxed elementor-section-height-default elementor-section-height-default\" data-id=\"2a88efa\" data-element_type=\"section\" data-e-type=\"section\">\n\t\t\t\t\t\t<div class=\"elementor-container elementor-column-gap-default\">\n\t\t\t\t\t<div class=\"elementor-column elementor-col-100 elementor-top-column elementor-element elementor-element-c2dbf96\" data-id=\"c2dbf96\" data-element_type=\"column\" data-e-type=\"column\">\n\t\t\t<div class=\"elementor-widget-wrap elementor-element-populated\">\n\t\t\t\t\t\t<div class=\"elementor-element elementor-element-68c44ea elementor-widget elementor-widget-heading\" data-id=\"68c44ea\" data-element_type=\"widget\" data-e-type=\"widget\" data-widget_type=\"heading.default\">\n\t\t\t\t\t<h2 class=\"elementor-heading-title elementor-size-default\">In der Gemeinde Libin<\/h2>\t\t\t\t<\/div>\n\t\t\t\t\t<\/div>\n\t\t<\/div>\n\t\t\t\t\t<\/div>\n\t\t<\/section>\n\t\t\t\t<section class=\"elementor-section elementor-top-section elementor-element elementor-element-f92e0ec elementor-section-boxed elementor-section-height-default elementor-section-height-default\" data-id=\"f92e0ec\" data-element_type=\"section\" data-e-type=\"section\">\n\t\t\t\t\t\t<div class=\"elementor-container elementor-column-gap-default\">\n\t\t\t\t\t<div class=\"elementor-column elementor-col-100 elementor-top-column elementor-element elementor-element-fbd2c2b\" data-id=\"fbd2c2b\" data-element_type=\"column\" data-e-type=\"column\">\n\t\t\t<div class=\"elementor-widget-wrap elementor-element-populated\">\n\t\t\t\t\t\t<div class=\"elementor-element elementor-element-66f013c elementor-widget elementor-widget-heading\" data-id=\"66f013c\" data-element_type=\"widget\" data-e-type=\"widget\" data-widget_type=\"heading.default\">\n\t\t\t\t\t<h3 class=\"elementor-heading-title elementor-size-default\">In den Fu\u00dfstapfen von 14-18<\/h3>\t\t\t\t<\/div>\n\t\t\t\t\t<\/div>\n\t\t<\/div>\n\t\t\t\t\t<\/div>\n\t\t<\/section>\n\t\t\t\t<section class=\"elementor-section elementor-top-section elementor-element elementor-element-8fff05b elementor-section-boxed elementor-section-height-default elementor-section-height-default\" data-id=\"8fff05b\" data-element_type=\"section\" data-e-type=\"section\">\n\t\t\t\t\t\t<div class=\"elementor-container elementor-column-gap-default\">\n\t\t\t\t\t<div class=\"elementor-column elementor-col-100 elementor-top-column elementor-element elementor-element-c1264ee\" data-id=\"c1264ee\" data-element_type=\"column\" data-e-type=\"column\">\n\t\t\t<div class=\"elementor-widget-wrap elementor-element-populated\">\n\t\t\t\t\t\t<div class=\"elementor-element elementor-element-cee1993 elementor-widget elementor-widget-text-editor\" data-id=\"cee1993\" data-element_type=\"widget\" data-e-type=\"widget\" data-widget_type=\"text-editor.default\">\n\t\t\t\t\t\t\t\t\t<p>Start: Rue de Burnaumont &#8211; 6890 Anloy<br \/>Auf diesem Spaziergang, der von 20 Schildern und einem Orientierungstisch ges\u00e4umt ist, k\u00f6nnen Sie die Geschichte des Ersten Weltkriegs in Anloy entdecken.<br \/>Der Weg ist nicht schwierig und f\u00fchrt durch die W\u00e4lder und das Dorf Anloy, vorbei an verschiedenen historischen Denkm\u00e4lern. Rechnen Sie mit etwa 2,5 Stunden f\u00fcr die 8 km lange Strecke.<br \/>F\u00fchrungen werden auf Voranmeldung von der MERCI-Stiftung organisiert (info@lamerci.be).<\/p>\n<p>&nbsp;<\/p>\n\t\t\t\t\t\t\t\t<\/div>\n\t\t\t\t\t<\/div>\n\t\t<\/div>\n\t\t\t\t\t<\/div>\n\t\t<\/section>\n\t\t\t\t<section class=\"elementor-section elementor-top-section elementor-element elementor-element-d324522 elementor-section-boxed elementor-section-height-default elementor-section-height-default\" data-id=\"d324522\" data-element_type=\"section\" data-e-type=\"section\">\n\t\t\t\t\t\t<div class=\"elementor-container elementor-column-gap-default\">\n\t\t\t\t\t<div class=\"elementor-column elementor-col-100 elementor-top-column elementor-element elementor-element-2aa90f9\" data-id=\"2aa90f9\" data-element_type=\"column\" data-e-type=\"column\">\n\t\t\t<div class=\"elementor-widget-wrap elementor-element-populated\">\n\t\t\t\t\t\t<div class=\"elementor-element elementor-element-8aaceae elementor-widget elementor-widget-heading\" data-id=\"8aaceae\" data-element_type=\"widget\" data-e-type=\"widget\" data-widget_type=\"heading.default\">\n\t\t\t\t\t<h3 class=\"elementor-heading-title elementor-size-default\">der Weltraumspaziergang<\/h3>\t\t\t\t<\/div>\n\t\t\t\t\t<\/div>\n\t\t<\/div>\n\t\t\t\t\t<\/div>\n\t\t<\/section>\n\t\t\t\t<section class=\"elementor-section elementor-top-section elementor-element elementor-element-f219600 elementor-section-boxed elementor-section-height-default elementor-section-height-default\" data-id=\"f219600\" data-element_type=\"section\" data-e-type=\"section\">\n\t\t\t\t\t\t<div class=\"elementor-container elementor-column-gap-default\">\n\t\t\t\t\t<div class=\"elementor-column elementor-col-100 elementor-top-column elementor-element elementor-element-cb5e829\" data-id=\"cb5e829\" data-element_type=\"column\" data-e-type=\"column\">\n\t\t\t<div class=\"elementor-widget-wrap elementor-element-populated\">\n\t\t\t\t\t\t<div class=\"elementor-element elementor-element-df6bd96 elementor-widget elementor-widget-text-editor\" data-id=\"df6bd96\" data-element_type=\"widget\" data-e-type=\"widget\" data-widget_type=\"text-editor.default\">\n\t\t\t\t\t\t\t\t\t<p>Start: Parkplatz des Euro Space Centre, Devant les H\u00eatres 1, 6890 Transinne<br \/>Auf diesem 6,2 km langen Waldspaziergang tauchen Sie in die Laubb\u00e4ume ein und begeben sich auf eine Reise in den Weltraum. Entlang des Weges stehen Skulpturen, die vom Atelier de Jo angefertigt wurden. Jede Skulptur stellt eine Person aus der griechischen oder r\u00f6mischen Mythologie dar, deren Name \u00fcbernommen wurde, um einen Bereich der Astronomie oder der Eroberung des Weltraums zu charakterisieren.<\/p>\n\t\t\t\t\t\t\t\t<\/div>\n\t\t\t\t\t<\/div>\n\t\t<\/div>\n\t\t\t\t\t<\/div>\n\t\t<\/section>\n\t\t\t\t<section class=\"elementor-section elementor-top-section elementor-element elementor-element-0c25113 elementor-section-boxed elementor-section-height-default elementor-section-height-default\" data-id=\"0c25113\" data-element_type=\"section\" data-e-type=\"section\">\n\t\t\t\t\t\t<div class=\"elementor-container elementor-column-gap-default\">\n\t\t\t\t\t<div class=\"elementor-column elementor-col-100 elementor-top-column elementor-element elementor-element-3bc2a3f\" data-id=\"3bc2a3f\" data-element_type=\"column\" data-e-type=\"column\">\n\t\t\t<div class=\"elementor-widget-wrap elementor-element-populated\">\n\t\t\t\t\t\t<div class=\"elementor-element elementor-element-9009cc3 elementor-widget elementor-widget-heading\" data-id=\"9009cc3\" data-element_type=\"widget\" data-e-type=\"widget\" data-widget_type=\"heading.default\">\n\t\t\t\t\t<h3 class=\"elementor-heading-title elementor-size-default\">die poetische Wanderung<\/h3>\t\t\t\t<\/div>\n\t\t\t\t\t<\/div>\n\t\t<\/div>\n\t\t\t\t\t<\/div>\n\t\t<\/section>\n\t\t\t\t<section class=\"elementor-section elementor-top-section elementor-element elementor-element-9a28e55 elementor-section-boxed elementor-section-height-default elementor-section-height-default\" data-id=\"9a28e55\" data-element_type=\"section\" data-e-type=\"section\">\n\t\t\t\t\t\t<div class=\"elementor-container elementor-column-gap-default\">\n\t\t\t\t\t<div class=\"elementor-column elementor-col-100 elementor-top-column elementor-element elementor-element-5000b28\" data-id=\"5000b28\" data-element_type=\"column\" data-e-type=\"column\">\n\t\t\t<div class=\"elementor-widget-wrap elementor-element-populated\">\n\t\t\t\t\t\t<div class=\"elementor-element elementor-element-a179d1f elementor-widget elementor-widget-text-editor\" data-id=\"a179d1f\" data-element_type=\"widget\" data-e-type=\"widget\" data-widget_type=\"text-editor.default\">\n\t\t\t\t\t\t\t\t\t<p><a href=\"https:\/\/www.libin.be\/loffice-du-tourisme\">Start: Rue de Transinne, 6890 Redu<\/a><\/p>\n<p>Im Jahr 2024, wenn das Dorf das 40-j\u00e4hrige Jubil\u00e4um von Redu Village du Livre feiert, ist der 5. poetische Spaziergang &#8222;Joie de livre&#8220; (Freude am Buch) dem Fest, der Fantasie und der Freude gewidmet. Folgen Sie der 1,2 km langen Strecke, die Sie im Tourismusb\u00fcro von Libin erhalten, mit Ihrem Wanderbuch! Wenn Sie den Spaziergang beendet haben, sind Sie an der Reihe, kreativ zu werden&#8230; Schreiben Sie Ihre eigenen Gedichte und setzen Sie sie in Farbe um.<\/p>\n\t\t\t\t\t\t\t\t<\/div>\n\t\t\t\t\t<\/div>\n\t\t<\/div>\n\t\t\t\t\t<\/div>\n\t\t<\/section>\n\t\t\t\t<section class=\"elementor-section elementor-top-section elementor-element elementor-element-3b40225 elementor-section-boxed elementor-section-height-default elementor-section-height-default\" data-id=\"3b40225\" data-element_type=\"section\" data-e-type=\"section\">\n\t\t\t\t\t\t<div class=\"elementor-container elementor-column-gap-default\">\n\t\t\t\t\t<div class=\"elementor-column elementor-col-100 elementor-top-column elementor-element elementor-element-60cd239\" data-id=\"60cd239\" data-element_type=\"column\" data-e-type=\"column\">\n\t\t\t<div class=\"elementor-widget-wrap elementor-element-populated\">\n\t\t\t\t\t\t<div class=\"elementor-element elementor-element-34b44a4 elementor-widget elementor-widget-heading\" data-id=\"34b44a4\" data-element_type=\"widget\" data-e-type=\"widget\" data-widget_type=\"heading.default\">\n\t\t\t\t\t<h3 class=\"elementor-heading-title elementor-size-default\">der Pfad der Nutons<\/h3>\t\t\t\t<\/div>\n\t\t\t\t\t<\/div>\n\t\t<\/div>\n\t\t\t\t\t<\/div>\n\t\t<\/section>\n\t\t\t\t<section class=\"elementor-section elementor-top-section elementor-element elementor-element-f46de1f elementor-section-boxed elementor-section-height-default elementor-section-height-default\" data-id=\"f46de1f\" data-element_type=\"section\" data-e-type=\"section\">\n\t\t\t\t\t\t<div class=\"elementor-container elementor-column-gap-default\">\n\t\t\t\t\t<div class=\"elementor-column elementor-col-100 elementor-top-column elementor-element elementor-element-8817065\" data-id=\"8817065\" data-element_type=\"column\" data-e-type=\"column\">\n\t\t\t<div class=\"elementor-widget-wrap elementor-element-populated\">\n\t\t\t\t\t\t<div class=\"elementor-element elementor-element-8c0df62 elementor-widget elementor-widget-text-editor\" data-id=\"8c0df62\" data-element_type=\"widget\" data-e-type=\"widget\" data-widget_type=\"text-editor.default\">\n\t\t\t\t\t\t\t\t\t<p>Start: Route de Smuid, 6890 Libin<br \/>Auf dieser 1,8 km langen spielerischen Strecke k\u00f6nnen Sie auf den Spuren der &#8222;nutons&#8220;, der Zwerge aus den Ardenner Legenden, wandeln&#8230;<\/p>\n\t\t\t\t\t\t\t\t<\/div>\n\t\t\t\t\t<\/div>\n\t\t<\/div>\n\t\t\t\t\t<\/div>\n\t\t<\/section>\n\t\t\t\t<section class=\"elementor-section elementor-top-section elementor-element elementor-element-6a5eaaf elementor-section-boxed elementor-section-height-default elementor-section-height-default\" data-id=\"6a5eaaf\" data-element_type=\"section\" data-e-type=\"section\">\n\t\t\t\t\t\t<div class=\"elementor-container elementor-column-gap-default\">\n\t\t\t\t\t<div class=\"elementor-column elementor-col-100 elementor-top-column elementor-element elementor-element-bb91098\" data-id=\"bb91098\" data-element_type=\"column\" data-e-type=\"column\">\n\t\t\t<div class=\"elementor-widget-wrap elementor-element-populated\">\n\t\t\t\t\t\t<div class=\"elementor-element elementor-element-f5faf90 elementor-widget elementor-widget-gallery\" data-id=\"f5faf90\" data-element_type=\"widget\" data-e-type=\"widget\" data-settings=\"{&quot;lazyload&quot;:&quot;yes&quot;,&quot;gallery_layout&quot;:&quot;grid&quot;,&quot;columns&quot;:4,&quot;columns_tablet&quot;:2,&quot;columns_mobile&quot;:1,&quot;gap&quot;:{&quot;unit&quot;:&quot;px&quot;,&quot;size&quot;:10,&quot;sizes&quot;:[]},&quot;gap_tablet&quot;:{&quot;unit&quot;:&quot;px&quot;,&quot;size&quot;:10,&quot;sizes&quot;:[]},&quot;gap_mobile&quot;:{&quot;unit&quot;:&quot;px&quot;,&quot;size&quot;:10,&quot;sizes&quot;:[]},&quot;link_to&quot;:&quot;file&quot;,&quot;aspect_ratio&quot;:&quot;3:2&quot;,&quot;overlay_background&quot;:&quot;yes&quot;,&quot;content_hover_animation&quot;:&quot;fade-in&quot;}\" data-widget_type=\"gallery.default\">\n\t\t\t\t\t\t\t<div class=\"elementor-gallery__container\">\n\t\t\t\t\t\t\t<a class=\"e-gallery-item elementor-gallery-item elementor-animated-content\" href=\"https:\/\/www.foretdesainthubert-tourisme.be\/wp-content\/uploads\/2021\/07\/sur_les_traces\u00a9IJFTLB_PWillems_2-Copie.jpg\" data-elementor-open-lightbox=\"yes\" data-elementor-lightbox-slideshow=\"f5faf90\" data-elementor-lightbox-title=\"sur_les_traces\u00a9IJFTLB_PWillems_2 - Copie\" data-e-action-hash=\"#elementor-action%3Aaction%3Dlightbox%26settings%3DeyJpZCI6MTAwMDUsInVybCI6Imh0dHBzOlwvXC93d3cuZm9yZXRkZXNhaW50aHViZXJ0LXRvdXJpc21lLmJlXC93cC1jb250ZW50XC91cGxvYWRzXC8yMDIxXC8wN1wvc3VyX2xlc190cmFjZXNcdTAwYTlJSkZUTEJfUFdpbGxlbXNfMi1Db3BpZS5qcGciLCJzbGlkZXNob3ciOiJmNWZhZjkwIn0%3D\">\n\t\t\t\t\t<div class=\"e-gallery-image elementor-gallery-item__image\" data-thumbnail=\"https:\/\/www.foretdesainthubert-tourisme.be\/wp-content\/uploads\/2021\/07\/sur_les_traces\u00a9IJFTLB_PWillems_2-Copie-300x198.jpg\" data-width=\"300\" data-height=\"198\" aria-label=\"\" role=\"img\" ><\/div>\n\t\t\t\t\t\t\t\t\t\t\t<div class=\"elementor-gallery-item__overlay\"><\/div>\n\t\t\t\t\t\t\t\t\t\t\t\t\t\t<\/a>\n\t\t\t\t\t\t\t<a class=\"e-gallery-item elementor-gallery-item elementor-animated-content\" href=\"https:\/\/www.foretdesainthubert-tourisme.be\/wp-content\/uploads\/2021\/07\/libin_anloy\u00a9FTLB_PWillems-Copie.jpg\" data-elementor-open-lightbox=\"yes\" data-elementor-lightbox-slideshow=\"f5faf90\" data-elementor-lightbox-title=\"libin_anloy\u00a9FTLB_PWillems - Copie\" data-e-action-hash=\"#elementor-action%3Aaction%3Dlightbox%26settings%3DeyJpZCI6MTAwMDksInVybCI6Imh0dHBzOlwvXC93d3cuZm9yZXRkZXNhaW50aHViZXJ0LXRvdXJpc21lLmJlXC93cC1jb250ZW50XC91cGxvYWRzXC8yMDIxXC8wN1wvbGliaW5fYW5sb3lcdTAwYTlGVExCX1BXaWxsZW1zLUNvcGllLmpwZyIsInNsaWRlc2hvdyI6ImY1ZmFmOTAifQ%3D%3D\">\n\t\t\t\t\t<div class=\"e-gallery-image elementor-gallery-item__image\" data-thumbnail=\"https:\/\/www.foretdesainthubert-tourisme.be\/wp-content\/uploads\/2021\/07\/libin_anloy\u00a9FTLB_PWillems-Copie-300x199.jpg\" data-width=\"300\" data-height=\"199\" aria-label=\"\" role=\"img\" ><\/div>\n\t\t\t\t\t\t\t\t\t\t\t<div class=\"elementor-gallery-item__overlay\"><\/div>\n\t\t\t\t\t\t\t\t\t\t\t\t\t\t<\/a>\n\t\t\t\t\t\t\t<a class=\"e-gallery-item elementor-gallery-item elementor-animated-content\" href=\"https:\/\/www.foretdesainthubert-tourisme.be\/wp-content\/uploads\/2021\/07\/sur_les_traces\u00a9FTLPB_PWillems-Copie.jpg\" data-elementor-open-lightbox=\"yes\" data-elementor-lightbox-slideshow=\"f5faf90\" data-elementor-lightbox-title=\"sur_les_traces\u00a9FTLPB_PWillems - Copie\" data-e-action-hash=\"#elementor-action%3Aaction%3Dlightbox%26settings%3DeyJpZCI6MTAwMTMsInVybCI6Imh0dHBzOlwvXC93d3cuZm9yZXRkZXNhaW50aHViZXJ0LXRvdXJpc21lLmJlXC93cC1jb250ZW50XC91cGxvYWRzXC8yMDIxXC8wN1wvc3VyX2xlc190cmFjZXNcdTAwYTlGVExQQl9QV2lsbGVtcy1Db3BpZS5qcGciLCJzbGlkZXNob3ciOiJmNWZhZjkwIn0%3D\">\n\t\t\t\t\t<div class=\"e-gallery-image elementor-gallery-item__image\" data-thumbnail=\"https:\/\/www.foretdesainthubert-tourisme.be\/wp-content\/uploads\/2021\/07\/sur_les_traces\u00a9FTLPB_PWillems-Copie-300x199.jpg\" data-width=\"300\" data-height=\"199\" aria-label=\"\" role=\"img\" ><\/div>\n\t\t\t\t\t\t\t\t\t\t\t<div class=\"elementor-gallery-item__overlay\"><\/div>\n\t\t\t\t\t\t\t\t\t\t\t\t\t\t<\/a>\n\t\t\t\t\t\t\t<a class=\"e-gallery-item elementor-gallery-item elementor-animated-content\" href=\"https:\/\/www.foretdesainthubert-tourisme.be\/wp-content\/uploads\/2021\/07\/anloy\u00a9FTLBPWillems.jpg\" data-elementor-open-lightbox=\"yes\" data-elementor-lightbox-slideshow=\"f5faf90\" data-elementor-lightbox-title=\"anloy\u00a9FTLBPWillems\" data-e-action-hash=\"#elementor-action%3Aaction%3Dlightbox%26settings%3DeyJpZCI6MTAwMjAsInVybCI6Imh0dHBzOlwvXC93d3cuZm9yZXRkZXNhaW50aHViZXJ0LXRvdXJpc21lLmJlXC93cC1jb250ZW50XC91cGxvYWRzXC8yMDIxXC8wN1wvYW5sb3lcdTAwYTlGVExCUFdpbGxlbXMuanBnIiwic2xpZGVzaG93IjoiZjVmYWY5MCJ9\">\n\t\t\t\t\t<div class=\"e-gallery-image elementor-gallery-item__image\" data-thumbnail=\"https:\/\/www.foretdesainthubert-tourisme.be\/wp-content\/uploads\/2021\/07\/anloy\u00a9FTLBPWillems-300x199.jpg\" data-width=\"300\" data-height=\"199\" aria-label=\"\" role=\"img\" ><\/div>\n\t\t\t\t\t\t\t\t\t\t\t<div class=\"elementor-gallery-item__overlay\"><\/div>\n\t\t\t\t\t\t\t\t\t\t\t\t\t\t<\/a>\n\t\t\t\t\t<\/div>\n\t\t\t\t\t<\/div>\n\t\t\t\t\t<\/div>\n\t\t<\/div>\n\t\t\t\t\t<\/div>\n\t\t<\/section>\n\t\t\t\t<section class=\"elementor-section elementor-top-section elementor-element elementor-element-518fd76 elementor-section-boxed elementor-section-height-default elementor-section-height-default\" data-id=\"518fd76\" data-element_type=\"section\" data-e-type=\"section\">\n\t\t\t\t\t\t<div class=\"elementor-container elementor-column-gap-default\">\n\t\t\t\t\t<div class=\"elementor-column elementor-col-33 elementor-top-column elementor-element elementor-element-f1b29d1\" data-id=\"f1b29d1\" data-element_type=\"column\" data-e-type=\"column\">\n\t\t\t<div class=\"elementor-widget-wrap elementor-element-populated\">\n\t\t\t\t\t\t<div class=\"elementor-element elementor-element-4ba9a2a elementor-widget elementor-widget-image\" data-id=\"4ba9a2a\" data-element_type=\"widget\" data-e-type=\"widget\" data-widget_type=\"image.default\">\n\t\t\t\t\t\t\t\t\t\t\t\t\t\t\t<img loading=\"lazy\" decoding=\"async\" width=\"247\" height=\"300\" src=\"https:\/\/www.foretdesainthubert-tourisme.be\/wp-content\/uploads\/2020\/11\/Logo-Libin-247x300-1.jpg\" class=\"attachment-large size-large wp-image-4975\" alt=\"Logo Office du Tourisme de Libin\" \/>\t\t\t\t\t\t\t\t\t\t\t\t\t\t\t<\/div>\n\t\t\t\t\t<\/div>\n\t\t<\/div>\n\t\t\t\t<div class=\"elementor-column elementor-col-66 elementor-top-column elementor-element elementor-element-ead53ff\" data-id=\"ead53ff\" data-element_type=\"column\" data-e-type=\"column\">\n\t\t\t<div class=\"elementor-widget-wrap elementor-element-populated\">\n\t\t\t\t\t\t<div class=\"elementor-element elementor-element-0686165 elementor-widget elementor-widget-text-editor\" data-id=\"0686165\" data-element_type=\"widget\" data-e-type=\"widget\" data-widget_type=\"text-editor.default\">\n\t\t\t\t\t\t\t\t\t<h4>Office du Tourisme communal de Libin<br \/>\n<a href=\"tel:003261656699\">+32 61 65 66 99<\/a><\/h4>\n<p><\/p>\n<h4><a href=\"mailto:tourisme@libin.be\">tourisme@libin.be<\/a><\/h4>\n\t\t\t\t\t\t\t\t<\/div>\n\t\t\t\t\t<\/div>\n\t\t<\/div>\n\t\t\t\t\t<\/div>\n\t\t<\/section>\n\t\t\t\t<\/div>\n\t\t","protected":false},"excerpt":{"rendered":"<p>lernen beim Spazierengehen In der Gemeinde Wellin Die Entdeckung der Calestienne Abfahrt : Parkplatz vor der Kirche &#8211; 6920 FroidlieuDie Gemeinde Wellin liegt im Herzen der Calestienne, einem Kalksteing\u00fcrtel, der sich von Chimay bis Remouchamps erstreckt und im Norden von der Famenne und im S\u00fcden vom Ardennenmassiv begrenzt wird. Die Landschaften spiegeln die Beschaffenheit des [&hellip;]<\/p>\n","protected":false},"author":7,"featured_media":11347,"parent":0,"menu_order":0,"comment_status":"closed","ping_status":"closed","template":"","meta":{"_seopress_robots_primary_cat":"","_seopress_titles_title":"","_seopress_titles_desc":"","_seopress_robots_index":"","site-sidebar-layout":"no-sidebar","site-content-layout":"page-builder","ast-site-content-layout":"default","site-content-style":"default","site-sidebar-style":"default","ast-global-header-display":"","ast-banner-title-visibility":"","ast-main-header-display":"","ast-hfb-above-header-display":"","ast-hfb-below-header-display":"","ast-hfb-mobile-header-display":"","site-post-title":"disabled","ast-breadcrumbs-content":"","ast-featured-img":"disabled","footer-sml-layout":"","ast-disable-related-posts":"","theme-transparent-header-meta":"default","adv-header-id-meta":"","stick-header-meta":"","header-above-stick-meta":"","header-main-stick-meta":"","header-below-stick-meta":"","astra-migrate-meta-layouts":"default","ast-page-background-enabled":"default","ast-page-background-meta":{"desktop":{"background-color":"","background-image":"","background-repeat":"repeat","background-position":"center center","background-size":"auto","background-attachment":"scroll","background-type":"","background-media":"","overlay-type":"","overlay-color":"","overlay-opacity":"","overlay-gradient":""},"tablet":{"background-color":"","background-image":"","background-repeat":"repeat","background-position":"center center","background-size":"auto","background-attachment":"scroll","background-type":"","background-media":"","overlay-type":"","overlay-color":"","overlay-opacity":"","overlay-gradient":""},"mobile":{"background-color":"","background-image":"","background-repeat":"repeat","background-position":"center center","background-size":"auto","background-attachment":"scroll","background-type":"","background-media":"","overlay-type":"","overlay-color":"","overlay-opacity":"","overlay-gradient":""}},"ast-content-background-meta":{"desktop":{"background-color":"var(--ast-global-color-5)","background-image":"","background-repeat":"repeat","background-position":"center center","background-size":"auto","background-attachment":"scroll","background-type":"","background-media":"","overlay-type":"","overlay-color":"","overlay-opacity":"","overlay-gradient":""},"tablet":{"background-color":"var(--ast-global-color-5)","background-image":"","background-repeat":"repeat","background-position":"center center","background-size":"auto","background-attachment":"scroll","background-type":"","background-media":"","overlay-type":"","overlay-color":"","overlay-opacity":"","overlay-gradient":""},"mobile":{"background-color":"var(--ast-global-color-5)","background-image":"","background-repeat":"repeat","background-position":"center center","background-size":"auto","background-attachment":"scroll","background-type":"","background-media":"","overlay-type":"","overlay-color":"","overlay-opacity":"","overlay-gradient":""}},"footnotes":""},"categories":[],"class_list":["post-9260","page","type-page","status-publish","has-post-thumbnail","hentry"],"_links":{"self":[{"href":"https:\/\/www.foretdesainthubert-tourisme.be\/de\/wp-json\/wp\/v2\/pages\/9260","targetHints":{"allow":["GET"]}}],"collection":[{"href":"https:\/\/www.foretdesainthubert-tourisme.be\/de\/wp-json\/wp\/v2\/pages"}],"about":[{"href":"https:\/\/www.foretdesainthubert-tourisme.be\/de\/wp-json\/wp\/v2\/types\/page"}],"author":[{"embeddable":true,"href":"https:\/\/www.foretdesainthubert-tourisme.be\/de\/wp-json\/wp\/v2\/users\/7"}],"replies":[{"embeddable":true,"href":"https:\/\/www.foretdesainthubert-tourisme.be\/de\/wp-json\/wp\/v2\/comments?post=9260"}],"version-history":[{"count":5,"href":"https:\/\/www.foretdesainthubert-tourisme.be\/de\/wp-json\/wp\/v2\/pages\/9260\/revisions"}],"predecessor-version":[{"id":36838,"href":"https:\/\/www.foretdesainthubert-tourisme.be\/de\/wp-json\/wp\/v2\/pages\/9260\/revisions\/36838"}],"wp:featuredmedia":[{"embeddable":true,"href":"https:\/\/www.foretdesainthubert-tourisme.be\/de\/wp-json\/wp\/v2\/media\/11347"}],"wp:attachment":[{"href":"https:\/\/www.foretdesainthubert-tourisme.be\/de\/wp-json\/wp\/v2\/media?parent=9260"}],"wp:term":[{"taxonomy":"category","embeddable":true,"href":"https:\/\/www.foretdesainthubert-tourisme.be\/de\/wp-json\/wp\/v2\/categories?post=9260"}],"curies":[{"name":"wp","href":"https:\/\/api.w.org\/{rel}","templated":true}]}}