{"id":4541,"date":"2020-10-17T16:49:08","date_gmt":"2020-10-17T14:49:08","guid":{"rendered":"https:\/\/www.foretdesainthubert-tourisme.be\/wandelen\/per-fiets-mtb\/"},"modified":"2026-04-12T10:09:31","modified_gmt":"2026-04-12T08:09:31","slug":"per-fiets-mtb","status":"publish","type":"page","link":"https:\/\/www.foretdesainthubert-tourisme.be\/nl\/wandelen\/per-fiets-mtb\/","title":{"rendered":"per fiets\/MTB"},"content":{"rendered":"\t\t<div data-elementor-type=\"wp-page\" data-elementor-id=\"4541\" class=\"elementor elementor-4541 elementor-2271\" data-elementor-post-type=\"page\">\n\t\t\t\t\t\t<section class=\"elementor-section elementor-top-section elementor-element elementor-element-52fed461 elementor-section-full_width elementor-section-height-default elementor-section-height-default\" data-id=\"52fed461\" data-element_type=\"section\" data-e-type=\"section\" data-settings=\"{&quot;background_background&quot;:&quot;slideshow&quot;,&quot;background_slideshow_gallery&quot;:[{&quot;id&quot;:22378,&quot;url&quot;:&quot;https:\\\/\\\/www.foretdesainthubert-tourisme.be\\\/wp-content\\\/uploads\\\/2023\\\/10\\\/Promenade-du-Parc-\\u00a9-MTFSH-TEXTO-Pascal-Willems-46-1-scaled.jpg&quot;}],&quot;background_slideshow_loop&quot;:&quot;yes&quot;,&quot;background_slideshow_slide_duration&quot;:5000,&quot;background_slideshow_slide_transition&quot;:&quot;fade&quot;,&quot;background_slideshow_transition_duration&quot;:500}\">\n\t\t\t\t\t\t\t<div class=\"elementor-background-overlay\"><\/div>\n\t\t\t\t\t\t\t<div class=\"elementor-container elementor-column-gap-default\">\n\t\t\t\t\t<div class=\"elementor-column elementor-col-100 elementor-top-column elementor-element elementor-element-5abf39d5\" data-id=\"5abf39d5\" data-element_type=\"column\" data-e-type=\"column\">\n\t\t\t<div class=\"elementor-widget-wrap elementor-element-populated\">\n\t\t\t\t\t\t\t<\/div>\n\t\t<\/div>\n\t\t\t\t\t<\/div>\n\t\t<\/section>\n\t\t\t\t<section class=\"elementor-section elementor-top-section elementor-element elementor-element-f8b3942 elementor-section-boxed elementor-section-height-default elementor-section-height-default\" data-id=\"f8b3942\" data-element_type=\"section\" data-e-type=\"section\">\n\t\t\t\t\t\t<div class=\"elementor-container elementor-column-gap-default\">\n\t\t\t\t\t<div class=\"elementor-column elementor-col-100 elementor-top-column elementor-element elementor-element-d717913\" data-id=\"d717913\" data-element_type=\"column\" data-e-type=\"column\">\n\t\t\t<div class=\"elementor-widget-wrap elementor-element-populated\">\n\t\t\t\t\t\t<div class=\"elementor-element elementor-element-602488d elementor-widget elementor-widget-heading\" data-id=\"602488d\" data-element_type=\"widget\" data-e-type=\"widget\" data-widget_type=\"heading.default\">\n\t\t\t\t\t<h2 class=\"elementor-heading-title elementor-size-default\">fiets-en mountainbike circuits<\/h2>\t\t\t\t<\/div>\n\t\t\t\t\t<\/div>\n\t\t<\/div>\n\t\t\t\t\t<\/div>\n\t\t<\/section>\n\t\t\t\t<section class=\"elementor-section elementor-top-section elementor-element elementor-element-44ab14a elementor-section-boxed elementor-section-height-default elementor-section-height-default\" data-id=\"44ab14a\" data-element_type=\"section\" data-e-type=\"section\">\n\t\t\t\t\t\t<div class=\"elementor-container elementor-column-gap-default\">\n\t\t\t\t\t<div class=\"elementor-column elementor-col-50 elementor-top-column elementor-element elementor-element-c1bc00e\" data-id=\"c1bc00e\" data-element_type=\"column\" data-e-type=\"column\">\n\t\t\t<div class=\"elementor-widget-wrap elementor-element-populated\">\n\t\t\t\t\t\t<div class=\"elementor-element elementor-element-12dc4c4e elementor-cta--skin-cover elementor-cta--valign-bottom footer-overlay elementor-animated-content elementor-bg-transform elementor-bg-transform-zoom-in elementor-widget elementor-widget-call-to-action\" data-id=\"12dc4c4e\" data-element_type=\"widget\" data-e-type=\"widget\" data-widget_type=\"call-to-action.default\">\n\t\t\t\t\t\t\t<a class=\"elementor-cta\" href=\"https:\/\/www.foretdesainthubert-tourisme.be\/nl\/plaatselijke-routes\/\">\n\t\t\t\t\t<div class=\"elementor-cta__bg-wrapper\">\n\t\t\t\t<div class=\"elementor-cta__bg elementor-bg\" style=\"background-image: url(https:\/\/www.foretdesainthubert-tourisme.be\/wp-content\/uploads\/elementor\/thumbs\/parcours-vtt-kaolin\u00a9MTFSH_TEXTO_Pascal_Willems_3-scaled-scaled-rg73zrl538bhvaz3mcif7dkxngs85brc8joubozsso.jpg);\" role=\"img\" aria-label=\"parcours-vtt-kaolin\u00a9MTFSH_TEXTO_Pascal_Willems_(3)\"><\/div>\n\t\t\t\t<div class=\"elementor-cta__bg-overlay\"><\/div>\n\t\t\t<\/div>\n\t\t\t\t\t\t\t<div class=\"elementor-cta__content\">\n\t\t\t\t\n\t\t\t\t\n\t\t\t\t\n\t\t\t\t\t\t\t\t\t<div class=\"elementor-cta__button-wrapper elementor-cta__content-item elementor-content-item elementor-animated-item--grow\">\n\t\t\t\t\t<span class=\"elementor-cta__button elementor-button elementor-size-md\">\n\t\t\t\t\t\tIn het woud van Saint-Hubert\t\t\t\t\t<\/span>\n\t\t\t\t\t<\/div>\n\t\t\t\t\t\t\t<\/div>\n\t\t\t\t\t\t<\/a>\n\t\t\t\t\t\t<\/div>\n\t\t\t\t\t<\/div>\n\t\t<\/div>\n\t\t\t\t<div class=\"elementor-column elementor-col-50 elementor-top-column elementor-element elementor-element-1f8453c\" data-id=\"1f8453c\" data-element_type=\"column\" data-e-type=\"column\">\n\t\t\t<div class=\"elementor-widget-wrap elementor-element-populated\">\n\t\t\t\t\t\t<div class=\"elementor-element elementor-element-3d11456 elementor-cta--skin-cover elementor-cta--valign-bottom footer-overlay elementor-animated-content elementor-bg-transform elementor-bg-transform-zoom-in elementor-widget elementor-widget-call-to-action\" data-id=\"3d11456\" data-element_type=\"widget\" data-e-type=\"widget\" data-widget_type=\"call-to-action.default\">\n\t\t\t\t\t\t\t<a class=\"elementor-cta\" href=\"https:\/\/www.foretdesainthubert-tourisme.be\/nl\/streekroutes\/\">\n\t\t\t\t\t<div class=\"elementor-cta__bg-wrapper\">\n\t\t\t\t<div class=\"elementor-cta__bg elementor-bg\" style=\"background-image: url(https:\/\/www.foretdesainthubert-tourisme.be\/wp-content\/uploads\/elementor\/thumbs\/circuit-vtt-affluents-de-la-haute-lesse-wellin\u00a9MTFSH-TEXTO_Pascal_Willems_-scaled-scaled-rg73zsiza2cs6wxqgux1rvce8unld0v2kocbsyyeui.jpg);\" role=\"img\" aria-label=\"circuit-vtt-affluents-de-la-haute-lesse-wellin\u00a9MTFSH-TEXTO_Pascal_Willems_(\"><\/div>\n\t\t\t\t<div class=\"elementor-cta__bg-overlay\"><\/div>\n\t\t\t<\/div>\n\t\t\t\t\t\t\t<div class=\"elementor-cta__content\">\n\t\t\t\t\n\t\t\t\t\n\t\t\t\t\n\t\t\t\t\t\t\t\t\t<div class=\"elementor-cta__button-wrapper elementor-cta__content-item elementor-content-item elementor-animated-item--grow\">\n\t\t\t\t\t<span class=\"elementor-cta__button elementor-button elementor-size-md\">\n\t\t\t\t\t\tArdense routes\t\t\t\t\t<\/span>\n\t\t\t\t\t<\/div>\n\t\t\t\t\t\t\t<\/div>\n\t\t\t\t\t\t<\/a>\n\t\t\t\t\t\t<\/div>\n\t\t\t\t\t<\/div>\n\t\t<\/div>\n\t\t\t\t\t<\/div>\n\t\t<\/section>\n\t\t\t\t<section class=\"elementor-section elementor-top-section elementor-element elementor-element-920db82 elementor-section-boxed elementor-section-height-default elementor-section-height-default\" data-id=\"920db82\" data-element_type=\"section\" data-e-type=\"section\">\n\t\t\t\t\t\t<div class=\"elementor-container elementor-column-gap-default\">\n\t\t\t\t\t<div class=\"elementor-column elementor-col-50 elementor-top-column elementor-element elementor-element-c512e2f\" data-id=\"c512e2f\" data-element_type=\"column\" data-e-type=\"column\">\n\t\t\t<div class=\"elementor-widget-wrap elementor-element-populated\">\n\t\t\t\t\t\t<div class=\"elementor-element elementor-element-7772c51 elementor-cta--skin-cover elementor-cta--valign-bottom footer-overlay elementor-animated-content elementor-bg-transform elementor-bg-transform-zoom-in elementor-widget elementor-widget-call-to-action\" data-id=\"7772c51\" data-element_type=\"widget\" data-e-type=\"widget\" data-widget_type=\"call-to-action.default\">\n\t\t\t\t\t\t\t<a class=\"elementor-cta\" href=\"https:\/\/www.foretdesainthubert-tourisme.be\/nl\/internationale-routes\/\">\n\t\t\t\t\t<div class=\"elementor-cta__bg-wrapper\">\n\t\t\t\t<div class=\"elementor-cta__bg elementor-bg\" style=\"background-image: url(https:\/\/www.foretdesainthubert-tourisme.be\/wp-content\/uploads\/elementor\/thumbs\/\u00a9-Province-de-Luxembourg-\u2013-P.-Willems-39-ppnx93ksfttx32o4a7gx83i985ijyxhjwvr678nohs.jpg);\" role=\"img\" aria-label=\"\u00a9 Province de Luxembourg \u2013 P. Willems (39)\"><\/div>\n\t\t\t\t<div class=\"elementor-cta__bg-overlay\"><\/div>\n\t\t\t<\/div>\n\t\t\t\t\t\t\t<div class=\"elementor-cta__content\">\n\t\t\t\t\n\t\t\t\t\n\t\t\t\t\n\t\t\t\t\t\t\t\t\t<div class=\"elementor-cta__button-wrapper elementor-cta__content-item elementor-content-item elementor-animated-item--grow\">\n\t\t\t\t\t<span class=\"elementor-cta__button elementor-button elementor-size-md\">\n\t\t\t\t\t\tEuropese routes\t\t\t\t\t<\/span>\n\t\t\t\t\t<\/div>\n\t\t\t\t\t\t\t<\/div>\n\t\t\t\t\t\t<\/a>\n\t\t\t\t\t\t<\/div>\n\t\t\t\t\t<\/div>\n\t\t<\/div>\n\t\t\t\t<div class=\"elementor-column elementor-col-50 elementor-top-column elementor-element elementor-element-e333ab3\" data-id=\"e333ab3\" data-element_type=\"column\" data-e-type=\"column\">\n\t\t\t<div class=\"elementor-widget-wrap elementor-element-populated\">\n\t\t\t\t\t\t<div class=\"elementor-element elementor-element-751ad2e elementor-cta--skin-cover elementor-cta--valign-bottom footer-overlay elementor-animated-content elementor-bg-transform elementor-bg-transform-zoom-in elementor-widget elementor-widget-call-to-action\" data-id=\"751ad2e\" data-element_type=\"widget\" data-e-type=\"widget\" data-widget_type=\"call-to-action.default\">\n\t\t\t\t\t\t\t<a class=\"elementor-cta\" href=\"\/tocht-fiets-mountainbike\/\">\n\t\t\t\t\t<div class=\"elementor-cta__bg-wrapper\">\n\t\t\t\t<div class=\"elementor-cta__bg elementor-bg\" style=\"background-image: url(https:\/\/www.foretdesainthubert-tourisme.be\/wp-content\/uploads\/elementor\/thumbs\/libramont_circuit_vtc_70km\u00a9MTFSH-TEXTO_Pascal_Willems_285-1-scaled-scaled-rg73ztgtgwe2iiwdbdbocd3uu8iykpyswszta8x02w.jpg);\" role=\"img\" aria-label=\"\"><\/div>\n\t\t\t\t<div class=\"elementor-cta__bg-overlay\"><\/div>\n\t\t\t<\/div>\n\t\t\t\t\t\t\t<div class=\"elementor-cta__content\">\n\t\t\t\t\n\t\t\t\t\n\t\t\t\t\n\t\t\t\t\t\t\t\t\t<div class=\"elementor-cta__button-wrapper elementor-cta__content-item elementor-content-item elementor-animated-item--grow\">\n\t\t\t\t\t<span class=\"elementor-cta__button elementor-button elementor-size-md\">\n\t\t\t\t\t\tagenda van georganiseerde wandelingen\t\t\t\t\t<\/span>\n\t\t\t\t\t<\/div>\n\t\t\t\t\t\t\t<\/div>\n\t\t\t\t\t\t<\/a>\n\t\t\t\t\t\t<\/div>\n\t\t\t\t\t<\/div>\n\t\t<\/div>\n\t\t\t\t\t<\/div>\n\t\t<\/section>\n\t\t\t\t<section class=\"elementor-section elementor-top-section elementor-element elementor-element-4fe85ad elementor-section-boxed elementor-section-height-default elementor-section-height-default\" data-id=\"4fe85ad\" data-element_type=\"section\" data-e-type=\"section\">\n\t\t\t\t\t\t<div class=\"elementor-container elementor-column-gap-default\">\n\t\t\t\t\t<div class=\"elementor-column elementor-col-100 elementor-top-column elementor-element elementor-element-aa1a9e5\" data-id=\"aa1a9e5\" data-element_type=\"column\" data-e-type=\"column\">\n\t\t\t<div class=\"elementor-widget-wrap elementor-element-populated\">\n\t\t\t\t\t\t<div class=\"elementor-element elementor-element-7b275ee elementor-widget elementor-widget-heading\" data-id=\"7b275ee\" data-element_type=\"widget\" data-e-type=\"widget\" data-widget_type=\"heading.default\">\n\t\t\t\t\t<h4 class=\"elementor-heading-title elementor-size-default\">adressen \"bienvenue v\u00e9lo\"<\/h4>\t\t\t\t<\/div>\n\t\t\t\t<div class=\"elementor-element elementor-element-68e31d2 elementor-widget elementor-widget-heading\" data-id=\"68e31d2\" data-element_type=\"widget\" data-e-type=\"widget\" data-widget_type=\"heading.default\">\n\t\t\t\t\t<h5 class=\"elementor-heading-title elementor-size-default\">Gereedschap en goede deals speciaal voor jou!<\/h5>\t\t\t\t<\/div>\n\t\t\t\t\t<\/div>\n\t\t<\/div>\n\t\t\t\t\t<\/div>\n\t\t<\/section>\n\t\t\t\t<section class=\"elementor-section elementor-top-section elementor-element elementor-element-319bee5 elementor-section-boxed elementor-section-height-default elementor-section-height-default\" data-id=\"319bee5\" data-element_type=\"section\" data-e-type=\"section\">\n\t\t\t\t\t\t<div class=\"elementor-container elementor-column-gap-default\">\n\t\t\t\t\t<div class=\"elementor-column elementor-col-33 elementor-top-column elementor-element elementor-element-187bfb0\" data-id=\"187bfb0\" data-element_type=\"column\" data-e-type=\"column\">\n\t\t\t<div class=\"elementor-widget-wrap elementor-element-populated\">\n\t\t\t\t\t\t<div class=\"elementor-element elementor-element-74d2b79 elementor-widget elementor-widget-image\" data-id=\"74d2b79\" data-element_type=\"widget\" data-e-type=\"widget\" data-widget_type=\"image.default\">\n\t\t\t\t\t\t\t\t\t\t\t\t\t\t\t<img decoding=\"async\" width=\"154\" height=\"233\" src=\"https:\/\/www.foretdesainthubert-tourisme.be\/wp-content\/uploads\/2021\/03\/logo_BienvenueVelo.png\" class=\"attachment-large size-large wp-image-7419\" alt=\"\" \/>\t\t\t\t\t\t\t\t\t\t\t\t\t\t\t<\/div>\n\t\t\t\t\t<\/div>\n\t\t<\/div>\n\t\t\t\t<div class=\"elementor-column elementor-col-66 elementor-top-column elementor-element elementor-element-6e98fa4\" data-id=\"6e98fa4\" data-element_type=\"column\" data-e-type=\"column\">\n\t\t\t<div class=\"elementor-widget-wrap elementor-element-populated\">\n\t\t\t\t\t\t<div class=\"elementor-element elementor-element-fb21f56 elementor-align-center elementor-widget elementor-widget-button\" data-id=\"fb21f56\" data-element_type=\"widget\" data-e-type=\"widget\" data-widget_type=\"button.default\">\n\t\t\t\t\t\t\t\t\t\t<a class=\"elementor-button elementor-button-link elementor-size-xl\" href=\"https:\/\/www.foretdesainthubert-tourisme.be\/nl\/labellises-bienvenue-velo\/\">\n\t\t\t\t\t\t<span class=\"elementor-button-content-wrapper\">\n\t\t\t\t\t\t\t\t\t<span class=\"elementor-button-text\">Adressen \"Bienvenue V\u00e9lo\"<\/span>\n\t\t\t\t\t<\/span>\n\t\t\t\t\t<\/a>\n\t\t\t\t\t\t\t\t<\/div>\n\t\t\t\t<div class=\"elementor-element elementor-element-0a7b85e elementor-widget elementor-widget-text-editor\" data-id=\"0a7b85e\" data-element_type=\"widget\" data-e-type=\"widget\" data-widget_type=\"text-editor.default\">\n\t\t\t\t\t\t\t\t\t<p>Steeds meer mensen komen onze prachtige streek op de fiets ontdekken!<br \/>Of je nu op een elektrische fiets, een klassieke racefiets of een mountainbike rijdt, een aantal etablissementen hebben het label &#8220;Bienvenue V\u00e9lo&#8221; ondertekend om je een warm welkom te heten.<br \/>Ze bieden alle comfort om optimaal te genieten van onze streek en haar rijkdommen. Ze zijn te herkennen aan een sticker bij de ingang en bevinden zich op maximaal 5 km van een fietsnetwerk&#8230;<\/p>\n\t\t\t\t\t\t\t\t<\/div>\n\t\t\t\t\t<\/div>\n\t\t<\/div>\n\t\t\t\t\t<\/div>\n\t\t<\/section>\n\t\t\t\t<section class=\"elementor-section elementor-top-section elementor-element elementor-element-987d6df elementor-section-boxed elementor-section-height-default elementor-section-height-default\" data-id=\"987d6df\" data-element_type=\"section\" data-e-type=\"section\">\n\t\t\t\t\t\t<div class=\"elementor-container elementor-column-gap-default\">\n\t\t\t\t\t<div class=\"elementor-column elementor-col-50 elementor-top-column elementor-element elementor-element-09f1054\" data-id=\"09f1054\" data-element_type=\"column\" data-e-type=\"column\">\n\t\t\t<div class=\"elementor-widget-wrap elementor-element-populated\">\n\t\t\t\t\t\t<div class=\"elementor-element elementor-element-944f547 elementor-widget elementor-widget-image\" data-id=\"944f547\" data-element_type=\"widget\" data-e-type=\"widget\" data-widget_type=\"image.default\">\n\t\t\t\t\t\t\t\t\t\t\t\t\t\t\t<img fetchpriority=\"high\" decoding=\"async\" width=\"1024\" height=\"768\" src=\"https:\/\/www.foretdesainthubert-tourisme.be\/wp-content\/uploads\/2024\/08\/circuit-vtt-seviscourt-libramont\u00a9MTFSH_TEXTO_Pascal_Willems_11-1024x768.jpg\" class=\"attachment-large size-large wp-image-30523\" alt=\"\" srcset=\"https:\/\/www.foretdesainthubert-tourisme.be\/wp-content\/uploads\/2024\/08\/circuit-vtt-seviscourt-libramont\u00a9MTFSH_TEXTO_Pascal_Willems_11-1024x768.jpg 1024w, https:\/\/www.foretdesainthubert-tourisme.be\/wp-content\/uploads\/2024\/08\/circuit-vtt-seviscourt-libramont\u00a9MTFSH_TEXTO_Pascal_Willems_11-300x225.jpg 300w, https:\/\/www.foretdesainthubert-tourisme.be\/wp-content\/uploads\/2024\/08\/circuit-vtt-seviscourt-libramont\u00a9MTFSH_TEXTO_Pascal_Willems_11-768x576.jpg 768w, https:\/\/www.foretdesainthubert-tourisme.be\/wp-content\/uploads\/2024\/08\/circuit-vtt-seviscourt-libramont\u00a9MTFSH_TEXTO_Pascal_Willems_11-1536x1152.jpg 1536w, https:\/\/www.foretdesainthubert-tourisme.be\/wp-content\/uploads\/2024\/08\/circuit-vtt-seviscourt-libramont\u00a9MTFSH_TEXTO_Pascal_Willems_11-2048x1536.jpg 2048w\" sizes=\"(max-width: 1024px) 100vw, 1024px\" \/>\t\t\t\t\t\t\t\t\t\t\t\t\t\t\t<\/div>\n\t\t\t\t\t<\/div>\n\t\t<\/div>\n\t\t\t\t<div class=\"elementor-column elementor-col-50 elementor-top-column elementor-element elementor-element-fec60d3\" data-id=\"fec60d3\" data-element_type=\"column\" data-e-type=\"column\">\n\t\t\t<div class=\"elementor-widget-wrap elementor-element-populated\">\n\t\t\t\t\t\t<div class=\"elementor-element elementor-element-3e89cb7 elementor-widget elementor-widget-image\" data-id=\"3e89cb7\" data-element_type=\"widget\" data-e-type=\"widget\" data-widget_type=\"image.default\">\n\t\t\t\t\t\t\t\t\t\t\t\t\t\t\t<img decoding=\"async\" width=\"1024\" height=\"768\" src=\"https:\/\/www.foretdesainthubert-tourisme.be\/wp-content\/uploads\/2024\/08\/promenade-arville-sainthubert\u00a9MTFSH_TEXTO_Pascal_Willems_225-1-1024x768.jpg\" class=\"attachment-large size-large wp-image-30531\" alt=\"\" srcset=\"https:\/\/www.foretdesainthubert-tourisme.be\/wp-content\/uploads\/2024\/08\/promenade-arville-sainthubert\u00a9MTFSH_TEXTO_Pascal_Willems_225-1-1024x768.jpg 1024w, https:\/\/www.foretdesainthubert-tourisme.be\/wp-content\/uploads\/2024\/08\/promenade-arville-sainthubert\u00a9MTFSH_TEXTO_Pascal_Willems_225-1-300x225.jpg 300w, https:\/\/www.foretdesainthubert-tourisme.be\/wp-content\/uploads\/2024\/08\/promenade-arville-sainthubert\u00a9MTFSH_TEXTO_Pascal_Willems_225-1-768x576.jpg 768w, https:\/\/www.foretdesainthubert-tourisme.be\/wp-content\/uploads\/2024\/08\/promenade-arville-sainthubert\u00a9MTFSH_TEXTO_Pascal_Willems_225-1-1536x1152.jpg 1536w, https:\/\/www.foretdesainthubert-tourisme.be\/wp-content\/uploads\/2024\/08\/promenade-arville-sainthubert\u00a9MTFSH_TEXTO_Pascal_Willems_225-1-2048x1536.jpg 2048w\" sizes=\"(max-width: 1024px) 100vw, 1024px\" \/>\t\t\t\t\t\t\t\t\t\t\t\t\t\t\t<\/div>\n\t\t\t\t\t<\/div>\n\t\t<\/div>\n\t\t\t\t\t<\/div>\n\t\t<\/section>\n\t\t\t\t<section class=\"elementor-section elementor-top-section elementor-element elementor-element-1a2ae40 elementor-section-boxed elementor-section-height-default elementor-section-height-default\" data-id=\"1a2ae40\" data-element_type=\"section\" data-e-type=\"section\">\n\t\t\t\t\t\t<div class=\"elementor-container elementor-column-gap-default\">\n\t\t\t\t\t<div class=\"elementor-column elementor-col-100 elementor-top-column elementor-element elementor-element-2bf9d62\" data-id=\"2bf9d62\" data-element_type=\"column\" data-e-type=\"column\">\n\t\t\t<div class=\"elementor-widget-wrap elementor-element-populated\">\n\t\t\t\t\t\t<div class=\"elementor-element elementor-element-1348d2b elementor-widget elementor-widget-heading\" data-id=\"1348d2b\" data-element_type=\"widget\" data-e-type=\"widget\" data-widget_type=\"heading.default\">\n\t\t\t\t\t<h6 class=\"elementor-heading-title elementor-size-default\">verhuur fietsen en mountainbikes<\/h6>\t\t\t\t<\/div>\n\t\t\t\t\t<\/div>\n\t\t<\/div>\n\t\t\t\t\t<\/div>\n\t\t<\/section>\n\t\t\t\t<section class=\"elementor-section elementor-top-section elementor-element elementor-element-09c5a44 elementor-section-boxed elementor-section-height-default elementor-section-height-default\" data-id=\"09c5a44\" data-element_type=\"section\" data-e-type=\"section\">\n\t\t\t\t\t\t<div class=\"elementor-container elementor-column-gap-default\">\n\t\t\t\t\t<div class=\"elementor-column elementor-col-50 elementor-top-column elementor-element elementor-element-657041a\" data-id=\"657041a\" data-element_type=\"column\" data-e-type=\"column\">\n\t\t\t<div class=\"elementor-widget-wrap elementor-element-populated\">\n\t\t\t\t\t\t<div class=\"elementor-element elementor-element-70f9f4a elementor-widget-mobile__width-inherit content-align-cta-default elementor-widget elementor-widget-eael-cta-box\" data-id=\"70f9f4a\" data-element_type=\"widget\" data-e-type=\"widget\" data-widget_type=\"eael-cta-box.default\">\n\t\t\t\t\t\t\t<div class=\"eael-call-to-action cta-basic bg-lite cta-preset-1\">\n        <h4 class=\"sub-title\">huurcentrum in Champlon<\/h4><h2 class=\"title eael-cta-heading\">Sportcentrum van Tenneville<\/h2><p>Vanuit het sportcentrum van Tenneville kunt u de streek op uw gemak per elektrische fiets ontdekken.<\/p>\n<p>Het centrum biedt:<\/p>\n<p>-de huur van 2 elektrische mountainbikes \"Rockrider\" voor volwassenen, uitsluitend op reservering<br \/>-de kaart van de circuits in de gemeente Tenneville<\/p>\n<a href=\"https:\/\/www.centresportiftenneville.be\/activit%C3%A9s\/location-vtt-%C3%A9lectriques\/\" target=\"_blank\" class=\"cta-button cta-preset-1  \">Meer informatie<\/a>\t<\/div>\n\t\t\t\t\t\t\t\t<\/div>\n\t\t\t\t<div class=\"elementor-element elementor-element-99f54bc elementor-widget-mobile__width-inherit content-align-cta-default elementor-widget elementor-widget-eael-cta-box\" data-id=\"99f54bc\" data-element_type=\"widget\" data-e-type=\"widget\" data-widget_type=\"eael-cta-box.default\">\n\t\t\t\t\t\t\t<div class=\"eael-call-to-action cta-basic bg-lite cta-preset-1\">\n        <h4 class=\"sub-title\">verhuurcentrum in Redu<\/h4><h2 class=\"title eael-cta-heading\">Loca-Bike<\/h2><p>Het Loca-Bike-centrum in Redu (Libin) biedt verschillende diensten aan:<\/p>\n<p>- verhuur van elektrische mountainbikes<\/p>\n<p>- begeleiding door een gids (op reservering), van gezinsuitstapjes tot meer technische tochten<\/p>\n<a href=\"https:\/\/www.locabike.be\" target=\"_blank\" class=\"cta-button cta-preset-1  \">Meer informatie<\/a>\t<\/div>\n\t\t\t\t\t\t\t\t<\/div>\n\t\t\t\t<div class=\"elementor-element elementor-element-f938021 elementor-widget-mobile__width-inherit content-align-cta-default elementor-widget elementor-widget-eael-cta-box\" data-id=\"f938021\" data-element_type=\"widget\" data-e-type=\"widget\" data-widget_type=\"eael-cta-box.default\">\n\t\t\t\t\t\t\t<div class=\"eael-call-to-action cta-basic bg-lite cta-preset-1\">\n        <h4 class=\"sub-title\">Libramont<\/h4><h3 class=\"title eael-cta-heading\">Office du Tourisme de Libramont-Chevigny<\/h3><p>De gemeente Libramont-Chevigny verhuurt van 1 juli tot 30 september elektrische mountainbikes om duurzame mobiliteit te promoten.<\/p>\n<ul>\n<li>Flexibele tarieven: van een uur tot een week, het volgende is beschikbaar<\/li>\n<li>Helm niet inbegrepen<\/li>\n<li>Diverse routes in de gemeente en omgeving<\/li>\n<\/ul>\n<a href=\"tel:003261270482\" target=\"_blank\" class=\"cta-button cta-preset-1  \">Bellen<\/a>\t<\/div>\n\t\t\t\t\t\t\t\t<\/div>\n\t\t\t\t\t<\/div>\n\t\t<\/div>\n\t\t\t\t<div class=\"elementor-column elementor-col-50 elementor-top-column elementor-element elementor-element-7afda0f\" data-id=\"7afda0f\" data-element_type=\"column\" data-e-type=\"column\">\n\t\t\t<div class=\"elementor-widget-wrap elementor-element-populated\">\n\t\t\t\t\t\t<div class=\"elementor-element elementor-element-5a43768 elementor-widget-mobile__width-inherit content-align-cta-default elementor-widget elementor-widget-eael-cta-box\" data-id=\"5a43768\" data-element_type=\"widget\" data-e-type=\"widget\" data-widget_type=\"eael-cta-box.default\">\n\t\t\t\t\t\t\t<div class=\"eael-call-to-action cta-basic bg-lite cta-preset-1\">\n        <h4 class=\"sub-title\">Centre de location \u00e0 Saint-Hubert<\/h4><h2 class=\"title eael-cta-heading\">E-Scape Bike<\/h2><p>E-scape Bike is in de eerste plaats een team van enthousiastelingen die jou onze prachtige streek willen laten ontdekken. En hoe kun je dat beter doen dan op een elektrische fiets? Met een vloot van 35 mountainbikes en citybikes vind je zeker de fiets die bij je past, of je nu een beginner of een doorgewinterde fietser bent.<\/p>\n<p>Het E-Scape Bike centrum in Saint-Hubert biedt verschillende diensten aan:<\/p>\n<p>- verhuur van elektrische mountainbikes en stadsfietsen<\/p>\n<p>- verhuur van elektrische fietsen voor kinderen<\/p>\n<p>- verhuur van babyzitjes en fietskarretjes voor peuters<\/p>\n<p>- een ruime keuze aan routes voor alle niveaus met GPS<\/p>\n<p>- gids beschikbaar op afspraak (uitstapjes op maat)<\/p>\n<p>- levering van materiaal aan de partneraccommodatie op aanvraag<\/p>\n<a href=\"http:\/\/www.escapebike.be\" target=\"_blank\" class=\"cta-button cta-preset-1  \">Meer uitleg<\/a>\t<\/div>\n\t\t\t\t\t\t\t\t<\/div>\n\t\t\t\t<div class=\"elementor-element elementor-element-efcb20b elementor-widget-mobile__width-inherit content-align-cta-default elementor-widget elementor-widget-eael-cta-box\" data-id=\"efcb20b\" data-element_type=\"widget\" data-e-type=\"widget\" data-widget_type=\"eael-cta-box.default\">\n\t\t\t\t\t\t\t<div class=\"eael-call-to-action cta-basic bg-lite cta-preset-1\">\n        <h4 class=\"sub-title\">NMBS-station Libramont<\/h4><h2 class=\"title eael-cta-heading\">Blue-Bike<\/h2><p>Fietsen voor zelfbediening vertrekken vanaf het station van Libramont.<\/p>\n<p>Het netwerk is toegankelijk met een lidmaatschapskaart, verkrijgbaar via de Blue-Bike website.<\/p>\n<a href=\"https:\/\/www.blue-bike.be\/\" target=\"_blank\" class=\"cta-button cta-preset-1  \">Lees meer<\/a>\t<\/div>\n\t\t\t\t\t\t\t\t<\/div>\n\t\t\t\t\t<\/div>\n\t\t<\/div>\n\t\t\t\t\t<\/div>\n\t\t<\/section>\n\t\t\t\t<section class=\"elementor-section elementor-top-section elementor-element elementor-element-3d89e35 elementor-section-boxed elementor-section-height-default elementor-section-height-default\" data-id=\"3d89e35\" data-element_type=\"section\" data-e-type=\"section\">\n\t\t\t\t\t\t<div class=\"elementor-container elementor-column-gap-default\">\n\t\t\t\t\t<div class=\"elementor-column elementor-col-33 elementor-top-column elementor-element elementor-element-c7c6495\" data-id=\"c7c6495\" data-element_type=\"column\" data-e-type=\"column\">\n\t\t\t<div class=\"elementor-widget-wrap elementor-element-populated\">\n\t\t\t\t\t\t<div class=\"elementor-element elementor-element-298ecc6 elementor-widget elementor-widget-image\" data-id=\"298ecc6\" data-element_type=\"widget\" data-e-type=\"widget\" data-widget_type=\"image.default\">\n\t\t\t\t\t\t\t\t\t\t\t\t\t\t\t<img loading=\"lazy\" decoding=\"async\" width=\"1024\" height=\"690\" src=\"https:\/\/www.foretdesainthubert-tourisme.be\/wp-content\/uploads\/2024\/10\/VTT-50km-LibramontChevigny\u00a9MTFSH-TEXTO_Pascal_Willems_52-1024x690.jpg\" class=\"attachment-large size-large wp-image-31608\" alt=\"\" srcset=\"https:\/\/www.foretdesainthubert-tourisme.be\/wp-content\/uploads\/2024\/10\/VTT-50km-LibramontChevigny\u00a9MTFSH-TEXTO_Pascal_Willems_52-1024x690.jpg 1024w, https:\/\/www.foretdesainthubert-tourisme.be\/wp-content\/uploads\/2024\/10\/VTT-50km-LibramontChevigny\u00a9MTFSH-TEXTO_Pascal_Willems_52-300x202.jpg 300w, https:\/\/www.foretdesainthubert-tourisme.be\/wp-content\/uploads\/2024\/10\/VTT-50km-LibramontChevigny\u00a9MTFSH-TEXTO_Pascal_Willems_52-768x518.jpg 768w, https:\/\/www.foretdesainthubert-tourisme.be\/wp-content\/uploads\/2024\/10\/VTT-50km-LibramontChevigny\u00a9MTFSH-TEXTO_Pascal_Willems_52-1536x1035.jpg 1536w, https:\/\/www.foretdesainthubert-tourisme.be\/wp-content\/uploads\/2024\/10\/VTT-50km-LibramontChevigny\u00a9MTFSH-TEXTO_Pascal_Willems_52-2048x1380.jpg 2048w\" sizes=\"(max-width: 1024px) 100vw, 1024px\" \/>\t\t\t\t\t\t\t\t\t\t\t\t\t\t\t<\/div>\n\t\t\t\t\t<\/div>\n\t\t<\/div>\n\t\t\t\t<div class=\"elementor-column elementor-col-33 elementor-top-column elementor-element elementor-element-c127682\" data-id=\"c127682\" data-element_type=\"column\" data-e-type=\"column\">\n\t\t\t<div class=\"elementor-widget-wrap elementor-element-populated\">\n\t\t\t\t\t\t<div class=\"elementor-element elementor-element-9cbc829 elementor-widget elementor-widget-image\" data-id=\"9cbc829\" data-element_type=\"widget\" data-e-type=\"widget\" data-widget_type=\"image.default\">\n\t\t\t\t\t\t\t\t\t\t\t\t\t\t\t<img loading=\"lazy\" decoding=\"async\" width=\"1024\" height=\"718\" src=\"https:\/\/www.foretdesainthubert-tourisme.be\/wp-content\/uploads\/2024\/10\/VTT-65km-LibramontChevigny\u00a9MTFSH-TEXTO_Pascal_Willems_5-1024x718.jpg\" class=\"attachment-large size-large wp-image-31612\" alt=\"\" srcset=\"https:\/\/www.foretdesainthubert-tourisme.be\/wp-content\/uploads\/2024\/10\/VTT-65km-LibramontChevigny\u00a9MTFSH-TEXTO_Pascal_Willems_5-1024x718.jpg 1024w, https:\/\/www.foretdesainthubert-tourisme.be\/wp-content\/uploads\/2024\/10\/VTT-65km-LibramontChevigny\u00a9MTFSH-TEXTO_Pascal_Willems_5-300x210.jpg 300w, https:\/\/www.foretdesainthubert-tourisme.be\/wp-content\/uploads\/2024\/10\/VTT-65km-LibramontChevigny\u00a9MTFSH-TEXTO_Pascal_Willems_5-768x539.jpg 768w, https:\/\/www.foretdesainthubert-tourisme.be\/wp-content\/uploads\/2024\/10\/VTT-65km-LibramontChevigny\u00a9MTFSH-TEXTO_Pascal_Willems_5-1536x1077.jpg 1536w, https:\/\/www.foretdesainthubert-tourisme.be\/wp-content\/uploads\/2024\/10\/VTT-65km-LibramontChevigny\u00a9MTFSH-TEXTO_Pascal_Willems_5-2048x1436.jpg 2048w\" sizes=\"(max-width: 1024px) 100vw, 1024px\" \/>\t\t\t\t\t\t\t\t\t\t\t\t\t\t\t<\/div>\n\t\t\t\t\t<\/div>\n\t\t<\/div>\n\t\t\t\t<div class=\"elementor-column elementor-col-33 elementor-top-column elementor-element elementor-element-c0d4f1f\" data-id=\"c0d4f1f\" data-element_type=\"column\" data-e-type=\"column\">\n\t\t\t<div class=\"elementor-widget-wrap elementor-element-populated\">\n\t\t\t\t\t\t<div class=\"elementor-element elementor-element-d4ff3ca elementor-widget elementor-widget-image\" data-id=\"d4ff3ca\" data-element_type=\"widget\" data-e-type=\"widget\" data-widget_type=\"image.default\">\n\t\t\t\t\t\t\t\t\t\t\t\t\t\t\t<img loading=\"lazy\" decoding=\"async\" width=\"1024\" height=\"694\" src=\"https:\/\/www.foretdesainthubert-tourisme.be\/wp-content\/uploads\/2024\/12\/circuit-vtt-plein-est\u00a9MTFSH-TEXTO_Pascal_Willems_165-1024x694.jpg\" class=\"attachment-large size-large wp-image-32056\" alt=\"\" srcset=\"https:\/\/www.foretdesainthubert-tourisme.be\/wp-content\/uploads\/2024\/12\/circuit-vtt-plein-est\u00a9MTFSH-TEXTO_Pascal_Willems_165-1024x694.jpg 1024w, https:\/\/www.foretdesainthubert-tourisme.be\/wp-content\/uploads\/2024\/12\/circuit-vtt-plein-est\u00a9MTFSH-TEXTO_Pascal_Willems_165-300x203.jpg 300w, https:\/\/www.foretdesainthubert-tourisme.be\/wp-content\/uploads\/2024\/12\/circuit-vtt-plein-est\u00a9MTFSH-TEXTO_Pascal_Willems_165-768x520.jpg 768w, https:\/\/www.foretdesainthubert-tourisme.be\/wp-content\/uploads\/2024\/12\/circuit-vtt-plein-est\u00a9MTFSH-TEXTO_Pascal_Willems_165-1536x1041.jpg 1536w, https:\/\/www.foretdesainthubert-tourisme.be\/wp-content\/uploads\/2024\/12\/circuit-vtt-plein-est\u00a9MTFSH-TEXTO_Pascal_Willems_165-2048x1387.jpg 2048w\" sizes=\"(max-width: 1024px) 100vw, 1024px\" \/>\t\t\t\t\t\t\t\t\t\t\t\t\t\t\t<\/div>\n\t\t\t\t\t<\/div>\n\t\t<\/div>\n\t\t\t\t\t<\/div>\n\t\t<\/section>\n\t\t\t\t<section class=\"elementor-section elementor-top-section elementor-element elementor-element-466984b elementor-section-boxed elementor-section-height-default elementor-section-height-default\" data-id=\"466984b\" data-element_type=\"section\" data-e-type=\"section\">\n\t\t\t\t\t\t<div class=\"elementor-container elementor-column-gap-default\">\n\t\t\t\t\t<div class=\"elementor-column elementor-col-100 elementor-top-column elementor-element elementor-element-94bec5b\" data-id=\"94bec5b\" data-element_type=\"column\" data-e-type=\"column\">\n\t\t\t<div class=\"elementor-widget-wrap elementor-element-populated\">\n\t\t\t\t\t\t<div class=\"elementor-element elementor-element-b4e1390 elementor-widget elementor-widget-heading\" data-id=\"b4e1390\" data-element_type=\"widget\" data-e-type=\"widget\" data-widget_type=\"heading.default\">\n\t\t\t\t\t<h3 class=\"elementor-heading-title elementor-size-default\">Waar kun je je elektrische fiets opladen in het woud van Saint-Hubert?<\/h3>\t\t\t\t<\/div>\n\t\t\t\t\t<\/div>\n\t\t<\/div>\n\t\t\t\t\t<\/div>\n\t\t<\/section>\n\t\t\t\t<section class=\"elementor-section elementor-top-section elementor-element elementor-element-f9d6070 elementor-section-boxed elementor-section-height-default elementor-section-height-default\" data-id=\"f9d6070\" data-element_type=\"section\" data-e-type=\"section\">\n\t\t\t\t\t\t<div class=\"elementor-container elementor-column-gap-default\">\n\t\t\t\t\t<div class=\"elementor-column elementor-col-50 elementor-top-column elementor-element elementor-element-3e412d7\" data-id=\"3e412d7\" data-element_type=\"column\" data-e-type=\"column\">\n\t\t\t<div class=\"elementor-widget-wrap elementor-element-populated\">\n\t\t\t\t\t\t<div class=\"elementor-element elementor-element-3cf2b1e elementor-widget elementor-widget-image\" data-id=\"3cf2b1e\" data-element_type=\"widget\" data-e-type=\"widget\" data-widget_type=\"image.default\">\n\t\t\t\t\t\t\t\t\t\t\t\t\t\t\t<img loading=\"lazy\" decoding=\"async\" width=\"1018\" height=\"1024\" src=\"https:\/\/www.foretdesainthubert-tourisme.be\/wp-content\/uploads\/2021\/03\/e-bike-1018x1024.png\" class=\"attachment-large size-large wp-image-7391\" alt=\"\" srcset=\"https:\/\/www.foretdesainthubert-tourisme.be\/wp-content\/uploads\/2021\/03\/e-bike-1018x1024.png 1018w, https:\/\/www.foretdesainthubert-tourisme.be\/wp-content\/uploads\/2021\/03\/e-bike-298x300.png 298w, https:\/\/www.foretdesainthubert-tourisme.be\/wp-content\/uploads\/2021\/03\/e-bike-150x150.png 150w, https:\/\/www.foretdesainthubert-tourisme.be\/wp-content\/uploads\/2021\/03\/e-bike-768x772.png 768w, https:\/\/www.foretdesainthubert-tourisme.be\/wp-content\/uploads\/2021\/03\/e-bike.png 1273w\" sizes=\"(max-width: 1018px) 100vw, 1018px\" \/>\t\t\t\t\t\t\t\t\t\t\t\t\t\t\t<\/div>\n\t\t\t\t\t<\/div>\n\t\t<\/div>\n\t\t\t\t<div class=\"elementor-column elementor-col-50 elementor-top-column elementor-element elementor-element-a8e7f5e\" data-id=\"a8e7f5e\" data-element_type=\"column\" data-e-type=\"column\">\n\t\t\t<div class=\"elementor-widget-wrap elementor-element-populated\">\n\t\t\t\t\t\t<div class=\"elementor-element elementor-element-12946d9 elementor-widget elementor-widget-text-editor\" data-id=\"12946d9\" data-element_type=\"widget\" data-e-type=\"widget\" data-widget_type=\"text-editor.default\">\n\t\t\t\t\t\t\t\t\t<ul>\n<li>Redu (Libin): Place de l&#8217;Esro 60<\/li>\n<li>Saint-Hubert: Place du March\u00e9 15<\/li>\n<li>Sohier (Wellin): Laboratorium voor Landelijk Leven<\/li>\n<li>Tellin: voor de kerk<\/li>\n<li>Wellin: op de Grote Markt<\/li>\n<\/ul>\n\t\t\t\t\t\t\t\t<\/div>\n\t\t\t\t\t<\/div>\n\t\t<\/div>\n\t\t\t\t\t<\/div>\n\t\t<\/section>\n\t\t\t\t<section class=\"elementor-section elementor-top-section elementor-element elementor-element-6f8f9cd elementor-section-boxed elementor-section-height-default elementor-section-height-default\" data-id=\"6f8f9cd\" data-element_type=\"section\" data-e-type=\"section\">\n\t\t\t\t\t\t<div class=\"elementor-container elementor-column-gap-default\">\n\t\t\t\t\t<div class=\"elementor-column elementor-col-50 elementor-top-column elementor-element elementor-element-5aaba8c\" data-id=\"5aaba8c\" data-element_type=\"column\" data-e-type=\"column\">\n\t\t\t<div class=\"elementor-widget-wrap elementor-element-populated\">\n\t\t\t\t\t\t<div class=\"elementor-element elementor-element-2a1f668 elementor-widget elementor-widget-image\" data-id=\"2a1f668\" data-element_type=\"widget\" data-e-type=\"widget\" data-widget_type=\"image.default\">\n\t\t\t\t\t\t\t\t\t\t\t\t\t\t\t<img loading=\"lazy\" decoding=\"async\" width=\"1024\" height=\"747\" src=\"https:\/\/www.foretdesainthubert-tourisme.be\/wp-content\/uploads\/2024\/08\/libramont-pre-ravel\u00a9MTFSH-TEXTO_Pascal_Willems_116-1024x747.jpg\" class=\"attachment-large size-large wp-image-30511\" alt=\"\" srcset=\"https:\/\/www.foretdesainthubert-tourisme.be\/wp-content\/uploads\/2024\/08\/libramont-pre-ravel\u00a9MTFSH-TEXTO_Pascal_Willems_116-1024x747.jpg 1024w, https:\/\/www.foretdesainthubert-tourisme.be\/wp-content\/uploads\/2024\/08\/libramont-pre-ravel\u00a9MTFSH-TEXTO_Pascal_Willems_116-300x219.jpg 300w, https:\/\/www.foretdesainthubert-tourisme.be\/wp-content\/uploads\/2024\/08\/libramont-pre-ravel\u00a9MTFSH-TEXTO_Pascal_Willems_116-768x561.jpg 768w, https:\/\/www.foretdesainthubert-tourisme.be\/wp-content\/uploads\/2024\/08\/libramont-pre-ravel\u00a9MTFSH-TEXTO_Pascal_Willems_116-1536x1121.jpg 1536w, https:\/\/www.foretdesainthubert-tourisme.be\/wp-content\/uploads\/2024\/08\/libramont-pre-ravel\u00a9MTFSH-TEXTO_Pascal_Willems_116-2048x1495.jpg 2048w\" sizes=\"(max-width: 1024px) 100vw, 1024px\" \/>\t\t\t\t\t\t\t\t\t\t\t\t\t\t\t<\/div>\n\t\t\t\t\t<\/div>\n\t\t<\/div>\n\t\t\t\t<div class=\"elementor-column elementor-col-50 elementor-top-column elementor-element elementor-element-5cea443\" data-id=\"5cea443\" data-element_type=\"column\" data-e-type=\"column\">\n\t\t\t<div class=\"elementor-widget-wrap elementor-element-populated\">\n\t\t\t\t\t\t<div class=\"elementor-element elementor-element-c48f8b8 elementor-widget elementor-widget-image\" data-id=\"c48f8b8\" data-element_type=\"widget\" data-e-type=\"widget\" data-widget_type=\"image.default\">\n\t\t\t\t\t\t\t\t\t\t\t\t\t\t\t<img loading=\"lazy\" decoding=\"async\" width=\"1024\" height=\"748\" src=\"https:\/\/www.foretdesainthubert-tourisme.be\/wp-content\/uploads\/2024\/08\/circuit-vtt-seviscourt-libramont\u00a9MTFSH_TEXTO_Pascal_Willems_54-1024x748.jpg\" class=\"attachment-large size-large wp-image-30519\" alt=\"\" srcset=\"https:\/\/www.foretdesainthubert-tourisme.be\/wp-content\/uploads\/2024\/08\/circuit-vtt-seviscourt-libramont\u00a9MTFSH_TEXTO_Pascal_Willems_54-1024x748.jpg 1024w, https:\/\/www.foretdesainthubert-tourisme.be\/wp-content\/uploads\/2024\/08\/circuit-vtt-seviscourt-libramont\u00a9MTFSH_TEXTO_Pascal_Willems_54-300x219.jpg 300w, https:\/\/www.foretdesainthubert-tourisme.be\/wp-content\/uploads\/2024\/08\/circuit-vtt-seviscourt-libramont\u00a9MTFSH_TEXTO_Pascal_Willems_54-768x561.jpg 768w, https:\/\/www.foretdesainthubert-tourisme.be\/wp-content\/uploads\/2024\/08\/circuit-vtt-seviscourt-libramont\u00a9MTFSH_TEXTO_Pascal_Willems_54-1536x1122.jpg 1536w, https:\/\/www.foretdesainthubert-tourisme.be\/wp-content\/uploads\/2024\/08\/circuit-vtt-seviscourt-libramont\u00a9MTFSH_TEXTO_Pascal_Willems_54-2048x1496.jpg 2048w\" sizes=\"(max-width: 1024px) 100vw, 1024px\" \/>\t\t\t\t\t\t\t\t\t\t\t\t\t\t\t<\/div>\n\t\t\t\t\t<\/div>\n\t\t<\/div>\n\t\t\t\t\t<\/div>\n\t\t<\/section>\n\t\t\t\t<section class=\"elementor-section elementor-top-section elementor-element elementor-element-d6782bc elementor-section-boxed elementor-section-height-default elementor-section-height-default\" data-id=\"d6782bc\" data-element_type=\"section\" data-e-type=\"section\">\n\t\t\t\t\t\t<div class=\"elementor-container elementor-column-gap-default\">\n\t\t\t\t\t<div class=\"elementor-column elementor-col-50 elementor-top-column elementor-element elementor-element-3c30915\" data-id=\"3c30915\" data-element_type=\"column\" data-e-type=\"column\">\n\t\t\t<div class=\"elementor-widget-wrap elementor-element-populated\">\n\t\t\t\t\t\t<div class=\"elementor-element elementor-element-8878d26 elementor-widget elementor-widget-image\" data-id=\"8878d26\" data-element_type=\"widget\" data-e-type=\"widget\" data-widget_type=\"image.default\">\n\t\t\t\t\t\t\t\t\t\t\t\t\t\t\t<img loading=\"lazy\" decoding=\"async\" width=\"1024\" height=\"768\" src=\"https:\/\/www.foretdesainthubert-tourisme.be\/wp-content\/uploads\/2024\/08\/circuit-vtt-seviscourt-libramont\u00a9MTFSH_TEXTO_Pascal_Willems_91-1024x768.jpg\" class=\"attachment-large size-large wp-image-30515\" alt=\"\" srcset=\"https:\/\/www.foretdesainthubert-tourisme.be\/wp-content\/uploads\/2024\/08\/circuit-vtt-seviscourt-libramont\u00a9MTFSH_TEXTO_Pascal_Willems_91-1024x768.jpg 1024w, https:\/\/www.foretdesainthubert-tourisme.be\/wp-content\/uploads\/2024\/08\/circuit-vtt-seviscourt-libramont\u00a9MTFSH_TEXTO_Pascal_Willems_91-300x225.jpg 300w, https:\/\/www.foretdesainthubert-tourisme.be\/wp-content\/uploads\/2024\/08\/circuit-vtt-seviscourt-libramont\u00a9MTFSH_TEXTO_Pascal_Willems_91-768x576.jpg 768w, https:\/\/www.foretdesainthubert-tourisme.be\/wp-content\/uploads\/2024\/08\/circuit-vtt-seviscourt-libramont\u00a9MTFSH_TEXTO_Pascal_Willems_91-1536x1152.jpg 1536w, https:\/\/www.foretdesainthubert-tourisme.be\/wp-content\/uploads\/2024\/08\/circuit-vtt-seviscourt-libramont\u00a9MTFSH_TEXTO_Pascal_Willems_91-2048x1536.jpg 2048w\" sizes=\"(max-width: 1024px) 100vw, 1024px\" \/>\t\t\t\t\t\t\t\t\t\t\t\t\t\t\t<\/div>\n\t\t\t\t\t<\/div>\n\t\t<\/div>\n\t\t\t\t<div class=\"elementor-column elementor-col-50 elementor-top-column elementor-element elementor-element-7904e3d\" data-id=\"7904e3d\" data-element_type=\"column\" data-e-type=\"column\">\n\t\t\t<div class=\"elementor-widget-wrap elementor-element-populated\">\n\t\t\t\t\t\t<div class=\"elementor-element elementor-element-ff81354 elementor-widget elementor-widget-image\" data-id=\"ff81354\" data-element_type=\"widget\" data-e-type=\"widget\" data-widget_type=\"image.default\">\n\t\t\t\t\t\t\t\t\t\t\t\t\t\t\t<img loading=\"lazy\" decoding=\"async\" width=\"1024\" height=\"768\" src=\"https:\/\/www.foretdesainthubert-tourisme.be\/wp-content\/uploads\/2024\/08\/pre-ravel-libramont\u00a9MTFSH-TEXTO_Pascal_Willems_132-1024x768.jpg\" class=\"attachment-large size-large wp-image-30527\" alt=\"\" srcset=\"https:\/\/www.foretdesainthubert-tourisme.be\/wp-content\/uploads\/2024\/08\/pre-ravel-libramont\u00a9MTFSH-TEXTO_Pascal_Willems_132-1024x768.jpg 1024w, https:\/\/www.foretdesainthubert-tourisme.be\/wp-content\/uploads\/2024\/08\/pre-ravel-libramont\u00a9MTFSH-TEXTO_Pascal_Willems_132-300x225.jpg 300w, https:\/\/www.foretdesainthubert-tourisme.be\/wp-content\/uploads\/2024\/08\/pre-ravel-libramont\u00a9MTFSH-TEXTO_Pascal_Willems_132-768x576.jpg 768w, https:\/\/www.foretdesainthubert-tourisme.be\/wp-content\/uploads\/2024\/08\/pre-ravel-libramont\u00a9MTFSH-TEXTO_Pascal_Willems_132-1536x1152.jpg 1536w, https:\/\/www.foretdesainthubert-tourisme.be\/wp-content\/uploads\/2024\/08\/pre-ravel-libramont\u00a9MTFSH-TEXTO_Pascal_Willems_132-2048x1536.jpg 2048w\" sizes=\"(max-width: 1024px) 100vw, 1024px\" \/>\t\t\t\t\t\t\t\t\t\t\t\t\t\t\t<\/div>\n\t\t\t\t\t<\/div>\n\t\t<\/div>\n\t\t\t\t\t<\/div>\n\t\t<\/section>\n\t\t<div class=\"elementor-element elementor-element-69ae4ff e-grid e-con-boxed e-con e-parent\" data-id=\"69ae4ff\" data-element_type=\"container\" data-e-type=\"container\">\n\t\t\t\t\t<div class=\"e-con-inner\">\n\t\t\t\t<div class=\"elementor-element elementor-element-99b0cd3 elementor-widget elementor-widget-image\" data-id=\"99b0cd3\" data-element_type=\"widget\" data-e-type=\"widget\" data-widget_type=\"image.default\">\n\t\t\t\t\t\t\t\t\t\t\t\t\t\t\t<img loading=\"lazy\" decoding=\"async\" width=\"1024\" height=\"768\" src=\"https:\/\/www.foretdesainthubert-tourisme.be\/wp-content\/uploads\/2025\/03\/chenetMTFSH_TEXTO_Pascal_Willems_94-1024x768.jpg\" class=\"attachment-large size-large wp-image-32942\" alt=\"\" srcset=\"https:\/\/www.foretdesainthubert-tourisme.be\/wp-content\/uploads\/2025\/03\/chenetMTFSH_TEXTO_Pascal_Willems_94-1024x768.jpg 1024w, https:\/\/www.foretdesainthubert-tourisme.be\/wp-content\/uploads\/2025\/03\/chenetMTFSH_TEXTO_Pascal_Willems_94-300x225.jpg 300w, https:\/\/www.foretdesainthubert-tourisme.be\/wp-content\/uploads\/2025\/03\/chenetMTFSH_TEXTO_Pascal_Willems_94-768x576.jpg 768w, https:\/\/www.foretdesainthubert-tourisme.be\/wp-content\/uploads\/2025\/03\/chenetMTFSH_TEXTO_Pascal_Willems_94-1536x1152.jpg 1536w, https:\/\/www.foretdesainthubert-tourisme.be\/wp-content\/uploads\/2025\/03\/chenetMTFSH_TEXTO_Pascal_Willems_94-2048x1536.jpg 2048w\" sizes=\"(max-width: 1024px) 100vw, 1024px\" \/>\t\t\t\t\t\t\t\t\t\t\t\t\t\t\t<\/div>\n\t\t\t\t<div class=\"elementor-element elementor-element-29b1055 elementor-widget elementor-widget-image\" data-id=\"29b1055\" data-element_type=\"widget\" data-e-type=\"widget\" data-widget_type=\"image.default\">\n\t\t\t\t\t\t\t\t\t\t\t\t\t\t\t<img loading=\"lazy\" decoding=\"async\" width=\"1024\" height=\"768\" src=\"https:\/\/www.foretdesainthubert-tourisme.be\/wp-content\/uploads\/2025\/03\/chenetMTFSH_TEXTO_Pascal_Willems_113-1024x768.jpg\" class=\"attachment-large size-large wp-image-32946\" alt=\"\" srcset=\"https:\/\/www.foretdesainthubert-tourisme.be\/wp-content\/uploads\/2025\/03\/chenetMTFSH_TEXTO_Pascal_Willems_113-1024x768.jpg 1024w, https:\/\/www.foretdesainthubert-tourisme.be\/wp-content\/uploads\/2025\/03\/chenetMTFSH_TEXTO_Pascal_Willems_113-300x225.jpg 300w, https:\/\/www.foretdesainthubert-tourisme.be\/wp-content\/uploads\/2025\/03\/chenetMTFSH_TEXTO_Pascal_Willems_113-768x576.jpg 768w, https:\/\/www.foretdesainthubert-tourisme.be\/wp-content\/uploads\/2025\/03\/chenetMTFSH_TEXTO_Pascal_Willems_113-1536x1152.jpg 1536w, https:\/\/www.foretdesainthubert-tourisme.be\/wp-content\/uploads\/2025\/03\/chenetMTFSH_TEXTO_Pascal_Willems_113-2048x1536.jpg 2048w\" sizes=\"(max-width: 1024px) 100vw, 1024px\" \/>\t\t\t\t\t\t\t\t\t\t\t\t\t\t\t<\/div>\n\t\t\t\t<div class=\"elementor-element elementor-element-2955bb1 elementor-widget elementor-widget-image\" data-id=\"2955bb1\" data-element_type=\"widget\" data-e-type=\"widget\" data-widget_type=\"image.default\">\n\t\t\t\t\t\t\t\t\t\t\t\t\t\t\t<img loading=\"lazy\" decoding=\"async\" width=\"1024\" height=\"768\" src=\"https:\/\/www.foretdesainthubert-tourisme.be\/wp-content\/uploads\/2025\/03\/vttcalcairesdugeoparkwellinMTFSHTEXTO_Pascal_Willems_177-1024x768.jpg\" class=\"attachment-large size-large wp-image-32954\" alt=\"\" srcset=\"https:\/\/www.foretdesainthubert-tourisme.be\/wp-content\/uploads\/2025\/03\/vttcalcairesdugeoparkwellinMTFSHTEXTO_Pascal_Willems_177-1024x768.jpg 1024w, https:\/\/www.foretdesainthubert-tourisme.be\/wp-content\/uploads\/2025\/03\/vttcalcairesdugeoparkwellinMTFSHTEXTO_Pascal_Willems_177-300x225.jpg 300w, https:\/\/www.foretdesainthubert-tourisme.be\/wp-content\/uploads\/2025\/03\/vttcalcairesdugeoparkwellinMTFSHTEXTO_Pascal_Willems_177-768x576.jpg 768w, https:\/\/www.foretdesainthubert-tourisme.be\/wp-content\/uploads\/2025\/03\/vttcalcairesdugeoparkwellinMTFSHTEXTO_Pascal_Willems_177-1536x1152.jpg 1536w, https:\/\/www.foretdesainthubert-tourisme.be\/wp-content\/uploads\/2025\/03\/vttcalcairesdugeoparkwellinMTFSHTEXTO_Pascal_Willems_177-2048x1536.jpg 2048w\" sizes=\"(max-width: 1024px) 100vw, 1024px\" \/>\t\t\t\t\t\t\t\t\t\t\t\t\t\t\t<\/div>\n\t\t\t\t\t<\/div>\n\t\t\t\t<\/div>\n\t\t\t\t<\/div>\n\t\t","protected":false},"excerpt":{"rendered":"<p>fiets-en mountainbike circuits In het woud van Saint-Hubert Ardense routes Europese routes agenda van georganiseerde wandelingen adressen &#8220;bienvenue v\u00e9lo&#8221; Gereedschap en goede deals speciaal voor jou! Adressen &#8220;Bienvenue V\u00e9lo&#8221; Steeds meer mensen komen onze prachtige streek op de fiets ontdekken!Of je nu op een elektrische fiets, een klassieke racefiets of een mountainbike rijdt, een aantal [&hellip;]<\/p>\n","protected":false},"author":2,"featured_media":27570,"parent":4391,"menu_order":0,"comment_status":"closed","ping_status":"closed","template":"","meta":{"_seopress_robots_primary_cat":"","_seopress_titles_title":"Mountainbiken in de Ardennen (For\u00eat de Saint-Hubert)","_seopress_titles_desc":"Fiets- en mountainbikeroutes door het For\u00eat de Saint-Hubert, fiets- en mountainbikeverhuur, etablissementen met het label Bienvenue V\u00e9lo, oplaadpunten voor e-bikes...","_seopress_robots_index":"","site-sidebar-layout":"no-sidebar","site-content-layout":"page-builder","ast-site-content-layout":"full-width-container","site-content-style":"unboxed","site-sidebar-style":"unboxed","ast-global-header-display":"","ast-banner-title-visibility":"","ast-main-header-display":"","ast-hfb-above-header-display":"","ast-hfb-below-header-display":"","ast-hfb-mobile-header-display":"","site-post-title":"disabled","ast-breadcrumbs-content":"","ast-featured-img":"disabled","footer-sml-layout":"","ast-disable-related-posts":"","theme-transparent-header-meta":"default","adv-header-id-meta":"","stick-header-meta":"","header-above-stick-meta":"","header-main-stick-meta":"","header-below-stick-meta":"","astra-migrate-meta-layouts":"default","ast-page-background-enabled":"default","ast-page-background-meta":{"desktop":{"background-color":"","background-image":"","background-repeat":"repeat","background-position":"center center","background-size":"auto","background-attachment":"scroll","background-type":"","background-media":"","overlay-type":"","overlay-color":"","overlay-opacity":"","overlay-gradient":""},"tablet":{"background-color":"","background-image":"","background-repeat":"repeat","background-position":"center center","background-size":"auto","background-attachment":"scroll","background-type":"","background-media":"","overlay-type":"","overlay-color":"","overlay-opacity":"","overlay-gradient":""},"mobile":{"background-color":"","background-image":"","background-repeat":"repeat","background-position":"center center","background-size":"auto","background-attachment":"scroll","background-type":"","background-media":"","overlay-type":"","overlay-color":"","overlay-opacity":"","overlay-gradient":""}},"ast-content-background-meta":{"desktop":{"background-color":"var(--ast-global-color-5)","background-image":"","background-repeat":"repeat","background-position":"center center","background-size":"auto","background-attachment":"scroll","background-type":"","background-media":"","overlay-type":"","overlay-color":"","overlay-opacity":"","overlay-gradient":""},"tablet":{"background-color":"var(--ast-global-color-5)","background-image":"","background-repeat":"repeat","background-position":"center center","background-size":"auto","background-attachment":"scroll","background-type":"","background-media":"","overlay-type":"","overlay-color":"","overlay-opacity":"","overlay-gradient":""},"mobile":{"background-color":"var(--ast-global-color-5)","background-image":"","background-repeat":"repeat","background-position":"center center","background-size":"auto","background-attachment":"scroll","background-type":"","background-media":"","overlay-type":"","overlay-color":"","overlay-opacity":"","overlay-gradient":""}},"footnotes":""},"categories":[],"class_list":["post-4541","page","type-page","status-publish","has-post-thumbnail","hentry"],"_links":{"self":[{"href":"https:\/\/www.foretdesainthubert-tourisme.be\/nl\/wp-json\/wp\/v2\/pages\/4541","targetHints":{"allow":["GET"]}}],"collection":[{"href":"https:\/\/www.foretdesainthubert-tourisme.be\/nl\/wp-json\/wp\/v2\/pages"}],"about":[{"href":"https:\/\/www.foretdesainthubert-tourisme.be\/nl\/wp-json\/wp\/v2\/types\/page"}],"author":[{"embeddable":true,"href":"https:\/\/www.foretdesainthubert-tourisme.be\/nl\/wp-json\/wp\/v2\/users\/2"}],"replies":[{"embeddable":true,"href":"https:\/\/www.foretdesainthubert-tourisme.be\/nl\/wp-json\/wp\/v2\/comments?post=4541"}],"version-history":[{"count":5,"href":"https:\/\/www.foretdesainthubert-tourisme.be\/nl\/wp-json\/wp\/v2\/pages\/4541\/revisions"}],"predecessor-version":[{"id":36935,"href":"https:\/\/www.foretdesainthubert-tourisme.be\/nl\/wp-json\/wp\/v2\/pages\/4541\/revisions\/36935"}],"up":[{"embeddable":true,"href":"https:\/\/www.foretdesainthubert-tourisme.be\/nl\/wp-json\/wp\/v2\/pages\/4391"}],"wp:featuredmedia":[{"embeddable":true,"href":"https:\/\/www.foretdesainthubert-tourisme.be\/nl\/wp-json\/wp\/v2\/media\/27570"}],"wp:attachment":[{"href":"https:\/\/www.foretdesainthubert-tourisme.be\/nl\/wp-json\/wp\/v2\/media?parent=4541"}],"wp:term":[{"taxonomy":"category","embeddable":true,"href":"https:\/\/www.foretdesainthubert-tourisme.be\/nl\/wp-json\/wp\/v2\/categories?post=4541"}],"curies":[{"name":"wp","href":"https:\/\/api.w.org\/{rel}","templated":true}]}}